{"id":1985,"date":"2024-02-05T10:11:55","date_gmt":"2024-02-05T09:11:55","guid":{"rendered":"https:\/\/sp2zelow.pl\/?page_id=1985"},"modified":"2025-10-21T20:01:01","modified_gmt":"2025-10-21T18:01:01","slug":"kalendarz-szkolny","status":"publish","type":"page","link":"https:\/\/sp2zelow.pl\/?page_id=1985","title":{"rendered":"Kalendarz szkolny"},"content":{"rendered":"\n<figure class=\"wp-block-table\"><table><tbody><tr><td colspan=\"3\"><strong>I. ORGANIZACJA ROKU SZKOLNEGO 2025\/2026<\/strong><\/td><\/tr><tr><td>Rozpocz\u0119cie roku szkolnego<\/td><td colspan=\"2\">1 wrze\u015bnia 2025 r. (poniedzia\u0142ek)<\/td><\/tr><tr><td>I p\u00f3\u0142rocze<\/td><td colspan=\"2\">01.09.2025 &#8211; 30.01.2026<\/td><\/tr><tr><td>II p\u00f3\u0142rocze<\/td><td colspan=\"2\">16.02.2026 &#8211; 26.06.2026<\/td><\/tr><tr><td>Zimowa przerwa \u015bwi\u0105teczna &#8211; Bo\u017ce Narodzenie<\/td><td colspan=\"2\">22.12.2025 &#8211; 31.12.2025<\/td><\/tr><tr><td>Ferie zimowe w wojew\u00f3dztwie \u0142\u00f3dzkim<\/td><td colspan=\"2\">02.02.2026 &#8211; 13.02.2026<\/td><\/tr><tr><td>Wiosenna przerwa \u015bwi\u0105teczna<\/td><td colspan=\"2\">02.04.2026 &#8211; 07.04.2026<\/td><\/tr><tr><td>Ustalenie ocen \u015br\u00f3drocznych<\/td><td colspan=\"2\">23 stycznia 2026 r. (pi\u0105tek)<\/td><\/tr><tr><td>Wystawienie ocen rocznych<\/td><td colspan=\"2\">19 czerwca 2026 r. (pi\u0105tek)<\/td><\/tr><tr><td>Zako\u0144czenie klas \u00f3smych<\/td><td colspan=\"2\">24 czerwca 2026 r. (\u015broda)<\/td><\/tr><tr><td>Zako\u0144czenie klas 0<\/td><td colspan=\"2\">25 czerwca 2026 r. (czwartek)<\/td><\/tr><tr><td>Zako\u0144czenie rocznych zaj\u0119\u0107 dydaktyczno-wychowawczych (kl. I-VII)<\/td><td colspan=\"2\">26 czerwca 2026 r. (pi\u0105tek)<\/td><\/tr><tr><td colspan=\"3\">Egzamin \u00f3smoklasisty<\/td><\/tr><tr><td>12, 13, 14 maja 2026 r.<\/td><td colspan=\"2\">(wtorek, \u015broda, czwartek)<\/td><\/tr><tr><td>Egzaminy poprawkowe<\/td><td colspan=\"2\">26-27 sierpnia 2026 r.<\/td><\/tr><tr><td colspan=\"3\">II. RADY PEDAGOGICZNE<\/td><\/tr><tr><td>\u015ar\u00f3droczna klasyfikacyjna Rada Pedagogiczna<\/td><td colspan=\"2\">26 stycznia 2026 r. (poniedzia\u0142ek)<\/td><\/tr><tr><td>Roczna klasyfikacyjna Rada Pedagogiczna<\/td><td colspan=\"2\">22 czerwca 2026 r. (poniedzia\u0142ek)<\/td><\/tr><tr><td>Podsumowuj\u0105ca Rada Pedagogiczna<\/td><td colspan=\"2\">26 czerwca 2026 r. (pi\u0105tek)<\/td><\/tr><tr><td>Rada Pedagogiczna<\/td><td colspan=\"2\">28 sierpnia 2026 r.<\/td><\/tr><tr><td>III. SPOTKANIA Z RODZICAMI<\/td><td colspan=\"2\"><\/td><\/tr><tr><td>Spotkania z rodzicami &#8211; kontakty wychowawc\u00f3w<\/td><td colspan=\"2\">09\/11 wrze\u015bnia 2025 r. (wtorek\/czwartek)<\/td><\/tr><tr><td>Spotkania z rodzicami<\/td><td colspan=\"2\">26 listopada 2025 r. (\u015broda)<\/td><\/tr><tr><td>Spotkania podsumowuj\u0105ce I p\u00f3\u0142rocze<\/td><td colspan=\"2\">29 stycznia 2026 r. (czwartek)<\/td><\/tr><tr><td colspan=\"3\"><strong>Spotkania z rodzicami &#8211; dy\u017cur wszystkich nauczycieli<\/strong><\/td><\/tr><tr><td colspan=\"3\">29 kwietnia 2026 r. (\u015broda)<\/td><\/tr><tr><td colspan=\"2\">Dy\u017cur wszystkich nauczycieli + informacja o przewidywanych ocenach niedostatecznych<\/td><td>21 maja 2026 r. (czwartek)<\/td><\/tr><tr><td>IV. \u015aWI\u0118TA I DNI WOLNE OD ZAJ\u0118\u0106<\/td><\/tr><tr><td>\u015awi\u0119to Niepodleg\u0142o\u015bci<\/td><\/tr><tr><td><\/td><\/tr><tr><td>01.01.2026 r. (czwartek)<\/td><\/tr><\/tbody><\/table><\/figure>\n","protected":false},"excerpt":{"rendered":"<p>I. ORGANIZACJA ROKU SZKOLNEGO 2025\/2026 Rozpocz\u0119cie roku szkolnego 1 wrze\u015bnia 2025 r. (poniedzia\u0142ek) I p\u00f3\u0142rocze 01.09.2025 &#8211; 30.01.2026 II p\u00f3\u0142rocze<\/p>\n","protected":false},"author":1,"featured_media":0,"parent":0,"menu_order":0,"comment_status":"closed","ping_status":"closed","template":"","meta":{"colormag_page_container_layout":"default_layout","colormag_page_sidebar_layout":"default_layout","footnotes":""},"class_list":["post-1985","page","type-page","status-publish","hentry"],"_links":{"self":[{"href":"https:\/\/sp2zelow.pl\/index.php?rest_route=\/wp\/v2\/pages\/1985","targetHints":{"allow":["GET"]}}],"collection":[{"href":"https:\/\/sp2zelow.pl\/index.php?rest_route=\/wp\/v2\/pages"}],"about":[{"href":"https:\/\/sp2zelow.pl\/index.php?rest_route=\/wp\/v2\/types\/page"}],"author":[{"embeddable":true,"href":"https:\/\/sp2zelow.pl\/index.php?rest_route=\/wp\/v2\/users\/1"}],"replies":[{"embeddable":true,"href":"https:\/\/sp2zelow.pl\/index.php?rest_route=%2Fwp%2Fv2%2Fcomments&post=1985"}],"version-history":[{"count":3,"href":"https:\/\/sp2zelow.pl\/index.php?rest_route=\/wp\/v2\/pages\/1985\/revisions"}],"predecessor-version":[{"id":2655,"href":"https:\/\/sp2zelow.pl\/index.php?rest_route=\/wp\/v2\/pages\/1985\/revisions\/2655"}],"wp:attachment":[{"href":"https:\/\/sp2zelow.pl\/index.php?rest_route=%2Fwp%2Fv2%2Fmedia&parent=1985"}],"curies":[{"name":"wp","href":"https:\/\/api.w.org\/{rel}","templated":true}]}}