{"id":1993,"date":"2024-02-05T10:27:16","date_gmt":"2024-02-05T09:27:16","guid":{"rendered":"https:\/\/sp2zelow.pl\/?page_id=1993"},"modified":"2025-10-29T13:47:58","modified_gmt":"2025-10-29T12:47:58","slug":"statut","status":"publish","type":"page","link":"https:\/\/sp2zelow.pl\/?page_id=1993","title":{"rendered":"Statut"},"content":{"rendered":"\n<p>Piecz\u0105tka szko\u0142y<\/p>\n\n\n\n<p class=\"has-text-align-right\">Za\u0142\u0105cznik&nbsp; do uchwa\u0142y nr 1\/2025\/2026<br>Rady Pedagogicznej<br>z dnia 01.09.2025<\/p>\n\n\n\n<p class=\"has-text-align-center\"><strong>Statut<\/strong><\/p>\n\n\n\n<p class=\"has-text-align-center\"><strong>Szko\u0142y Podstawowej nr 2<\/strong><\/p>\n\n\n\n<p class=\"has-text-align-center\"><strong>im. Tadeusza &nbsp;Ko\u015bciuszki<\/strong><\/p>\n\n\n\n<p class=\"has-text-align-center\"><strong>z oddzia\u0142ami integracyjnymi<\/strong><\/p>\n\n\n\n<p class=\"has-text-align-center\"><strong>w Zelowie<\/strong><strong><\/strong><\/p>\n\n\n\n<p><\/p>\n\n\n\n<p><a>Spis tre\u015bci:<\/a><\/p>\n\n\n\n<p>Rozdzia\u0142 1 \u2013 Przepisy og\u00f3lne \u2026\u2026\u2026\u2026\u2026\u2026\u2026\u2026\u2026\u2026\u2026\u2026\u2026\u2026\u2026\u2026\u2026\u2026\u2026\u2026\u2026\u2026.\u2026\u2026\u2026\u2026 3<\/p>\n\n\n\n<p>Rozdzia\u0142 2 \u2013 Cele i zadania szko\u0142y oraz spos\u00f3b ich wykonywania \u2026\u2026\u2026\u2026\u2026\u2026\u2026\u2026&#8230;\u2026\u2026\u2026 3<\/p>\n\n\n\n<p>Rozdzia\u0142 3 \u2013 Organy szko\u0142y i ich kompetencje \u2026\u2026\u2026\u2026\u2026\u2026\u2026\u2026\u2026\u2026\u2026\u2026\u2026\u2026\u2026\u2026&#8230;\u2026\u2026.. 6<\/p>\n\n\n\n<p>Rozdzia\u0142 4 \u2013 Organizacja pracy szko\u0142y \u2026\u2026\u2026\u2026\u2026\u2026\u2026\u2026\u2026\u2026\u2026\u2026\u2026\u2026\u2026\u2026\u2026\u2026..\u2026\u2026\u2026.. 11<\/p>\n\n\n\n<p>Rozdzia\u0142 5 \u2013 Organizacja nauczania zdalnego \u2026\u2026\u2026..\u2026\u2026\u2026\u2026\u2026\u2026\u2026\u2026\u2026\u2026\u2026\u2026\u2026.\u2026\u2026.&nbsp; 20<\/p>\n\n\n\n<p>Rozdzia\u0142 6 \u2013 Zakres zada\u0144 nauczycieli i innych pracownik\u00f3w szko\u0142y \u2026\u2026\u2026\u2026\u2026&#8230;\u2026\u2026\u2026\u2026. 23<\/p>\n\n\n\n<p>Rozdzia\u0142 7 \u2013&nbsp; Uczniowie szko\u0142y i ich rodzice \u2026\u2026\u2026\u2026\u2026\u2026\u2026\u2026\u2026\u2026\u2026\u2026\u2026\u2026\u2026\u2026..\u2026..\u2026.. 30<\/p>\n\n\n\n<p>Rozdzia\u0142 8 \u2013 Bezpiecze\u0144stwo w szkole \u2026\u2026\u2026\u2026\u2026\u2026\u2026\u2026\u2026\u2026\u2026\u2026\u2026\u2026\u2026\u2026\u2026\u2026\u2026\u2026&#8230;\u2026 36<\/p>\n\n\n\n<p>Rozdzia\u0142 9\u2013 Szczeg\u00f3\u0142owe warunki i spos\u00f3b oceniania wewn\u0105trzszkolnego uczni\u00f3w ..\u2026.\u2026&#8230;.. 38<\/p>\n\n\n\n<p>Rozdzia\u0142 10 \u2013 Oddzia\u0142y przedszkolne .\u2026..\u2026\u2026\u2026\u2026\u2026\u2026\u2026\u2026\u2026..\u2026\u2026\u2026\u2026\u2026\u2026\u2026\u2026\u2026\u2026\u2026 56<\/p>\n\n\n\n<p>Rozdzia\u0142 11 \u2013 Ceremonia\u0142 &#8230;.\u2026\u2026\u2026\u2026\u2026\u2026\u2026\u2026\u2026\u2026\u2026\u2026.\u2026\u2026&#8230;.\u2026\u2026\u2026\u2026\u2026\u2026\u2026\u2026\u2026\u2026\u202662<\/p>\n\n\n\n<p>Rozdzia\u0142 12 Postanowienia ko\u0144cowe &#8230;.\u2026\u2026\u2026\u2026\u2026\u2026\u2026\u2026\u2026\u2026..\u2026\u2026\u2026\u2026\u2026\u2026\u2026\u2026\u2026\u2026.\u2026 63<\/p>\n\n\n\n<p>Rozdzia\u0142 1.<\/p>\n\n\n\n<p><strong>Przepisy og\u00f3lne<\/strong><\/p>\n\n\n\n<p>\u00a7 1.<\/p>\n\n\n\n<p>1.&nbsp; Szko\u0142a nosi nazw\u0119: Szko\u0142a Podstawowa nr 2 z oddzia\u0142ami integracyjnymi.<\/p>\n\n\n\n<p>2.&nbsp; Szko\u0142a nosi imi\u0119 Tadeusza Ko\u015bciuszki.<\/p>\n\n\n\n<p>3.&nbsp; Siedzib\u0105 szko\u0142y jest budynek przy ul. Ko\u015bciuszki 40\/42 w Zelowie.<\/p>\n\n\n\n<p>4.&nbsp; Szko\u0142a jest szko\u0142\u0105 publiczn\u0105, o\u015bmioletni\u0105, z oddzia\u0142ami integracyjnymi.<\/p>\n\n\n\n<p>5.&nbsp; W szkole mog\u0105 by\u0107 tworzone oddzia\u0142y przedszkolne realizuj\u0105ce program wychowania przedszkolnego.<\/p>\n\n\n\n<p>\u00a7 2.<\/p>\n\n\n\n<p>1.&nbsp; Organem prowadz\u0105cym szko\u0142\u0119 jest Gmina Zel\u00f3w.<\/p>\n\n\n\n<p>2.&nbsp; Siedzib\u0105 organu prowadz\u0105cego jest budynek przy ulicy \u017beromskiego 23.<\/p>\n\n\n\n<p>3.&nbsp; Organem sprawuj\u0105cym nadz\u00f3r pedagogiczny nad szko\u0142\u0105 jest \u0141\u00f3dzki Kurator O\u015bwiaty.<\/p>\n\n\n\n<p>4.&nbsp; Szko\u0142a jest jednostk\u0105 organizacyjn\u0105 Gminy Zel\u00f3w dzia\u0142aj\u0105c\u0105 w formie jednostki bud\u017cetowej.<\/p>\n\n\n\n<p>5.&nbsp; Szczeg\u00f3\u0142owe zasady gospodarki finansowej szko\u0142y reguluj\u0105 odr\u0119bne przepisy.<\/p>\n\n\n\n<p>\u00a7 3.<\/p>\n\n\n\n<p>1.&nbsp; Ilekro\u0107 w dalszych przepisach jest mowa bez bli\u017cszego okre\u015blenia o:<\/p>\n\n\n\n<ol class=\"wp-block-list\">\n<li>ustawie Prawo o\u015bwiatowe \u2013 nale\u017cy przez to rozumie\u0107 ustaw\u0119 z dnia 14 grudnia 2016 r. Prawo o\u015bwiatowe (Dz. U. z 2017 r. poz. 59);<\/li>\n\n\n\n<li>ustawie o systemie o\u015bwiaty \u2013 nale\u017cy przez to rozumie\u0107 ustaw\u0119 z dnia 7 wrze\u015bnia 1991 r. o\u00a0systemie o\u015bwiaty (Dz.U. z 2016r. poz.1943 z p\u00f3\u017an. zm.);<\/li>\n\n\n\n<li>szkole \u2013 nale\u017cy przez to rozumie\u0107 Szko\u0142\u0119 Podstawow\u0105 nr 2 im. im. Tadeusza Ko\u015bciuszki z oddzia\u0142ami integracyjnymi w Zelowie;<\/li>\n\n\n\n<li>statucie \u2013 nale\u017cy przez to rozumie\u0107 statut Szko\u0142y Podstawowej nr 2 im. Tadeusza Ko\u015bciuszki z oddzia\u0142ami integracyjnymi w Zelowie;<\/li>\n\n\n\n<li>dyrektorze, radzie pedagogicznej, samorz\u0105dzie uczniowskim i radzie rodzic\u00f3w \u2013 nale\u017cy przez to rozumie\u0107 organy dzia\u0142aj\u0105ce w Szkole Podstawowej nr 2 im. Tadeusza Ko\u015bciuszki z oddzia\u0142ami integracyjnymi w Zelowie;<\/li>\n\n\n\n<li>nauczycielu \u2013 nale\u017cy przez to rozumie\u0107 ka\u017cdego pracownika pedagogicznego Szko\u0142y Podstawowej nr 2 im. Tadeusza Ko\u015bciuszki z oddzia\u0142ami integracyjnymi w Zelowie;<\/li>\n\n\n\n<li>uczniach\u00a0 \u2013 nale\u017cy przez to rozumie\u0107 uczni\u00f3w Szko\u0142y Podstawowej nr 2 im. Tadeusza Ko\u015bciuszki z oddzia\u0142ami integracyjnymi w Zelowie;<\/li>\n\n\n\n<li>rodzicach \u2013 nale\u017cy przez to rozumie\u0107 rodzic\u00f3w lub prawnych opiekun\u00f3w uczni\u00f3w Szko\u0142y Podstawowej nr 2 im. Tadeusza Ko\u015bciuszki z oddzia\u0142ami integracyjnymi w Zelowie;<\/li>\n\n\n\n<li>wychowawcy \u2013 nale\u017cy przez to rozumie\u0107 nauczyciela, kt\u00f3rego szczeg\u00f3lnej opiece wychowawczej powierzono jeden z oddzia\u0142\u00f3w w Szkole Podstawowej\u00a0 nr 2 im. Tadeusza Ko\u015bciuszki z oddzia\u0142ami integracyjnymi w Zelowie;<\/li>\n\n\n\n<li>organie prowadz\u0105cym \u2013 nale\u017cy przez to rozumie\u0107 Gmin\u0119 Zel\u00f3w.<\/li>\n<\/ol>\n\n\n\n<p>Rozdzia\u0142 2.<\/p>\n\n\n\n<p><strong>Cele i zadania szko\u0142y oraz spos\u00f3b ich wykonywania<\/strong><\/p>\n\n\n\n<p>\u00a7 4.<\/p>\n\n\n\n<p>1. Szko\u0142a realizuje cele i zadania wynikaj\u0105ce z ustawy oraz z przepis\u00f3w wydanych na jej podstawie, w szczeg\u00f3lno\u015bci:3<\/p>\n\n\n\n<ol class=\"wp-block-list\">\n<li>zapewnia realizacj\u0119 prawa dziecka do kszta\u0142cenia, wychowania i opieki odpowiednich do wieku i osi\u0105gni\u0119tego stopnia rozwoju, w szczeg\u00f3lno\u015bci umo\u017cliwia przyswojenie przez uczni\u00f3w podstawowego zasobu wiadomo\u015bci na temat fakt\u00f3w, zasad teorii praktyki, dotycz\u0105cych przede wszystkim temat\u00f3w i zjawisk bliskich do\u015bwiadczeniom uczni\u00f3w, zdobycie przez uczni\u00f3w umiej\u0119tno\u015bci wykorzystania podstawowych wiadomo\u015bci podczas wykonywania zada\u0144 i rozwi\u0105zywania problem\u00f3w,<\/li>\n\n\n\n<li>wsp\u00f3\u0142dzia\u0142a z rodzin\u0105 pomagaj\u0105c jej w wychowaniu dzieci, w tym<br>w przygotowaniu ich do nauki szkolnej, kszta\u0142tuje poczucie przynale\u017cno\u015bci spo\u0142ecznej i\u00a0postawy patriotycznej,<\/li>\n\n\n\n<li>zapewnia dostosowanie tre\u015bci, metod i organizacji nauczania do mo\u017cliwo\u015bci psychofizycznych uczni\u00f3w i wychowank\u00f3w, wprowadza dzieci w \u015bwiat warto\u015bci estetycznych,<\/li>\n\n\n\n<li>wspomaga indywidualny rozw\u00f3j dziecka,<\/li>\n\n\n\n<li>zapewnia mo\u017cliwo\u015b\u0107 korzystania z opieki psychologiczno-pedagogicznej, opieki pedagoga szkolnego, pedagoga specjalnego i psychologa szkolnego,<\/li>\n\n\n\n<li>umo\u017cliwia zdobycie wiedzy i umiej\u0119tno\u015bci niezb\u0119dnych do uzyskania \u015bwiadectwa uko\u0144czenia szko\u0142y podstawowej,<\/li>\n\n\n\n<li>umo\u017cliwia uczniom klasy programowo najwy\u017cszej szko\u0142y podstawowej dokonania \u015bwiadomego wyboru dalszego kierunku kszta\u0142cenia,<\/li>\n\n\n\n<li>tworzy \u015brodowisko wychowawcze sprzyjaj\u0105ce kszta\u0142towaniu postaw prospo\u0142ecznych, poprzez mo\u017cliwo\u015b\u0107 udzia\u0142u w dzia\u0142aniach w zakresie wolontariatu,<\/li>\n\n\n\n<li>sprawuje opiek\u0119 nad uczniami i wychowankami odpowiednio do ich potrzeb oraz mo\u017cliwo\u015bci szko\u0142y,<\/li>\n\n\n\n<li>umo\u017cliwia dzieciom podtrzymywanie poczucia to\u017csamo\u015bci narodowej, etnicznej, j\u0119zykowej i religijnej,<\/li>\n\n\n\n<li>organizuje opiek\u0119 nad uczniami o specjalnych potrzebach edukacyjnych ucz\u0119szczaj\u0105cymi do szko\u0142y,<\/li>\n\n\n\n<li>umo\u017cliwia rozwijanie zainteresowa\u0144 uczni\u00f3w, realizowanie indywidualnych program\u00f3w nauczania oraz uko\u0144czenie szko\u0142y w skr\u00f3conym czasie,<\/li>\n\n\n\n<li>umo\u017cliwia upowszechnianie wiedzy ekologicznej w\u015br\u00f3d dzieci oraz kszta\u0142towanie w\u0142a\u015bciwych postaw wobec problem\u00f3w ochrony \u015brodowiska,<\/li>\n\n\n\n<li>umo\u017cliwia uczniom nauk\u0119 j\u0119zyk\u00f3w obcych,<\/li>\n\n\n\n<li>kszta\u0142tuje postawy uczni\u00f3w wobec ludzi niepe\u0142nosprawnych i potrzebuj\u0105cych, uczy samorz\u0105dno\u015bci,<\/li>\n\n\n\n<li>kszta\u0142ci umiej\u0119tno\u015bci pos\u0142ugiwania si\u0119 j\u0119zykiem polskim, w tym dba o wzbogacanie s\u0142ownictwa uczni\u00f3w,<\/li>\n\n\n\n<li>przygotowuje uczni\u00f3w do \u017cycia w spo\u0142ecze\u0144stwie informacyjnym,<\/li>\n\n\n\n<li>zapewnia edukacj\u0119 zdrowotn\u0105, kt\u00f3rej celem jest kszta\u0142towanie postaw prozdrowotnych, promowanie zdrowego stylu \u017cycia oraz dbanie o dobrostan fizyczny i psychiczny poprzez:<\/li>\n\n\n\n<li>w\u0142\u0105czanie tre\u015bci prozdrowotnych do program\u00f3w nauczania poszczeg\u00f3lnych przedmiot\u00f3w;<\/li>\n\n\n\n<li>organizacji zaj\u0119\u0107 warsztatowych, prelekcji i spotka\u0144 z ekspertami z zakresu zdrowia;<\/li>\n\n\n\n<li>promowanie aktywno\u015bci fizycznej i zdrowego od\u017cywiania;<\/li>\n\n\n\n<li>dzia\u0142ania profilaktyczne w zakresie uzale\u017cnie\u0144 (np. od narkotyk\u00f3w, alkoholu, nikotyny, Internetu, gier);<\/li>\n\n\n\n<li>zapewnienie dost\u0119pu do pomocy psychologiczno-pedagogicznej oraz wsparcia w sytuacjach kryzysowych;<\/li>\n\n\n\n<li>zapewnia dost\u0119p do infrastruktury cyfrowej w celu wspierania procesu dydaktycznego,<\/li>\n\n\n\n<li>przestrzega zasad bhp.<\/li>\n<\/ol>\n\n\n\n<p>2. Dzia\u0142alno\u015b\u0107 edukacyjna szko\u0142y jest okre\u015blona przez:<\/p>\n\n\n\n<ol class=\"wp-block-list\">\n<li>szkolny zestaw program\u00f3w nauczania, kt\u00f3ry obejmuje ca\u0142\u0105 dzia\u0142alno\u015b\u0107 szko\u0142y z punktu widzenia dydaktycznego,\n<ol class=\"wp-block-list\">\n<li>program wychowawczo-profilaktyczny szko\u0142y, kt\u00f3ry opisuje wszystkie tre\u015bci i dzia\u0142ania o charakterze wychowawczym i o charakterze profilaktycznym.<\/li>\n<\/ol>\n<\/li>\n<\/ol>\n\n\n\n<p>3. Nauczyciele i inni pracownicy szko\u0142y maj\u0105 obowi\u0105zek realizowa\u0107 program wychowawczo -profilaktyczny szko\u0142y w ramach zaj\u0119\u0107 edukacyjnych, zaj\u0119\u0107 z wychowawc\u0105<strong> <\/strong>oraz podczas zaj\u0119\u0107 pozalekcyjnych.<\/p>\n\n\n\n<p>4. Edukacja szkolna przebiega w nast\u0119puj\u0105cych etapach edukacyjnych:<\/p>\n\n\n\n<ol class=\"wp-block-list\">\n<li>pierwszy etap edukacyjny \u2013 klasy I \u2013 III szko\u0142y podstawowej,<\/li>\n\n\n\n<li>drugi etap edukacyjny \u2013 klasy IV \u2013 VIII szko\u0142y podstawowej.<\/li>\n<\/ol>\n\n\n\n<p>\u00a7 5.<\/p>\n\n\n\n<p>1. Szko\u0142a organizuje bezp\u0142atne wychowanie, nauczanie i opiek\u0119 w zakresie okre\u015blonym w&nbsp;odr\u0119bnych przepisach.<\/p>\n\n\n\n<p>2. Szko\u0142a udziela uczniom, ich rodzicom i nauczycielom pomocy psychologiczno \u2013 pedagogicznej zgodnie z obowi\u0105zuj\u0105cymi przepisami prawa, w szczeg\u00f3lno\u015bci z uwzgl\u0119dnieniem rozszerzonego katalogu form wsparcia oraz zwi\u0119kszonego wymiaru godzin zaj\u0119\u0107 specjalistycznych, &nbsp;poprzez:<\/p>\n\n\n\n<ol class=\"wp-block-list\">\n<li>wsp\u00f3\u0142prac\u0119 z poradni\u0105 psychologiczno-pedagogiczn\u0105,<\/li>\n\n\n\n<li>organizacj\u0119 zaj\u0119\u0107 rozwijaj\u0105cych uzdolnienia i umiej\u0119tno\u015bci ,<\/li>\n\n\n\n<li>wsp\u00f3\u0142prac\u0119 nauczycieli i uczni\u00f3w z pedagogiem szkolnym i pedagogiem specjalnym,<\/li>\n\n\n\n<li>prowadzenie zaj\u0119\u0107 dydaktyczno-wyr\u00f3wnawczych,<\/li>\n\n\n\n<li>prowadzenie zaj\u0119\u0107 korekcyjno-kompensacyjnych, logopedycznych i innych specjalistycznych w miar\u0119 mo\u017cliwo\u015bci finansowych i kadrowych,<\/li>\n\n\n\n<li>indywidualn\u0105 pomoc nauczycieli w poszczeg\u00f3lnych przypadkach,<\/li>\n\n\n\n<li>porady i konsultacje.<\/li>\n<\/ol>\n\n\n\n<p>3. Szko\u0142a mo\u017ce prowadzi\u0107 zaj\u0119cia dodatkowe, nadobowi\u0105zkowe i pozalekcyjne op\u0142acane ze \u015brodk\u00f3w bud\u017cetowych szko\u0142y b\u0105d\u017a pozabud\u017cetowych.<\/p>\n\n\n\n<p>4. Szko\u0142a zapewnia uczniom szczeg\u00f3lnie uzdolnionym promowanie do klas programowo&nbsp; wy\u017cszych poza normalnym trybem, indywidualny tok&nbsp; oraz program nauki.<\/p>\n\n\n\n<p>5. Szko\u0142a prowadzi w miar\u0119 posiadanych \u015brodk\u00f3w finansowych, warunk\u00f3w kadrowych,&nbsp; lokalowych &#8211;&nbsp; dzia\u0142alno\u015b\u0107 innowacyjn\u0105.<\/p>\n\n\n\n<p>\u00a7 6.<\/p>\n\n\n\n<ol class=\"wp-block-list\">\n<li>Szko\u0142a dba o bezpiecze\u0144stwo uczni\u00f3w i chroni ich zdrowie i \u017cycie od chwili wej\u015bcia ucznia do szko\u0142y do momentu jej opuszczenia.\n<ol class=\"wp-block-list\">\n<li>Szko\u0142a zapewnia uczniom opiek\u0119 podczas zaj\u0119\u0107 zorganizowanych przez szko\u0142\u0119 poza jej terenem.<ol><li>Szko\u0142a zapewnia uczniom dost\u0119p do Internetu oraz podejmuje dzia\u0142ania zabezpieczaj\u0105ce przed dost\u0119pem do tre\u015bci, kt\u00f3re mog\u0105 stanowi\u0107 zagro\u017cenie dla ich prawid\u0142owego rozwoju poprzez instalowanie oprogramowania zabezpieczaj\u0105cego.<\/li><\/ol><ol><li>Szko\u0142a sprawuje opiek\u0119 nad uczniami odpowiednio do ich potrzeb m.in. poprzez organizowanie zaj\u0119\u0107 \u015bwietlicowych, pomoc pedagoga i pomoc medyczn\u0105.<\/li><\/ol><ol><li>Szko\u0142a wspiera uczni\u00f3w rozpoczynaj\u0105cych nauk\u0119, a tak\u017ce uczni\u00f3w maj\u0105cych trudno\u015bci z\u00a0nauk\u0105, posiadaj\u0105cych opini\u0119 lub orzeczenie poradni psychologiczno-pedagogicznej m.in. poprzez organizowanie zaj\u0119\u0107 dydaktyczno-wyr\u00f3wnawczych, korekcyjno-kompensacyjnych, indywidualnego nauczania oraz dostosowanie wymaga\u0144 szkolnych do mo\u017cliwo\u015bci uczni\u00f3w.<\/li><\/ol><ol><li>Szko\u0142a ma obowi\u0105zek zapewni\u0107 opiek\u0119 uczennicy w ci\u0105\u017cy i stworzy\u0107 warunki do uko\u0144czenia przez ni\u0105 edukacji w miar\u0119 mo\u017cliwo\u015bci bez spowodowania op\u00f3\u017anie\u0144 w zaliczaniu przedmiot\u00f3w.<\/li><\/ol><ol><li>Dyrektor szko\u0142y podaje do publicznej wiadomo\u015bci, do dnia zako\u0144czenia zaj\u0119\u0107 dydaktycznych w danym roku szkolnym, odpowiednio wykaz program\u00f3w wychowania przedszkolnego lub szkolny wykaz program\u00f3w nauczania i szkolny wykaz podr\u0119cznik\u00f3w, kt\u00f3re b\u0119d\u0105 obowi\u0105zywa\u0107 od pocz\u0105tku nast\u0119pnego roku szkolnego.<\/li><\/ol>\n<ol class=\"wp-block-list\">\n<li>Dyrektor zapewnia zaopatrzenie w bezp\u0142atne podr\u0119czniki, materia\u0142y edukacyjne oraz materia\u0142y \u0107wiczeniowe uczni\u00f3w na poszczeg\u00f3lnych poziomach edukacyjnych.<\/li>\n<\/ol>\n<\/li>\n<\/ol>\n<\/li>\n<\/ol>\n\n\n\n<p>Rozdzia\u0142 3<\/p>\n\n\n\n<p><strong>Organy szko\u0142y i ich kompetencje<\/strong><\/p>\n\n\n\n<p>\u00a7 7.<\/p>\n\n\n\n<p>1. Organami szko\u0142y s\u0105:<\/p>\n\n\n\n<ol class=\"wp-block-list\">\n<li>dyrektor szko\u0142y;<\/li>\n\n\n\n<li>wicedyrektor szko\u0142y;<\/li>\n\n\n\n<li>wicedyrektor szko\u0142y powo\u0142any na czas usprawiedliwionej nieobecno\u015bci wicedyrektora szko\u0142y;<\/li>\n\n\n\n<li>rada pedagogiczna;<\/li>\n\n\n\n<li>rada rodzic\u00f3w;<\/li>\n\n\n\n<li>samorz\u0105d uczniowski.<\/li>\n<\/ol>\n\n\n\n<p>\u00a7 8.<\/p>\n\n\n\n<ol class=\"wp-block-list\">\n<li>Dyrektor szko\u0142y kieruje szko\u0142\u0105, jest jej przedstawicielem na zewn\u0105trz, jest prze\u0142o\u017conym s\u0142u\u017cbowym wszystkich pracownik\u00f3w szko\u0142y, przewodnicz\u0105cym rady pedagogicznej.<\/li>\n\n\n\n<li>Dyrektor jako przewodnicz\u0105cy rady pedagogicznej jest zobowi\u0105zany do:<ol><li>tworzenia atmosfery \u017cyczliwo\u015bci i zgodnego wsp\u00f3\u0142dzia\u0142ania wszystkich cz\u0142onk\u00f3w rady pedagogicznej w celu podnoszenia jako\u015bci pracy szko\u0142y,<\/li><\/ol><ol><li>podejmowania dzia\u0142a\u0144 umo\u017cliwiaj\u0105cych rozwi\u0105zywanie sytuacji konfliktowych wewn\u0105trz szko\u0142y,<\/li><\/ol><ol><li>dbania o autorytet rady pedagogicznej, ochrony praw i godno\u015bci nauczycieli, oddzia\u0142ywania na postaw\u0119 nauczycieli, pobudzania ich do tw\u00f3rczej pracy, innowacji i\u00a0podnoszenia kwalifikacji,<\/li><\/ol>\n<ol class=\"wp-block-list\">\n<li>zapoznawania rady pedagogicznej z obowi\u0105zuj\u0105cymi przepisami prawa o\u015bwiatowego oraz omawiania trybu i form ich realizacji.<\/li>\n<\/ol>\n<\/li>\n\n\n\n<li>Do kompetencji dyrektora, wynikaj\u0105cych z ustawy Prawo o\u015bwiatowe, nale\u017cy w\u00a0szczeg\u00f3lno\u015bci:<ol><li>kierowanie dzia\u0142alno\u015bci\u0105 szko\u0142y oraz reprezentowanie jej na zewn\u0105trz,<\/li><\/ol><ol><li>sprawowanie nadzoru pedagogicznego w stosunku do nauczycieli zatrudnionych w\u00a0szkole,<\/li><\/ol><ol><li>sprawowanie opieki nad uczniami oraz stwarzanie warunk\u00f3w harmonijnego rozwoju psychofizycznego poprzez aktywne dzia\u0142ania prozdrowotne,<\/li><\/ol><ol><li>realizacja uchwa\u0142 rady pedagogicznej, podj\u0119tych w ramach ich kompetencji stanowi\u0105cych,<\/li><\/ol><ol><li>dysponowanie \u015brodkami okre\u015blonymi w planie finansowym szko\u0142y i ponoszenie odpowiedzialno\u015bci za ich prawid\u0142owe wykorzystanie,<\/li><\/ol><ol><li>wykonywanie zada\u0144 zwi\u0105zanych z zapewnieniem bezpiecze\u0144stwa uczniom i\u00a0nauczycielom w czasie zaj\u0119\u0107 organizowanych przez szko\u0142\u0119,<\/li><\/ol><ol><li>wsp\u00f3\u0142dzia\u0142anie ze szko\u0142ami wy\u017cszymi w\u00a0organizacji praktyk pedagogicznych,<\/li><\/ol><ol><li>odpowiedzialno\u015b\u0107 za w\u0142a\u015bciw\u0105 organizacj\u0119 i przebieg egzaminu w klasie VIII,<\/li><\/ol><ol><li>stwarzanie warunk\u00f3w do dzia\u0142ania w zespole: wolontariuszy, stowarzysze\u0144 i\u00a0innych organizacji, kt\u00f3rych celem statutowym jest dzia\u0142alno\u015b\u0107 wychowawcza lub rozszerzanie i\u00a0wzbogacanie form dzia\u0142alno\u015bci dydaktycznej, wychowawczej i opieku\u0144czej szko\u0142y,<\/li><\/ol><ol><li>wyst\u0119powanie do \u0141\u00f3dzkiego Kuratora O\u015bwiaty z wnioskiem o\u00a0przeniesienie ucznia do innej szko\u0142y,<\/li><\/ol><ol><li>przedstawianie radzie pedagogicznej, nie rzadziej ni\u017c dwa razy w roku szkolnym, og\u00f3lnych wniosk\u00f3w wynikaj\u0105cych ze sprawowanego nadzoru pedagogicznego oraz informacji o dzia\u0142alno\u015bci szko\u0142y,<\/li><\/ol><ol><li>wstrzymywanie wykonania uchwa\u0142 rady pedagogicznej, podj\u0119tych w ramach jej kompetencji stanowi\u0105cych, niezgodnych z przepisami prawa,<\/li><\/ol><ol><li>wydawanie zezwolenia na spe\u0142nianie przez dziecko obowi\u0105zku szkolnego poza szko\u0142\u0105, po spe\u0142nieniu warunk\u00f3w okre\u015blonych w ustawie Prawo o\u015bwiatowe,<\/li><\/ol><ol><li>kontrolowanie spe\u0142niania obowi\u0105zku szkolnego przez dzieci mieszkaj\u0105ce w\u00a0obwodzie szko\u0142y podstawowej,<\/li><\/ol><ol><li>dopuszczanie do u\u017cytku w szkole zaproponowanych przez nauczycieli program\u00f3w nauczania, podr\u0119cznik\u00f3w, materia\u0142\u00f3w edukacyjnych oraz \u0107wiczeniowych, na zasadach okre\u015blonych w ustawie o systemie o\u015bwiaty,<\/li><\/ol><ol><li>podawanie do publicznej wiadomo\u015bci wykazu podr\u0119cznik\u00f3w, kt\u00f3re b\u0119d\u0105 obowi\u0105zywa\u0107 od pocz\u0105tku nast\u0119pnego roku szkolnego,<\/li><\/ol><ol><li>zezwalanie uczniowi na indywidualny program lub tok nauki, w trybie i na warunkach okre\u015blonych w ustawie Prawo o\u015bwiatowe,<\/li><\/ol><ol><li>organizowanie uczniowi, kt\u00f3ry posiada orzeczenie o potrzebie indywidualnego nauczania, takiego nauczania,<\/li><\/ol><ol><li>ustalanie dodatkowych dni wolnych od zaj\u0119\u0107 dydaktyczno-wychowawczych,<\/li><\/ol><ol><li>organizowanie pomocy psychologiczno-pedagogicznej uczniom, rodzicom uczni\u00f3w, \u00a0\u00a0\u00a0\u00a0w oparciu o obowi\u0105zuj\u0105ce w tym zakresie przepisy prawa,<\/li><\/ol><ol><li>ustalanie na podstawie ramowego planu nauczania szkolnego planu nauczania, w tym tygodniowego wymiaru godzin poszczeg\u00f3lnych zaj\u0119\u0107 edukacyjnych dla poszczeg\u00f3lnych klas na danym etapie edukacyjnym,<\/li><\/ol>\n<ol class=\"wp-block-list\">\n<li>realizacja zalece\u0144 wynikaj\u0105cych z orzeczenia o potrzebie kszta\u0142cenia specjalnego ucznia.<\/li>\n<\/ol>\n<\/li>\n\n\n\n<li>Do kompetencji dyrektora, jako kierownika zak\u0142adu pracy dla zatrudnionych w szkole nauczycieli i\u00a0pracownik\u00f3w nieb\u0119d\u0105cych nauczycielami nale\u017cy w\u00a0szczeg\u00f3lno\u015bci:<\/li>\n\n\n\n<li>decydowanie w sprawach zatrudniania i zwalniania nauczycieli oraz innych pracownik\u00f3w szko\u0142y,<\/li>\n\n\n\n<li>decydowanie w sprawach przyznawania nagr\u00f3d oraz wymierzania kar porz\u0105dkowych nauczycielom i innym pracownikom szko\u0142y,<\/li>\n\n\n\n<li>wyst\u0119powanie z wnioskami w\u00a0sprawach odznacze\u0144, nagr\u00f3d i innych wyr\u00f3\u017cnie\u0144 dla nauczycieli oraz pozosta\u0142ych pracownik\u00f3w szko\u0142y,<\/li>\n\n\n\n<li>dokonywanie oceny pracy nauczycieli oraz pozosta\u0142ych pracownik\u00f3w zgodnie z obowi\u0105zuj\u0105cymi w tym zakresie przepisami,<\/li>\n\n\n\n<li>zapewnienie pomocy nauczycielom w realizacji ich zada\u0144 oraz doskonaleniu zawodowym,<\/li>\n\n\n\n<li>zapewnienie, w miar\u0119 mo\u017cliwo\u015bci, odpowiednich warunk\u00f3w organizacyjnych do realizacji zada\u0144 dydaktycznych i opieku\u0144czo-wychowawczych,<\/li>\n\n\n\n<li>zapewnienie bezpiecze\u0144stwa uczniom i nauczycielom w czasie zaj\u0119\u0107 organizowanych przez szko\u0142\u0119,<\/li>\n\n\n\n<li>organizowanie procesu awansu zawodowego nauczycieli,<\/li>\n\n\n\n<li>zawieszenie w pe\u0142nieniu obowi\u0105zk\u00f3w nauczyciela, przeciwko kt\u00f3remu wszcz\u0119to post\u0119powanie karne lub z\u0142o\u017cono wniosek o wszcz\u0119cie post\u0119powania dyscyplinarnego,<\/li>\n\n\n\n<li>zawieszenie w pe\u0142nieniu obowi\u0105zk\u00f3w nauczyciela, je\u017celi wszcz\u0119te post\u0119powanie karne lub z\u0142o\u017cony wniosek o wszcz\u0119cie post\u0119powania dyscyplinarnego dotyczy naruszenia praw i dobra dziecka,<\/li>\n\n\n\n<li>wsp\u00f3\u0142dzia\u0142anie z zak\u0142adowymi organizacjami zwi\u0105zkowymi, w zakresie ustalonym w\u00a0 odr\u0119bnych przepisach,<\/li>\n\n\n\n<li>administrowanie zak\u0142adowym funduszem \u015bwiadcze\u0144 socjalnych, zgodnie z\u00a0ustalonym regulaminem tego\u017c funduszu, stanowi\u0105cym odr\u0119bny dokument.<\/li>\n\n\n\n<li>Dyrektor szko\u0142y w wykonywaniu swoich zada\u0144 wsp\u00f3\u0142pracuje z rad\u0105 pedagogiczn\u0105, rad\u0105 rodzic\u00f3w i samorz\u0105dem uczniowskim.<\/li>\n\n\n\n<li>Dyrektor podejmuje decyzje we wszystkich sprawach zwi\u0105zanych z w\u0142a\u015bciw\u0105 organizacj\u0105 procesu dydaktycznego, wychowawczego i opieku\u0144czego w szkole.<\/li>\n\n\n\n<li>Dyrektor mo\u017ce, w przypadku zaistnienia szczeg\u00f3lnych okoliczno\u015bci, wyda\u0107 zarz\u0105dzenie reguluj\u0105ce dan\u0105 kwesti\u0119.<\/li>\n\n\n\n<li>Podczas nieobecno\u015bci w pracy dyrektora zast\u0119puje wicedyrektor.<\/li>\n<\/ol>\n\n\n\n<p>\u00a7 9.<\/p>\n\n\n\n<ol class=\"wp-block-list\">\n<li>Rad\u0119 pedagogiczn\u0105 tworz\u0105 dyrektor i wszyscy nauczyciele zatrudnieni w szkole.<br>W zebraniach rady pedagogicznej mog\u0105 bra\u0107 udzia\u0142 z g\u0142osem doradczym osoby zapraszane przez jej przewodnicz\u0105cego na wniosek lub za zgod\u0105 rady pedagogicznej.<ol><li>Do jej kompetencji stanowi\u0105cych nale\u017cy:<\/li><\/ol><ol><li>zatwierdzanie plan\u00f3w pracy szko\u0142y,<\/li><\/ol><ol><li>podejmowanie uchwa\u0142 w sprawie wynik\u00f3w klasyfikacji i promocji uczni\u00f3w,<\/li><\/ol><ol><li>podejmowanie uchwa\u0142 w sprawie eksperyment\u00f3w pedagogicznych w szkole po zaopiniowaniu ich projekt\u00f3w przez rad\u0119 rodzic\u00f3w,,<\/li><\/ol><ol><li>ustalanie organizacji doskonalenia zawodowego nauczycieli szko\u0142y,<\/li><\/ol><ol><li>ustalanie sposobu wykorzystania wynik\u00f3w nadzoru pedagogicznego, w tym sprawowanego nad szko\u0142\u0105 przez organ sprawuj\u0105cy nadz\u00f3r pedagogiczny, w celu doskonalenia pracy szko\u0142y,<\/li><\/ol>\n<ol class=\"wp-block-list\">\n<li>podejmowanie uchwa\u0142 w sprawach skre\u015blenia z listy uczni\u00f3w,<\/li>\n<\/ol>\n<\/li>\n<\/ol>\n\n\n\n<p>3.&nbsp;&nbsp; Rada pedagogiczna opiniuje w szczeg\u00f3lno\u015bci:<\/p>\n\n\n\n<ol class=\"wp-block-list\">\n<li>organizacj\u0119 pracy szko\u0142y, w tym tygodniowy rozk\u0142ad zaj\u0119\u0107,<\/li>\n\n\n\n<li>projekt planu finansowego szko\u0142y,<\/li>\n\n\n\n<li>wnioski dyrektora o przyznanie nauczycielom odznacze\u0144, nagr\u00f3d i innych wyr\u00f3\u017cnie\u0144,<\/li>\n\n\n\n<li>propozycje dyrektora szko\u0142y w sprawach przydzia\u0142u nauczycielom sta\u0142ych prac i zaj\u0119\u0107 w\u00a0ramach wynagrodzenia zasadniczego oraz dodatkowo p\u0142atnych zaj\u0119\u0107 dydaktycznych, wychowawczych i opieku\u0144czych,<\/li>\n\n\n\n<li>wnioski o zezwolenie na indywidualny program lub tok nauki ucznia,<\/li>\n\n\n\n<li>dopuszczenie do u\u017cytku w szkole zaproponowanego programu nauczania, wykaz podr\u0119cznik\u00f3w, materia\u0142\u00f3w edukacyjnych oraz \u0107wiczeniowych,<\/li>\n\n\n\n<li>zamiar powierzenia stanowiska dyrektora szko\u0142y, gdy konkurs nie wy\u0142oni\u0142 kandydata albo do konkursu nikt si\u0119 nie zg\u0142osi\u0142,<\/li>\n\n\n\n<li>ustalanie dodatkowych dni wolnych od zaj\u0119\u0107,<\/li>\n\n\n\n<li>wprowadzenie dodatkowych zaj\u0119\u0107 edukacyjnych do szkolnego planu nauczania.<\/li>\n<\/ol>\n\n\n\n<p>4. Rada pedagogiczna deleguje dw\u00f3ch przedstawicieli do komisji konkursowej wy\u0142aniaj\u0105cej kandydata na stanowisko dyrektora szko\u0142y.<\/p>\n\n\n\n<p>5. Rada pedagogiczna przygotowuje projekt statutu szko\u0142y oraz jego zmian i uchwala statut lub jego zmiany.<\/p>\n\n\n\n<p>6. Rada pedagogiczna mo\u017ce wyst\u0119powa\u0107 z wnioskiem do organu prowadz\u0105cego szko\u0142\u0119 o&nbsp;odwo\u0142anie z funkcji dyrektora oraz do dyrektora o odwo\u0142anie nauczyciela z innej funkcji kierowniczej w szkole.<\/p>\n\n\n\n<p>7. Rada pedagogiczna ustala regulamin swojej dzia\u0142alno\u015bci, kt\u00f3ry jest odr\u0119bnym dokumentem.<\/p>\n\n\n\n<p>8. Zebrania rady pedagogicznej s\u0105 protoko\u0142owane.<\/p>\n\n\n\n<p>9. Osoby uczestnicz\u0105ce w zebraniach rady s\u0105 zobowi\u0105zane do nieujawniania spraw poruszanych na posiedzeniu rady pedagogicznej, kt\u00f3re mog\u0105 narusza\u0107 dobro osobiste uczni\u00f3w lub ich rodzic\u00f3w, a tak\u017ce nauczycieli i innych pracownik\u00f3w szko\u0142y.<\/p>\n\n\n\n<p>\u00a7 10.<\/p>\n\n\n\n<ol class=\"wp-block-list\">\n<li>W szkole dzia\u0142a rada rodzic\u00f3w stanowi\u0105ca reprezentacj\u0119 og\u00f3\u0142u rodzic\u00f3w uczni\u00f3w.\n<ol class=\"wp-block-list\">\n<li>Rada rodzic\u00f3w uchwala regulamin swojej dzia\u0142alno\u015bci, kt\u00f3ry jest odr\u0119bnym dokumentem.<ol><li>Rada rodzic\u00f3w mo\u017ce wyst\u0119powa\u0107 do dyrektora i innych organ\u00f3w szko\u0142y, organu prowadz\u0105cego szko\u0142\u0119 oraz organu sprawuj\u0105cego nadz\u00f3r pedagogiczny z wnioskami i opiniami we wszystkich sprawach szko\u0142y.<\/li><\/ol>\n<ol class=\"wp-block-list\">\n<li>Do kompetencji rady rodzic\u00f3w nale\u017cy:<\/li>\n<\/ol>\n<\/li>\n<\/ol>\n<\/li>\n\n\n\n<li>uchwalanie w porozumieniu z rad\u0105 pedagogiczn\u0105 programu wychowawczo-profilaktycznego szko\u0142y,<\/li>\n\n\n\n<li>opiniowanie programu i harmonogramu poprawy efektywno\u015bci kszta\u0142cenia lub wychowania szko\u0142y,<\/li>\n\n\n\n<li>opiniowanie projektu planu finansowego sk\u0142adanego przez dyrektora szko\u0142y,<\/li>\n\n\n\n<li>typowanie dw\u00f3ch przedstawicieli do komisji konkursowej na stanowisko dyrektora.\n<ol class=\"wp-block-list\">\n<li>W celu wspierania dzia\u0142alno\u015bci statutowej szko\u0142y rada rodzic\u00f3w mo\u017ce gromadzi\u0107 fundusze z\u00a0dobrowolnych sk\u0142adek rodzic\u00f3w oraz innych \u017ar\u00f3de\u0142. Zasady wydatkowania funduszy rady rodzic\u00f3w okre\u015bla regulamin, o kt\u00f3rym mowa w ust. 2.<\/li>\n<\/ol>\n<\/li>\n\n\n\n<li>Rada rodzic\u00f3w prowadzi dokumentacj\u0119 finansow\u0105 zgodnie z obowi\u0105zuj\u0105cymi przepisami prawa.<\/li>\n<\/ol>\n\n\n\n<p>\u00a7 11.<\/p>\n\n\n\n<ol class=\"wp-block-list\">\n<li>W szkole dzia\u0142a samorz\u0105d uczniowski.\n<ol class=\"wp-block-list\">\n<li>Samorz\u0105d tworz\u0105 wszyscy uczniowie szko\u0142y. Organem samorz\u0105du jest rada samorz\u0105du uczniowskiego.<ol><li>Zasady wybierania i dzia\u0142ania rady samorz\u0105du uczniowskiego okre\u015bla regulamin uchwalony przez uczni\u00f3w w g\u0142osowaniu r\u00f3wnym, tajnym i powszechnym. Regulamin ten nie mo\u017ce by\u0107 sprzeczny ze statutem szko\u0142y.<\/li><\/ol>\n<ol class=\"wp-block-list\">\n<li>Samorz\u0105d uczniowski mo\u017ce przedstawia\u0107 wnioski wszystkim organom szko\u0142y w sprawach dotycz\u0105cych szko\u0142y, szczeg\u00f3lnie dotycz\u0105cych praw uczni\u00f3w, takich jak:<\/li>\n<\/ol>\n<\/li>\n<\/ol>\n<\/li>\n\n\n\n<li>prawo do zapoznawania si\u0119 z programem nauczania, z jego tre\u015bci\u0105, celem i stawianymi wymaganiami;<\/li>\n\n\n\n<li>prawo do jawnej i umotywowanej oceny post\u0119p\u00f3w w nauce i zachowaniu;<\/li>\n\n\n\n<li>prawo do organizacji \u017cycia szkolnego, umo\u017cliwiaj\u0105ce zachowanie w\u0142a\u015bciwych proporcji mi\u0119dzy wysi\u0142kiem szkolnym a mo\u017cliwo\u015bci\u0105 rozwijania i zaspokajania w\u0142asnych zainteresowa\u0144;<\/li>\n\n\n\n<li>prawo redagowania i wydawania gazety szkolnej;<\/li>\n\n\n\n<li>prawo organizowania dzia\u0142alno\u015bci kulturalnej, o\u015bwiatowej, sportowej oraz rozrywkowej zgodnie z w\u0142asnymi potrzebami i mo\u017cliwo\u015bciami organizacyjnymi w porozumieniu z\u00a0dyrektorem;<\/li>\n\n\n\n<li>prawo wyboru\u00a0<a href=\"http:\/\/www.prawo.vulcan.edu.pl\/przegdok.asp?qdatprz=16-10-2017&amp;qplikid=4186#P4186A7\">nauczyciela<\/a>\u00a0pe\u0142ni\u0105cego rol\u0119 opiekuna samorz\u0105du.<\/li>\n<\/ol>\n\n\n\n<p>5. Na wniosek dyrektora szko\u0142y samorz\u0105d wyra\u017ca opini\u0119 o pracy nauczyciela.<\/p>\n\n\n\n<p>6. Samorz\u0105d w porozumieniu z dyrektorem szko\u0142y podejmuje dzia\u0142ania z zakresu wolontariatu.<\/p>\n\n\n\n<p>7.&nbsp; Organem szko\u0142y powo\u0142anym do ochrony uczni\u00f3w, ich wolno\u015bci i przestrzegania praw jest Rzecznik Praw Ucznia.<\/p>\n\n\n\n<p>8.&nbsp; Kandydatem na Rzecznika Praw Ucznia mo\u017ce by\u0107 ka\u017cdy nauczyciel zatrudniony w pe\u0142nym wymiarze godzin z wyj\u0105tkiem dyrektora szko\u0142y.<\/p>\n\n\n\n<p>9.&nbsp; Rzecznik Praw Ucznia wybierany jest przez uczni\u00f3w klas IV-VIII wi\u0119kszo\u015bci\u0105 g\u0142os\u00f3w, w&nbsp;drodze g\u0142osowania tajnego, spo\u015br\u00f3d wszystkich spe\u0142niaj\u0105cych kryteria nauczycieli szko\u0142y.<\/p>\n\n\n\n<p>10. Wybrany nauczyciel powinien wyrazi\u0107 zgod\u0119 na pe\u0142nienie funkcji Rzecznika Praw Ucznia.<\/p>\n\n\n\n<p>11. Zadania i funkcje Rzecznika Praw Ucznia:<\/p>\n\n\n\n<ol class=\"wp-block-list\">\n<li>przeciwdzia\u0142anie \u0142amaniu praw ucznia w szkole,<\/li>\n\n\n\n<li>zwi\u0119kszenie \u015bwiadomo\u015bci prawnej uczni\u00f3w, rodzic\u00f3w i nauczycieli,<\/li>\n\n\n\n<li>znajomo\u015b\u0107 Statutu Szko\u0142y oraz Konwencji Praw Dziecka.<\/li>\n<\/ol>\n\n\n\n<p>12. \u015arodki dzia\u0142ania rzecznika:<\/p>\n\n\n\n<ol class=\"wp-block-list\">\n<li>rozpatrywanie indywidualnych skarg,<\/li>\n\n\n\n<li>pomoc w rozwi\u0105zywaniu sytuacji konfliktowych,<\/li>\n\n\n\n<li>udzielanie uczniom porad dotycz\u0105cych sposob\u00f3w ochrony praw,<\/li>\n\n\n\n<li>wsp\u00f3\u0142praca z pedagogiem szkolnym,<\/li>\n\n\n\n<li>rzecznik podejmuje dzia\u0142ania na wniosek stron \u2013 uczni\u00f3w lub nauczycieli.<\/li>\n<\/ol>\n\n\n\n<p>13. Tryb post\u0119powania w kwestiach spornych ucze\u0144 \u2013 ucze\u0144:<\/p>\n\n\n\n<ol class=\"wp-block-list\">\n<li>zapoznanie si\u0119 z opini\u0105 stron konfliktu,<\/li>\n\n\n\n<li>podj\u0119cie mediacji ze stronami we wsp\u00f3\u0142pracy z wychowawc\u0105 klasy,<\/li>\n\n\n\n<li>w razie k\u0142opot\u00f3w z\u00a0rozstrzygni\u0119ciem sporu skierowanie sprawy do pedagoga szkolnego,<\/li>\n\n\n\n<li>w dalszym trybie post\u0119powania \u2013 zasi\u0119gni\u0119cie opinii Rady Pedagogicznej,<\/li>\n\n\n\n<li>w przypadku braku rozstrzygni\u0119cia sporu ostateczn\u0105 decyzj\u0119 o sposobie rozwi\u0105zania konfliktu podejmuje dyrektor szko\u0142y.<\/li>\n<\/ol>\n\n\n\n<p>14. Tryb post\u0119powania w kwestiach spornych ucze\u0144 \u2013 nauczyciel:<\/p>\n\n\n\n<ol class=\"wp-block-list\">\n<li>zapoznanie si\u0119 z opini\u0105 stron konfliktu,<\/li>\n\n\n\n<li>podj\u0119cie mediacji ze stronami,<\/li>\n\n\n\n<li>zasi\u0119gni\u0119cie opinii pedagoga szkolnego,<\/li>\n\n\n\n<li>w przypadku trudno\u015bci z\u00a0rozstrzygni\u0119ciem sporu wyst\u0105pienie do dyrektora szko\u0142y o\u00a0podj\u0119cie decyzji w sprawie,<\/li>\n\n\n\n<li>Rzecznik Praw Ucznia informuje ka\u017cdorazowo zainteresowane strony o podj\u0119tych przez siebie dzia\u0142aniach, zmierzaj\u0105cych do rozwi\u0105zania konfliktu.<\/li>\n<\/ol>\n\n\n\n<p>15. W przypadku wyczerpania wszystkich mo\u017cliwo\u015bci rozwi\u0105zania sporu, sprawa jest kierowana&nbsp;&nbsp;<\/p>\n\n\n\n<p>&nbsp;&nbsp;&nbsp;&nbsp;&nbsp;&nbsp; do Rzecznika Praw Ucznia dzia\u0142aj\u0105cego przy Kuratorium O\u015bwiaty.<\/p>\n\n\n\n<p>16. Kadencja Rzecznika Praw Ucznia trwa 2 lata.<\/p>\n\n\n\n<p>\u00a7 12.<\/p>\n\n\n\n<ol class=\"wp-block-list\">\n<li>Organy szko\u0142y pracuj\u0105 na rzecz szko\u0142y, przyjmuj\u0105c zasad\u0119 nieingerowania w swoje kompetencje oraz zasad\u0119 wsp\u00f3\u0142pracy, wsp\u00f3\u0142dzia\u0142aj\u0105 w realizacji zada\u0144 wynikaj\u0105cych ze statutu i plan\u00f3w pracy szko\u0142y.<\/li>\n\n\n\n<li>Konflikty i spory, wynikaj\u0105ce pomi\u0119dzy organami szko\u0142y, rozstrzyga dyrektor szko\u0142y, po wys\u0142uchaniu zainteresowanych stron.<\/li>\n\n\n\n<li>Dyrektor szko\u0142y prowadzi negocjacje w sprawach spornych mi\u0119dzy uczniami a wychowawc\u0105, rodzicem a nauczycielem, nauczycielem a nauczycielem.<\/li>\n\n\n\n<li>Wychowawcy klas prowadz\u0105 negocjacje w sprawach spornych mi\u0119dzy uczniami, mi\u0119dzy uczniem a nauczycielem przedmiotu.<\/li>\n\n\n\n<li>W sprawach spornych nierozstrzygni\u0119tych przez wychowawc\u0119, negocjacje prowadzi dyrektor szko\u0142y.<\/li>\n\n\n\n<li>Na dzia\u0142alno\u015b\u0107 dyrektora szko\u0142y rodzice, nauczyciele i inni pracownicy szko\u0142y, mog\u0105 wnie\u015b\u0107 skarg\u0119 do organu prowadz\u0105cego szko\u0142\u0119 b\u0105d\u017a organu sprawuj\u0105cego nadz\u00f3r pedagogiczny.<\/li>\n\n\n\n<li>Na dzia\u0142alno\u015b\u0107 dyrektora, nauczycieli i innych pracownik\u00f3w szko\u0142y w zakresie przestrzegania praw dziecka, w tym praw ucznia, uczniowie i ich rodzice mog\u0105 wnie\u015b\u0107 skarg\u0119 do organu prowadz\u0105cego, organu sprawuj\u0105cego nadz\u00f3r pedagogiczny, Rzecznika Praw Dziecka, Rzecznika Praw Ucznia w trybie okre\u015blonym w Kodeksie Post\u0119powania Administracyjnego.<\/li>\n<\/ol>\n\n\n\n<p>Rozdzia\u0142 4.<\/p>\n\n\n\n<p><strong>Organizacja pracy szko\u0142y<\/strong><\/p>\n\n\n\n<p>\u00a7 13.<\/p>\n\n\n\n<ol class=\"wp-block-list\">\n<li>Podstawow\u0105 jednostk\u0105 organizacyjn\u0105 szko\u0142y jest oddzia\u0142 z\u0142o\u017cony z uczni\u00f3w, kt\u00f3rzy w\u00a0jednorocznym kursie nauki danego roku szkolnego ucz\u0105 si\u0119 wszystkich przedmiot\u00f3w okre\u015blonych planem nauczania.<\/li>\n\n\n\n<li>Zaj\u0119cia edukacyjne w klasach I-go etapu edukacyjnego s\u0105 prowadzone w oddzia\u0142ach licz\u0105cych nie wi\u0119cej ni\u017c 25 uczni\u00f3w, a w szczeg\u00f3lnych przypadkach okre\u015blonych ustaw\u0105 Prawo o\u015bwiatowe, nie wi\u0119cej ni\u017c 27.<\/li>\n\n\n\n<li>W klasach IV \u2013 VIII dokonuje si\u0119 podzia\u0142u na grupy, zgodnie z odr\u0119bnymi przepisami.<\/li>\n\n\n\n<li>W przypadku oddzia\u0142\u00f3w licz\u0105cych odpowiednio mniej ni\u017c 25 lub 27 uczni\u00f3w, podzia\u0142u na grupy dokonuje si\u0119 za zgod\u0105 organu prowadz\u0105cego szko\u0142\u0119.<\/li>\n<\/ol>\n\n\n\n<p>\u00a7&nbsp;14<\/p>\n\n\n\n<ol class=\"wp-block-list\">\n<li>Podstawow\u0105 form\u0105 pracy szko\u0142y s\u0105 zaj\u0119cia dydaktyczno-wychowawcze prowadzone w\u00a0systemie:<\/li>\n\n\n\n<li>edukacji wczesnoszkolnej na pierwszym etapie edukacyjnym,<\/li>\n\n\n\n<li>klasowo &#8211; lekcyjnym na drugim etapie edukacyjnym.<\/li>\n\n\n\n<li>Jednostka lekcyjna trwa 45 minut. W uzasadnionych przypadkach dopuszcza si\u0119 prowadzenie zaj\u0119\u0107 edukacyjnych w czasie od 30 do 60 minut, zachowuj\u0105c og\u00f3lny tygodniowy czas zaj\u0119\u0107 ustalony w tygodniowym rozk\u0142adzie zaj\u0119\u0107.<\/li>\n\n\n\n<li>W czasie zaj\u0119\u0107 edukacyjnych organizuje si\u0119 przerwy mi\u0119dzylekcyjne.<\/li>\n\n\n\n<li>Czas trwania poszczeg\u00f3lnych zaj\u0119\u0107 edukacyjnych na pierwszym etapie edukacyjnym ustala nauczyciel prowadz\u0105cy te zaj\u0119cia, zachowuj\u0105c og\u00f3lny tygodniowy czas zaj\u0119\u0107.<\/li>\n\n\n\n<li>Podzia\u0142u godzin przeznaczonych na zaj\u0119cia edukacji wczesnoszkolnej dokonuje nauczyciel prowadz\u0105cy zaj\u0119cia, z tym, \u017ce w trzyletnim okresie nauczania zaj\u0119cia edukacyjne nale\u017cy zrealizowa\u0107 zgodnie z oddzielnymi przepisami.<\/li>\n\n\n\n<li>Tygodniowy rozk\u0142ad zaj\u0119\u0107 na pierwszym etapie edukacyjnym okre\u015bla og\u00f3lny przydzia\u0142 czasu na poszczeg\u00f3lne zaj\u0119cia wyznaczone ramowym planem nauczania.<\/li>\n<\/ol>\n\n\n\n<p>\u00a7 15.<\/p>\n\n\n\n<ol class=\"wp-block-list\">\n<li>Termin rozpocz\u0119cia i zako\u0144czenia zaj\u0119\u0107 dydaktyczno-wychowawczych, przerw \u015bwi\u0105tecznych oraz ferii zimowych i letnich okre\u015bla rozporz\u0105dzenie w sprawie organizacji roku szkolnego.\n<ol class=\"wp-block-list\">\n<li>Rok szkolny dzieli si\u0119 na dwa p\u00f3\u0142rocza. Ka\u017cde p\u00f3\u0142rocze ko\u0144czy si\u0119 klasyfikacj\u0105.<ol><li>Koniec pierwszego p\u00f3\u0142rocza ustala si\u0119 po 18 tygodniach od rozpocz\u0119cia roku szkolnego. Drugie p\u00f3\u0142rocze trwa do dnia zako\u0144czenia rocznych zaj\u0119\u0107 dydaktyczno-wychowawczych.<\/li><\/ol><ol><li>Szczeg\u00f3\u0142ow\u0105 organizacj\u0119 nauczania, wychowania i opieki w danym roku szkolnym okre\u015bla arkusz organizacji szko\u0142y opracowany przez dyrektora szko\u0142y na podstawie ramowych plan\u00f3w nauczania oraz planu finansowego szko\u0142y.<\/li><\/ol><ol><li>Dyrektor szko\u0142y opracowuj\u0105c arkusz organizacji szko\u0142y uwzgl\u0119dnia opini\u0119 zak\u0142adowych organizacji zwi\u0105zkowych zrzeszaj\u0105cych nauczycieli.<\/li><\/ol><ol><li>Arkusz organizacji szko\u0142y zatwierdza organ prowadz\u0105cy szko\u0142\u0119 i organ sprawuj\u0105cy nadz\u00f3r pedagogiczny zgodnie z odr\u0119bnymi przepisami.<\/li><\/ol><ol><li>Na podstawie zatwierdzonego arkusza organizacji szko\u0142y dyrektor szko\u0142y, z\u00a0uwzgl\u0119dnieniem zasad ochrony zdrowia i higieny pracy ustala tygodniowy rozk\u0142ad zaj\u0119\u0107 edukacyjnych.<\/li><\/ol><ol><li>Nauczanie jest prowadzone wed\u0142ug realizowanych w szkole program\u00f3w nauczania. Programy s\u0105 dostosowane pod wzgl\u0119dem zakresu tre\u015bci nauczania oraz metod i form ich realizacji do potrzeb rozwojowych i edukacyjnych oraz mo\u017cliwo\u015bci psychofizycznych uczni\u00f3w.<\/li><\/ol>\n<ol class=\"wp-block-list\">\n<li>Uczniowie przybywaj\u0105cy z zagranicy s\u0105 przyjmowani do oddzia\u0142u w szkole na warunkach i trybie post\u0119powania rekrutacyjnego dotycz\u0105cego obywateli polskich, zgodnie z odr\u0119bnymi przepisami prawa.<\/li>\n<\/ol>\n<\/li>\n<\/ol>\n<\/li>\n<\/ol>\n\n\n\n<p>\u00a7&nbsp;16.<\/p>\n\n\n\n<ol class=\"wp-block-list\">\n<li>Szko\u0142a prowadzi oddzia\u0142 integracyjny dla uczni\u00f3w, kt\u00f3rzy ucz\u0105 si\u0119 wszystkich przedmiot\u00f3w obowi\u0105zkowych okre\u015blonych ramowym planem nauczania w systemie klasowo-lekcyjnym oraz uczni\u00f3w posiadaj\u0105cych orzeczenie o potrzebie kszta\u0142cenia specjalnego, realizuj\u0105cych indywidualne programy edukacyjno-terapeutyczne oraz zaj\u0119cia rewalidacyjno-wychowawcze.<\/li>\n\n\n\n<li>Celem oddzia\u0142\u00f3w integracyjnych jest wspomaganie wszechstronnego rozwoju dzieci<br>o r\u00f3\u017cnym poziomie sprawno\u015bci psychofizycznej, w tym d\u0105\u017cenie do maksymalnego rozwoju dzieci zdrowych i dzieci obj\u0119tych kszta\u0142ceniem specjalnym we wszystkich sferach: poznawczej, spo\u0142ecznej, moralnej i emocjonalnej.<\/li>\n\n\n\n<li>Oddzia\u0142 integracyjny tworzy si\u0119 z uczni\u00f3w, kt\u00f3rych rodzice wyrazili zgod\u0119 na organizacj\u0119 kszta\u0142cenia w takiej formie.<\/li>\n\n\n\n<li>Wymagania edukacyjne niezb\u0119dne do otrzymania poszczeg\u00f3lnych ocen \u015br\u00f3drocznych<br>i rocznych formu\u0142owane s\u0105 odr\u0119bnie dla ka\u017cdego ucznia.<\/li>\n<\/ol>\n\n\n\n<p>\u00a7 17.<\/p>\n\n\n\n<ol class=\"wp-block-list\">\n<li>Dyrektor szko\u0142y powierza ka\u017cdy oddzia\u0142 opiece wychowawczej jednemu z nauczycieli, spo\u015br\u00f3d ucz\u0105cych w tym oddziale, zwanemu wychowawc\u0105 klasy.\n<ol class=\"wp-block-list\">\n<li>Dla zapewnienia ci\u0105g\u0142o\u015bci i skuteczno\u015bci pracy wychowawczej przyj\u0119to zasad\u0119, aby nauczyciel wychowawca opiekowa\u0142 si\u0119 danym oddzia\u0142em w ci\u0105gu ca\u0142ego etapu edukacyjnego.\n<ol class=\"wp-block-list\">\n<li>Zmiana wychowawcy klasy mo\u017ce nast\u0105pi\u0107 przed rozpocz\u0119ciem nowego roku szkolnego lub w\u00a0uzasadnionych przypadkach, tak\u017ce w trakcie trwania roku szkolnego.<\/li>\n<\/ol>\n<\/li>\n<\/ol>\n<\/li>\n<\/ol>\n\n\n\n<p>\u00a7 18.<\/p>\n\n\n\n<p>1. W szkole mo\u017cna utworzy\u0107 stanowisko wicedyrektora szko\u0142y, je\u017celi szko\u0142a liczy, co najmniej 12 oddzia\u0142\u00f3w.<\/p>\n\n\n\n<p>2. Powierzenia stanowiska i odwo\u0142ania z niego dokonuje dyrektor, po zasi\u0119gni\u0119ciu opinii organu prowadz\u0105cego oraz rady pedagogicznej.<\/p>\n\n\n\n<p>3.&nbsp; Wicedyrektor szko\u0142y:<\/p>\n\n\n\n<ol class=\"wp-block-list\">\n<li>przejmuje na siebie cz\u0119\u015b\u0107 zada\u0144 dyrektora szko\u0142y, kt\u00f3re uj\u0119te s\u0105 w jego zakresie obowi\u0105zk\u00f3w,<\/li>\n\n\n\n<li>zast\u0119puje dyrektora w przypadku jego nieobecno\u015bci w szkole.<\/li>\n<\/ol>\n\n\n\n<p>\u00a7 19.<\/p>\n\n\n\n<p>1.&nbsp; Szko\u0142a organizuje i realizuje dzia\u0142ania w zakresie wolontariatu w celu zapoznawania uczni\u00f3w z ide\u0105 wolontariatu, jak\u0105 jest dobrowolna i bezinteresowna pomoc innym.<\/p>\n\n\n\n<p>2.&nbsp; W Szkole organizuje si\u0119 Szkolny Klub Wolontariusza.<\/p>\n\n\n\n<p>3.&nbsp; Wyznaczone cele i dzia\u0142ania Szkolnego Klubu Wolontariusza realizowane s\u0105 w szczeg\u00f3lno\u015bci poprzez:<\/p>\n\n\n\n<p>1)&nbsp;&nbsp;&nbsp; zapoznanie m\u0142odzie\u017cy z ide\u0105 wolontariatu oraz jej propagowaniem;<\/p>\n\n\n\n<p>2)&nbsp;&nbsp;&nbsp; uwra\u017cliwienie na problemy spo\u0142eczne i potrzeby innych;<\/p>\n\n\n\n<p>3)&nbsp;&nbsp;&nbsp; kszta\u0142towanie w\u0142a\u015bciwych postaw prospo\u0142ecznych;<\/p>\n\n\n\n<p>4)&nbsp;&nbsp;&nbsp; inspirowanie do aktywnego sp\u0119dzania czasu wolnego;<\/p>\n\n\n\n<p>5)&nbsp;&nbsp;&nbsp; kszta\u0142towanie umiej\u0119tno\u015bci dzia\u0142ania w zespole;<\/p>\n\n\n\n<p>6)&nbsp;&nbsp;&nbsp; zdobywanie do\u015bwiadcze\u0144 w nowych dziedzinach.<\/p>\n\n\n\n<p>7)&nbsp;&nbsp;&nbsp; anga\u017cowanie si\u0119 w dzia\u0142ania na rzecz spo\u0142eczno\u015bci szkolnej i lokalnej o&nbsp;charakterze regularnym i akcyjnym.<\/p>\n\n\n\n<p>4.&nbsp; Spos\u00f3b realizacji dzia\u0142a\u0144 odbywa si\u0119 w szczeg\u00f3lno\u015bci poprzez:<\/p>\n\n\n\n<p>1)&nbsp;&nbsp;&nbsp; przybli\u017cenie uczniom idei wolontariatu podczas spotka\u0144 i godzin wychowawczych;<\/p>\n\n\n\n<p>2)&nbsp;&nbsp;&nbsp; zapoznanie z prawami i obowi\u0105zkami wolontariuszy;<\/p>\n\n\n\n<p>3)&nbsp;&nbsp;&nbsp; propagowanie idei w\u0142\u0105czenia si\u0119 w prac\u0119 wolontariatu w\u015br\u00f3d uczni\u00f3w;<\/p>\n\n\n\n<p>4)&nbsp;&nbsp;&nbsp; podejmowanie dzia\u0142a\u0144 w ramach Szkolnego Klubu Wolontariatu i informowanie o&nbsp;wynikach tej dzia\u0142alno\u015bci na stronie internetowej Szko\u0142y lub w gazetce szkolnej;<\/p>\n\n\n\n<p>5)&nbsp;&nbsp;&nbsp; zach\u0119canie uczni\u00f3w do dzia\u0142a\u0144 w szkolnym wolontariacie podczas rozm\u00f3w prowadzonych przez nauczycieli i do\u015bwiadczonych wolontariuszy;<\/p>\n\n\n\n<p>6)&nbsp;&nbsp;&nbsp; szkolenia cz\u0142onk\u00f3w wolontariatu w zakresie udzielania pierwszej pomocy przedmedycznej;<\/p>\n\n\n\n<p>7)&nbsp;&nbsp;&nbsp; systematyczne zebrania cz\u0142onk\u00f3w wolontariatu;<\/p>\n\n\n\n<p>8)&nbsp;&nbsp;&nbsp; pomoc najubo\u017cszym rodzinom, samotnym, chorym i osobom starszym i&nbsp;niepe\u0142nosprawnym;<\/p>\n\n\n\n<p>9)&nbsp;&nbsp;&nbsp; tworzenie obszar\u00f3w potrzeb \u015brodowiska szkolnego i lokalnego w zakresie obj\u0119tym dzia\u0142aniem wolontarystycznym;<\/p>\n\n\n\n<p>10)&nbsp; monitorowanie dzia\u0142alno\u015bci wolontariuszy.<\/p>\n\n\n\n<p>5.&nbsp; Szkolnym Klubem Wolontariusza opiekuj\u0105 si\u0119 nauczyciele koordynatorzy.<\/p>\n\n\n\n<p>6.&nbsp; W momencie powo\u0142ania Szkolnego Klubu Wolontariusza Dyrektor Szko\u0142y, opiekun klubu oraz nauczyciele koordynatorzy opracowuj\u0105 regulamin dzia\u0142alno\u015bci klubu.<\/p>\n\n\n\n<p>\u00a7 20.<\/p>\n\n\n\n<ol class=\"wp-block-list\">\n<li>Religia i etyka jest prowadzona dla uczni\u00f3w, kt\u00f3rych rodzice wyra\u017c\u0105 takie \u017cyczenie.\n<ol class=\"wp-block-list\">\n<li>\u017byczenie wyra\u017cone jest w formie pisemnego o\u015bwiadczenia, nie musi by\u0107 ponawiane w\u00a0kolejnym roku szkolnym, mo\u017ce natomiast zosta\u0107 zmienione.\n<ol class=\"wp-block-list\">\n<li>Uczniom nieucz\u0119szczaj\u0105cym na lekcje religii i etyki szko\u0142a zapewnia opiek\u0119.<\/li>\n<\/ol>\n<\/li>\n<\/ol>\n<\/li>\n<\/ol>\n\n\n\n<p>\u00a7 21.<\/p>\n\n\n\n<ol class=\"wp-block-list\">\n<li>Dla wszystkich uczni\u00f3w klasy IV &#8211; VIII organizowane s\u0105 zaj\u0119cia edukacyjne \u201eEdukacja zdrowotna\u201d, kt\u00f3rej celem jest kszta\u0142towanie postaw prozdrowotnych, rozwijanie \u015bwiadomo\u015bci w zakresie dba\u0142o\u015bci o zdrowie w\u0142asne i najbli\u017cszego otoczenia oraz przygotowanie uczni\u00f3w do podejmowania \u015bwiadomych decyzji zdrowotnych.\n<ol class=\"wp-block-list\">\n<li>Edukacja zdrowotna jest przedmiotem nieobowi\u0105zkowym dla uczni\u00f3w, z mo\u017cliwo\u015bci\u0105 pisemnej rezygnacji przez rodzic\u00f3w.<ol><li>Zaj\u0119cia prowadzone s\u0105 w wymiarze 1 godziny tygodniowo w klasach IV-VII, a w klasach \u00f3smych odbywaj\u0105 si\u0119 w pierwszym p\u00f3\u0142roczu.<\/li><\/ol><ol><li>Zaj\u0119cia realizowane s\u0105 w ramach zada\u0144 wychowawczo-profilaktycznych szko\u0142y i mog\u0105 by\u0107 prowadzone przez zesp\u00f3\u0142 nauczycieli.<\/li><\/ol>\n<ol class=\"wp-block-list\">\n<li>Zaj\u0119cia, o kt\u00f3rych mowa w ust.1, nie podlegaj\u0105 ocenie i nie maj\u0105 wp\u0142ywu na promocj\u0119 ucznia do klasy programowo wy\u017cszej ani na uko\u0144czenie szko\u0142y przez ucznia.<\/li>\n<\/ol>\n<\/li>\n<\/ol>\n<\/li>\n<\/ol>\n\n\n\n<p>\u00a7 22.<\/p>\n\n\n\n<ol class=\"wp-block-list\">\n<li>Ucze\u0144 na wniosek rodzic\u00f3w ma prawo do nauki j\u0119zyka mniejszo\u015bci narodowej, mniejszo\u015bci etnicznej lub j\u0119zyka regionalnego.<\/li>\n\n\n\n<li>Ucze\u0144 nale\u017c\u0105cy do mniejszo\u015bci narodowej mo\u017ce by zwolniony z nauki drugiego j\u0119zyka obcego nowo\u017cytnego, zgodnie z rozporz\u0105dzeniem Ministra Edukacji Narodowej z dnia 13 czerwca 2025 r. w sprawie warunk\u00f3w i sposobu organizowania nauki dla mniejszo\u015bci narodowych i etnicznych oraz spo\u0142eczno\u015bci pos\u0142uguj\u0105cej si\u0119 j\u0119zykiem regionalnym.<\/li>\n\n\n\n<li>Zwolnienie, o kt\u00f3rym mowa w ust. 2 ,nast\u0119puje na pisemny wniosek rodzic\u00f3w ucznia i sk\u0142adany do dyrektora szko\u0142y.<\/li>\n\n\n\n<li>Wniosek, o kt\u00f3rym mowa w ust. 2, musi zawiera\u0107 o\u015bwiadczenie o przynale\u017cno\u015bci ucznia do mniejszo\u015bci narodowej.<\/li>\n\n\n\n<li>W przypadku zwolnienia ucznia z nauki drugiego j\u0119zyka obcego nowo\u017cytnego, w dokumentacji przebiegu nauczania zamiast oceny klasyfikacyjnej wpisuje si\u0119 &#8222;zwolniony&#8221; albo &#8222;zwolniona&#8221;.<\/li>\n\n\n\n<li>W szkole mo\u017ce by\u0107 zatrudniony asystent mi\u0119dzykulturowy. Zakres zada\u0144 asystent\u00f3w mi\u0119dzykulturowych (oraz os\u00f3b pe\u0142ni\u0105cych funkcj\u0119 pomocy nauczyciela) mo\u017ce obejmowa\u0107 m.in.:<\/li>\n\n\n\n<li>wspieranie dziecka migranckiego w adaptacji w nowym otoczeniu,<\/li>\n\n\n\n<li>pomoc w t\u0142umaczeniu z j\u0119zyka polskiego na j\u0119zyk ojczysty dziecka i jego rodziny (oraz odwrotnie), zar\u00f3wno podczas zaj\u0119\u0107 szkolnych jak i podczas zebra\u0144 rodzic\u00f3w oraz spotka\u0144 indywidualnych z dyrekcj\u0105 lub kadr\u0105 pedagogiczn\u0105 szko\u0142y,<\/li>\n\n\n\n<li>po\u015bredniczenie w kontaktach pomi\u0119dzy szko\u0142\u0105 a rodzicami lub opiekunami prawnymi dzieci migranckich,<\/li>\n\n\n\n<li>wspieranie w rozwi\u0105zywaniu konflikt\u00f3w zw. z r\u00f3\u017cnicami kulturowymi, religijnymi itp.<\/li>\n\n\n\n<li>dostarczanie kadrze szko\u0142y wiedzy o r\u00f3\u017cnicach kulturowych i wp\u0142ywie do\u015bwiadczenia migracji na spos\u00f3b funkcjonowania dziecka w szkole,<\/li>\n\n\n\n<li>inicjowanie i wspieranie dzia\u0142a\u0144 maj\u0105cych na celu integracj\u0119 dzieci, rodzic\u00f3w oraz ca\u0142ej spo\u0142eczno\u015bci szkolnej.<\/li>\n<\/ol>\n\n\n\n<p>\u00a7 23.<\/p>\n\n\n\n<p>1.&nbsp; Wewn\u0105trzszkolny System Doradztwa Zawodowego w szkole obejmuje og\u00f3\u0142 dzia\u0142a\u0144 podejmowanych w celu prawid\u0142owego przygotowania uczni\u00f3w do wyboru dalszej drogi kszta\u0142cenia.<\/p>\n\n\n\n<p>2.&nbsp; Celem g\u0142\u00f3wnym WSDZ jest przygotowanie uczni\u00f3w do trafnego wyboru drogi dalszego kszta\u0142cenia i&nbsp;zawodu. Cel g\u0142\u00f3wny wykazuje konieczno\u015b\u0107 kszta\u0142cenia u uczni\u00f3w konkretnych umiej\u0119tno\u015bci i dyspozycji, niezb\u0119dnych do prawid\u0142owego funkcjonowania w r\u00f3\u017cnych rolach zawodowych i spo\u0142ecznych. Jest zobowi\u0105zaniem ca\u0142ej spo\u0142eczno\u015bci szkolnej do systematycznych oddzia\u0142ywa\u0144 wychowawczo-doradczych.<\/p>\n\n\n\n<p>3.&nbsp; Osi\u0105gni\u0119ciu cel\u00f3w og\u00f3lnych s\u0142u\u017c\u0105 cele szczeg\u00f3\u0142owe, dzi\u0119ki kt\u00f3rym uczniowie:<\/p>\n\n\n\n<ol class=\"wp-block-list\">\n<li>rozwijaj\u0105 umiej\u0119tno\u015bci pracy zespo\u0142owej;<\/li>\n\n\n\n<li>wiedz\u0105, jak si\u0119 uczy\u0107 i rozwija\u0107 swoje zainteresowania, pasje i talenty;<\/li>\n\n\n\n<li>posiadaj\u0105 informacje o zawodach z najbli\u017cszego otoczenia.<\/li>\n<\/ol>\n\n\n\n<p>4.&nbsp; Nauczyciele prowadz\u0105cy zaj\u0119cia WSDZ:<\/p>\n\n\n\n<ol class=\"wp-block-list\">\n<li>potrafi\u0105 diagnozowa\u0107 potrzeby i zasoby uczni\u00f3w;<\/li>\n\n\n\n<li>rozwijaj\u0105 talenty, zainteresowania, zdolno\u015bci, predyspozycje, motywuj\u0105 do podj\u0119cia okre\u015blonych dzia\u0142a\u0144;<\/li>\n\n\n\n<li>wspieraj\u0105 rodzic\u00f3w w procesie doradczym, udzielaj\u0105 informacji lub kieruj\u0105 do specjalist\u00f3w;<\/li>\n\n\n\n<li>znaj\u0105 ofert\u0119 szk\u00f3\u0142, zasady rekrutacji i udost\u0119pniaj\u0105 te informacje zainteresowanym uczniom;<\/li>\n\n\n\n<li>w\u0142\u0105czaj\u0105 rodzic\u00f3w, przedstawicieli instytucji i zak\u0142ad\u00f3w pracy w proces orientacji i\u00a0doradztwa zawodowego w szkole,<\/li>\n\n\n\n<li>posiadaj\u0105 wiedz\u0119 na temat aktualnego zapotrzebowania na rynku pracy.<\/li>\n<\/ol>\n\n\n\n<p>5.&nbsp;&nbsp;&nbsp; Za realizacj\u0119 WSDZ odpowiada Dyrektor Szko\u0142y, doradca zawodowy, pedagog, psycholog szkolny, bibliotekarz, nauczyciele przedmiotowi, wychowawcy i inne osoby wspomagaj\u0105ce dzia\u0142ania doradcze.<\/p>\n\n\n\n<p>6.&nbsp;&nbsp;&nbsp; Tre\u015bci z zakresu doradztwa zawodowego s\u0105 realizowane w&nbsp;szkole w ci\u0105gu roku szkolnego, zgodnie z odr\u0119bnymi przepisami.<\/p>\n\n\n\n<p>7.&nbsp; Formy dzia\u0142a\u0144 adresowane do uczni\u00f3w szko\u0142y obejmuj\u0105:<\/p>\n\n\n\n<ol class=\"wp-block-list\">\n<li>badanie (diagnoz\u0119) zapotrzebowania na dzia\u0142ania doradcze prowadzone w Szkole (wywiad, kwestionariusz ankiety);<\/li>\n\n\n\n<li>zaj\u0119cia warsztatowe (grupowe) s\u0142u\u017c\u0105ce rozbudzeniu \u015bwiadomo\u015bci konieczno\u015bci planowania w\u0142asnego rozwoju i kariery zawodowej, umo\u017cliwiaj\u0105ce poznanie siebie i\u00a0swoich predyspozycji zawodowych;<\/li>\n\n\n\n<li>warsztaty doskonal\u0105ce umiej\u0119tno\u015bci w zakresie komunikacji interpersonalnej i\u00a0wsp\u00f3\u0142dzia\u0142ania w grupie, radzenie sobie ze stresem;<\/li>\n\n\n\n<li>udost\u0119pnianie informacji o zawodach, szko\u0142ach;<\/li>\n\n\n\n<li>spotkania z przedstawicielami r\u00f3\u017cnych zawod\u00f3w;<\/li>\n\n\n\n<li>prowadzenie k\u00f3\u0142ek zainteresowa\u0144 dla uczni\u00f3w;<\/li>\n\n\n\n<li>udzielanie indywidualnych porad uczniom;<\/li>\n\n\n\n<li>organizowanie wycieczek.<\/li>\n<\/ol>\n\n\n\n<p>8.&nbsp; Metody w poradnictwie grupowym najcz\u0119\u015bciej stosowane w pracy doradczej to:<\/p>\n\n\n\n<p>1)&nbsp;&nbsp;&nbsp; aktywizuj\u0105ce problemowe &#8211; burza m\u00f3zg\u00f3w, dyskusja;<\/p>\n\n\n\n<p>2)&nbsp;&nbsp;&nbsp; metoda dramy &#8211; inscenizacje i odgrywanie r\u00f3l;<\/p>\n\n\n\n<p>3)&nbsp;&nbsp;&nbsp; metody testowe &#8211; kwestionariusze, ankiety, testy;<\/p>\n\n\n\n<p>4)&nbsp;&nbsp;&nbsp; metody audiowizualne &#8211; filmy edukacyjne, zasoby Internetu i programy multimedialne, prezentacje multimedialne;<\/p>\n\n\n\n<p>5)&nbsp;&nbsp;&nbsp; treningi umiej\u0119tno\u015bci spo\u0142ecznych, mini wyk\u0142ady, pogadanki.<\/p>\n\n\n\n<p>9.&nbsp; Oczekiwane efekty wynikaj\u0105ce z wdro\u017cenia WSDZ w szkole obejmuj\u0105:<\/p>\n\n\n\n<p>1)&nbsp;&nbsp;&nbsp; kszta\u0142towanie aktywno\u015bci zawodowej uczni\u00f3w;<\/p>\n\n\n\n<p>2)&nbsp;&nbsp;&nbsp; pomoc rodzinie w kszta\u0142towaniu okre\u015blonych postaw i zachowa\u0144 zwi\u0105zanych z&nbsp;planowaniem kariery zawodowej ich dzieci;<\/p>\n\n\n\n<p>3)&nbsp;&nbsp;&nbsp; dost\u0119p do informacji zawodowej dla uczni\u00f3w, nauczycieli oraz rodzic\u00f3w;<\/p>\n\n\n\n<p>4)&nbsp;&nbsp;&nbsp; \u015bwiadome, trafniejsze decyzje edukacyjne i zawodowe;<\/p>\n\n\n\n<p>5)&nbsp;&nbsp;&nbsp; mniej niepowodze\u0144 szkolnych.&nbsp;&nbsp;<\/p>\n\n\n\n<p>\u00a7 24.<\/p>\n\n\n\n<ol class=\"wp-block-list\">\n<li>Szko\u0142a prowadzi bibliotek\u0119.<\/li>\n\n\n\n<li>Biblioteka szkolna jest centrum dydaktyczno-informacyjnym dla uczni\u00f3w, ich rodzic\u00f3w i\u00a0nauczycieli.<\/li>\n\n\n\n<li>Biblioteka szkolna s\u0142u\u017cy realizacji program\u00f3w nauczania i wychowania, wspiera doskonalenie zawodowe nauczycieli, uczestniczy w przygotowaniu uczni\u00f3w do samokszta\u0142cenia i korzystania z innych bibliotek.<\/li>\n\n\n\n<li>Kierunkami pracy biblioteki s\u0105:<\/li>\n\n\n\n<li>zaspakajanie zg\u0142aszanych przez czytelnik\u00f3w potrzeb czytelniczych i informacyjnych,<\/li>\n\n\n\n<li>wsp\u00f3\u0142praca z gronem pedagogicznym w zakresie edukacji czytelniczej i medialnej uczni\u00f3w,<\/li>\n\n\n\n<li>wspieranie nauczycieli w realizacji zada\u0144 wynikaj\u0105cych z planu pracy szko\u0142y, w tym program\u00f3w nauczania, wychowania i profilaktyki oraz w pracy tw\u00f3rczej,<\/li>\n\n\n\n<li>pomaganie wszystkim uczniom w nauce i wyrabianie umiej\u0119tno\u015bci przetwarzania i\u00a0przyswajaniu informacji, w zale\u017cno\u015bci od jej formy, \u015brodka przekazu, kana\u0142u komunikacyjnego,<\/li>\n\n\n\n<li>szerzenie idei m\u00f3wi\u0105cej, \u017ce wolno\u015b\u0107 intelektualna i wolny dost\u0119p do informacji s\u0105 zasadnicz\u0105 warto\u015bci\u0105, warunkiem efektywnego i odpowiedzialnego uczestnictwa obywatela w \u017cyciu spo\u0142ecznym,<\/li>\n\n\n\n<li>wsp\u00f3\u0142praca z dyrekcj\u0105 szko\u0142y w zakresie unowocze\u015bniania bazy dydaktycznej.\n<ol class=\"wp-block-list\">\n<li>Zbiory biblioteki tworz\u0105:<\/li>\n<\/ol>\n<\/li>\n\n\n\n<li>ksi\u0105\u017cki: wydawnictwa informacyjne, s\u0142owniki, encyklopedie, kompendia wiedzy, lektury zgodne z kanonem lektur, literatur\u0119 naukow\u0105 i popularnonaukow\u0105, beletrystyka,<\/li>\n\n\n\n<li>podr\u0119czniki szkolne i materia\u0142y edukacyjne dla uczni\u00f3w,<\/li>\n\n\n\n<li>przepisy o\u015bwiatowe i szkolne,<\/li>\n\n\n\n<li>czasopisma dla nauczycieli i uczni\u00f3w,<\/li>\n\n\n\n<li>p\u0142yty CD,<\/li>\n\n\n\n<li>inne pomoce dydaktyczne w miar\u0119 potrzeb.<\/li>\n<\/ol>\n\n\n\n<p>6.&nbsp; Inwentaryzacja zbior\u00f3w w bibliotece szkolnej \u2013 skontrum, przeprowadzana jest zgodnie z&nbsp;odr\u0119bnymi przepisami.<\/p>\n\n\n\n<p>7.&nbsp; Biblioteka szkolna wsp\u00f3\u0142pracuje z:<\/p>\n\n\n\n<ol class=\"wp-block-list\">\n<li>uczniami w zakresie:<\/li>\n<\/ol>\n\n\n\n<p>a) rozbudzania i rozwijania indywidualnych zainteresowa\u0144 czytelniczych uczni\u00f3w;<\/p>\n\n\n\n<p>b) pog\u0142\u0119biania i wyrabiania u uczni\u00f3w nawyku czytania i samokszta\u0142cenia;<\/p>\n\n\n\n<p>c) kszta\u0142towania u uczni\u00f3w umiej\u0119tno\u015bci poszanowania podr\u0119cznik\u00f3w i&nbsp;odpowiedzialno\u015bci za ich wsp\u00f3lne u\u017cytkowanie;<\/p>\n\n\n\n<p>d) organizowania pomocy w odrabianiu zada\u0144 domowych.<\/p>\n\n\n\n<ul class=\"wp-block-list\">\n<li>nauczycielami w zakresie:<\/li>\n<\/ul>\n\n\n\n<p>a) udost\u0119pniania program\u00f3w nauczania, podr\u0119cznik\u00f3w, materia\u0142\u00f3w edukacyjnych i&nbsp;materia\u0142\u00f3w \u0107wiczeniowych;<\/p>\n\n\n\n<p>b) udost\u0119pniania literatury metodycznej, naukowej oraz zbior\u00f3w multimedialnych;<\/p>\n\n\n\n<p>c) przekazywania wychowawcom informacji o stanie czytelnictwa uczni\u00f3w oraz sposobie wywi\u0105zania si\u0119 z dbania o wsp\u00f3lne podr\u0119czniki.<\/p>\n\n\n\n<ul class=\"wp-block-list\">\n<li>rodzicami w zakresie:<\/li>\n<\/ul>\n\n\n\n<p>a) wyposa\u017cenia uczni\u00f3w w bezp\u0142atne podr\u0119czniki, materia\u0142y edukacyjne i materia\u0142y \u0107wiczeniowe;<\/p>\n\n\n\n<p>b) przekazywania informacji o stanie czytelnictwa uczni\u00f3w oraz sposobie wywi\u0105zania si\u0119 z dbania o wsp\u00f3lne podr\u0119czniki;<\/p>\n\n\n\n<p>c) popularyzowania wiedzy pedagogicznej, psychologii rozwojowej oraz sposob\u00f3w przezwyci\u0119\u017cania trudno\u015bci w nauce i wychowaniu dzieci i m\u0142odzie\u017cy.<\/p>\n\n\n\n<p>8.&nbsp; Biblioteka wsp\u00f3\u0142pracuje z pracownikami szko\u0142y, rad\u0105 rodzic\u00f3w, innymi bibliotekami oraz instytucjami kulturalno-o\u015bwiatowymi w zakresie organizowania lekcji bibliotecznych oraz wymiany ksi\u0105\u017cek, materia\u0142\u00f3w edukacyjnych i zbior\u00f3w multimedialnych.<\/p>\n\n\n\n<p>9.&nbsp; Szczeg\u00f3\u0142ow\u0105 dzia\u0142alno\u015b\u0107 biblioteki, prawa i obowi\u0105zki czytelnik\u00f3w okre\u015bla regulamin biblioteki szkolnej.<\/p>\n\n\n\n<p>10. Szko\u0142a zapewnia dost\u0119p do bezp\u0142atnych podr\u0119cznik\u00f3w oraz materia\u0142\u00f3w edukacyjnych dla uczni\u00f3w klas. Podr\u0119czniki oraz materia\u0142y edukacyjne s\u0105 wypo\u017cyczane uczniom przez bibliotek\u0119 szkoln\u0105 wed\u0142ug regulaminu zatwierdzonego przez dyrektora szko\u0142y.<\/p>\n\n\n\n<p>11. Uczniom bior\u0105cym systematyczny udzia\u0142 w pracach biblioteki szkolnej mog\u0105 by\u0107 przyznane nagrody na koniec roku szkolnego.<\/p>\n\n\n\n<p>\u00a7 25.<\/p>\n\n\n\n<p>1. W szkole dzia\u0142a \u015bwietlica dla uczni\u00f3w.<\/p>\n\n\n\n<p>2. Do \u015bwietlicy przyjmowane s\u0105 dzieci, kt\u00f3re przebywaj\u0105 d\u0142u\u017cej w szkole ze wzgl\u0119du na czas pracy ich rodzic\u00f3w, organizacj\u0119 dojazdu do szko\u0142y lub inne okoliczno\u015bci wymagaj\u0105ce zapewnienia uczniowi opieki.<\/p>\n\n\n\n<p>3. \u015awietlica prowadzi zaj\u0119cia w grupach wychowawczych. Grupa wychowawcza w \u015bwietlicy nie mo\u017ce przekracza\u0107 25 uczni\u00f3w.<\/p>\n\n\n\n<p>4.&nbsp; Godziny pracy \u015bwietlicy dostosowuje si\u0119 do tygodniowego rozk\u0142adu zaj\u0119\u0107.<\/p>\n\n\n\n<p>5.&nbsp; Do zada\u0144 \u015bwietlicy nale\u017cy:<\/p>\n\n\n\n<ol class=\"wp-block-list\">\n<li>organizowanie pomocy w nauce, tworzenie warunk\u00f3w do nauki w\u0142asnej, przyzwyczajanie do\u00a0samodzielnej pracy umys\u0142owej,<\/li>\n\n\n\n<li>organizowanie gier i zabaw ruchowych oraz innych form kultury fizycznej, w\u00a0pomieszczeniach i na powietrzu, maj\u0105cych na celu prawid\u0142owy rozw\u00f3j fizyczny,<\/li>\n\n\n\n<li>ujawnianie i rozwijanie zainteresowa\u0144, zami\u0142owa\u0144 i uzdolnie\u0144, organizowanie zaj\u0119\u0107 w\u00a0tym zakresie,<\/li>\n\n\n\n<li>stwarzanie warunk\u00f3w do uczestnictwa w kulturze, organizowanie kulturalnej rozrywki oraz kszta\u0142towanie nawyk\u00f3w kultury \u017cycia codziennego,<\/li>\n\n\n\n<li>upowszechnianie zasad kultury zdrowotnej,<\/li>\n\n\n\n<li>rozwijanie samodzielno\u015bci i samorz\u0105dno\u015bci oraz spo\u0142ecznej aktywno\u015bci,<\/li>\n\n\n\n<li>wsp\u00f3\u0142dzia\u0142anie z rodzicami i nauczycielami uczestnik\u00f3w \u015bwietlicy, a w miar\u0119 potrzeby z\u00a0plac\u00f3wkami upowszechniania kultury, sportu i rekreacji oraz innymi instytucjami i\u00a0stowarzyszeniami funkcjonuj\u0105cymi w \u015brodowisku.<\/li>\n\n\n\n<li>Pracownicy pedagogiczni \u015bwietlicy wchodz\u0105 w sk\u0142ad rady pedagogicznej.<\/li>\n<\/ol>\n\n\n\n<p>\u00a7 26.<\/p>\n\n\n\n<p>1.&nbsp; W szkole organizuje si\u0119 do\u017cywianie w formie obiad\u00f3w z uwzgl\u0119dnieniem zasad zdrowego \u017cywienia dzieci i m\u0142odzie\u017cy.<\/p>\n\n\n\n<p>2.&nbsp; Posi\u0142ki wydawane w szkole spe\u0142niaj\u0105 wymagania, jakie musz\u0105 spe\u0142nia\u0107 \u015brodki spo\u017cywcze stosowane w ramach \u017cywienia zbiorowego dzieci i m\u0142odzie\u017cy w jednostkach systemu o\u015bwiaty oraz normy \u017cywienia maj\u0105c na wzgl\u0119dzie warto\u015bci od\u017cywcze i zdrowotne.<\/p>\n\n\n\n<p>3.&nbsp; Z obiad\u00f3w mog\u0105 korzysta\u0107 uczniowie i pracownicy szko\u0142y.<\/p>\n\n\n\n<p>4.&nbsp; Korzystanie z do\u017cywiania jest odp\u0142atne.<\/p>\n\n\n\n<p>5.&nbsp; Zasady odp\u0142atno\u015bci za korzystanie z posi\u0142k\u00f3w okre\u015blaj\u0105 odr\u0119bne przepisy.<\/p>\n\n\n\n<p>\u00a7 27.<\/p>\n\n\n\n<ol class=\"wp-block-list\">\n<li>Uwzgl\u0119dniaj\u0105c potrzeby rozwojowe uczni\u00f3w, szko\u0142a organizuje pomoc psychologiczno-pedagogiczn\u0105.<\/li>\n\n\n\n<li>Pomoc psychologiczno &#8211; pedagogiczn\u0105 w szkole organizuje dyrektor szko\u0142y.<\/li>\n\n\n\n<li>Liczb\u0119 uczestnik\u00f3w zaj\u0119\u0107 z zakresu pomocy psychologiczno-pedagogicznej okre\u015blaj\u0105 odr\u0119bne przepisy.<\/li>\n\n\n\n<li>Pomoc psychologiczno-pedagogiczna mo\u017ce by\u0107 udzielana uczniowi poprzez jego udzia\u0142 w\u00a0zaj\u0119ciach rozwijaj\u0105cych uzdolnienia lub zaj\u0119ciach dydaktyczno-wyr\u00f3wnawczych oraz innych zaj\u0119ciach organizowanych przez nauczycieli i specjalist\u00f3w.<\/li>\n\n\n\n<li>W przypadku ucznia posiadaj\u0105cego opini\u0119 PPP lub orzeczenie o potrzebie kszta\u0142cenia specjalnego planowanie i koordynowanie udzielania pomocy psychologiczno-pedagogicznej, w tym ustalenie dla ucznia form udzielania tej pomocy, a tak\u017ce okres ich udzielania oraz wymiar godzin, w kt\u00f3rych te formy b\u0119d\u0105 udzielane, jest zadaniem zespo\u0142u powo\u0142ywanego corocznie przez dyrektora szko\u0142y.<\/li>\n\n\n\n<li>Zesp\u00f3\u0142 sk\u0142ada si\u0119 z nauczycieli i specjalist\u00f3w prowadz\u0105cych zaj\u0119cia z uczniem.<\/li>\n\n\n\n<li>Dyrektor wyznacza osob\u0119 koordynuj\u0105c\u0105 prace zespo\u0142u.<\/li>\n<\/ol>\n\n\n\n<p>\u00a7 28.<\/p>\n\n\n\n<p>1.&nbsp; Pomoc materialna dla uczni\u00f3w:<\/p>\n\n\n\n<ol class=\"wp-block-list\">\n<li>w celu zapewnienia prawid\u0142owej realizacji zada\u0144 opieku\u0144czych, w szczeg\u00f3lno\u015bci wspierania prawid\u0142owego rozwoju uczni\u00f3w, szko\u0142a daje mo\u017cliwo\u015b\u0107 korzystania z\u00a0ciep\u0142ych posi\u0142k\u00f3w w\u00a0sto\u0142\u00f3wce, prowadzonej na terenie szko\u0142y przez Miejski O\u015brodek Pomocy Spo\u0142ecznej w\u00a0Zelowie,<\/li>\n\n\n\n<li>ucze\u0144 mo\u017ce otrzyma\u0107 stypendium socjalne \u2013 o ile szko\u0142a dysponuje \u015brodkami przeznaczonymi na ten cel. Szczeg\u00f3\u0142owy regulamin przyznawania tej formy pomocy okre\u015bla dyrektor szko\u0142y w\u00a0porozumieniu z rad\u0105 pedagogiczn\u0105 i prezydium rady rodzic\u00f3w opracowuj\u0105c regulamin udzielania stypendium,<\/li>\n\n\n\n<li>szko\u0142a mo\u017ce udziela\u0107 stypendium za wyniki w nauce lub za osi\u0105gni\u0119cia sportowe. Stypendium za wyniki w nauce mo\u017ce by\u0107 przyznane uczniowi, kt\u00f3ry uzyska\u0142 wysok\u0105 \u015bredni\u0105 ocen oraz co najmniej bardzo dobr\u0105 ocen\u0119 zachowania w p\u00f3\u0142roczu poprzedzaj\u0105cym p\u00f3\u0142rocze, w kt\u00f3rym przyznaje si\u0119 to stypendium, \u00a0a stypendium za osi\u0105gni\u0119cia sportowe mo\u017ce by\u0107 przyznane uczniowi, kt\u00f3ry uzyska\u0142 wysokie wyniki we wsp\u00f3\u0142zawodnictwie sportowym na szczeblu co najmniej mi\u0119dzyszkolnym oraz co najmniej dobr\u0105 ocen\u0119 zachowania w p\u00f3\u0142roczu poprzedzaj\u0105cym p\u00f3\u0142rocze, w kt\u00f3rym przyznaje si\u0119 to stypendium.<\/li>\n<\/ol>\n\n\n\n<p>2.&nbsp; Pomoc materialn\u0105 organizuje i koordynuje na terenie szko\u0142y pedagog szkolny wsp\u00f3\u0142dzia\u0142aj\u0105c w&nbsp;tym zakresie z instytucjami i organizacjami \u015bwiadcz\u0105cymi statutowo tak\u0105 pomoc lub \u015bwiadcz\u0105cymi pomoc dora\u017anie.<\/p>\n\n\n\n<p>3.&nbsp; Szko\u0142a wsp\u00f3\u0142dzia\u0142a w organizowaniu opieki zdrowotnej nad uczniami wsp\u00f3\u0142pracuj\u0105c z&nbsp;zak\u0142adem opieki zdrowotnej na zasadach okre\u015blonych w rozporz\u0105dzeniu Ministerstwa Zdrowia w sprawie zakresu organizacji oraz form opieki zdrowotnej nad uczniami.<\/p>\n\n\n\n<p>\u00a7 29.<\/p>\n\n\n\n<ol class=\"wp-block-list\">\n<li>Szko\u0142a wsp\u00f3\u0142pracuje z poradni\u0105 psychologiczno-pedagogiczn\u0105 oraz innymi instytucjami wspieraj\u0105cymi prac\u0119 szko\u0142y celem:<\/li>\n\n\n\n<li>uzyskania wsparcia merytorycznego dla nauczycieli i specjalist\u00f3w udzielaj\u0105cych uczniom i rodzicom pomocy psychologiczno-pedagogicznej w szkole,<\/li>\n\n\n\n<li>udzielania rodzicom i nauczycielom pomocy psychologiczno-pedagogicznej zwi\u0105zanej z\u00a0wychowywaniem i kszta\u0142ceniem dzieci i m\u0142odzie\u017cy.\n<ol class=\"wp-block-list\">\n<li>W szkole mog\u0105 dzia\u0142a\u0107, z wyj\u0105tkiem partii i organizacji politycznych, stowarzyszenia i inne organizacje, kt\u00f3rych celem statutowym jest dzia\u0142alno\u015b\u0107 wychowawcza albo rozszerzanie i\u00a0 wzbogacanie form dzia\u0142alno\u015bci dydaktycznej, wychowawczej i opieku\u0144czej szko\u0142y.\n<ol class=\"wp-block-list\">\n<li>Podj\u0119cie dzia\u0142alno\u015bci w szkole przez stowarzyszenie lub inn\u0105 organizacj\u0119, wymaga uzyskania zgody dyrektora szko\u0142y, wyra\u017conej po uprzednim uzgodnieniu warunk\u00f3w tej dzia\u0142alno\u015bci oraz po uzyskaniu pozytywnej opinii rady pedagogicznej.<\/li>\n<\/ol>\n<\/li>\n<\/ol>\n<\/li>\n<\/ol>\n\n\n\n<p>\u00a7 30.<\/p>\n\n\n\n<p>1.&nbsp; Sta\u0142\u0105 opiek\u0119 zdrowotn\u0105 nad uczniami w siedzibie szko\u0142y sprawuje zgodnie<br>ze swoimi uprawnieniami zawodowymi piel\u0119gniarka \u2013 higienistka szkolna. &nbsp;Pod nieobecno\u015b\u0107 piel\u0119gniarki \u2013 higienistki, pierwszej pomocy udzielaj\u0105 nauczyciele maj\u0105cy bezpo\u015bredni kontakt z poszkodowanym uczniem.<\/p>\n\n\n\n<p>2. Zadania piel\u0119gniarki \u2013 higienistki szkolnej okre\u015blone s\u0105 w odr\u0119bnych przepisach.<\/p>\n\n\n\n<p>3.&nbsp; Piel\u0119gniarka w realizacji swoich zada\u0144 wsp\u00f3\u0142pracuje z lekarzem zatrudnionym<br>w Zespole Opieki Zdrowotnej, Terenow\u0105 Stacj\u0105 Sanitarno-Epidemiologiczn\u0105, rodzicami uczni\u00f3w, dyrektorem szko\u0142y i rad\u0105 pedagogiczn\u0105.<\/p>\n\n\n\n<p>4. W szkole jest powo\u0142any zesp\u00f3\u0142 ds. udzielania pierwszej pomocy przedmedycznej.<\/p>\n\n\n\n<p>Rozdzia\u0142 5.<\/p>\n\n\n\n<p><strong>Organizacja nauczania zdalnego<\/strong><\/p>\n\n\n\n<p>\u00a7 31<\/p>\n\n\n\n<ol class=\"wp-block-list\">\n<li>Zdalne nauczanie organizowane jest w sytuacjach szczeg\u00f3lnych, na podstawie i w zakresie obowi\u0105zuj\u0105cych, odr\u0119bnych przepis\u00f3w prawa.<\/li>\n\n\n\n<li>Dyrektor Szko\u0142y okre\u015bla szczeg\u00f3\u0142ow\u0105 okresow\u0105 organizacj\u0119 zaj\u0119\u0107, w tym tygodniowy plan zaj\u0119\u0107 na okres realizacji nauczania zdalnego uwzgl\u0119dniaj\u0105cy czas przeznaczony na wykorzystanie technologii informacyjno \u2013 komunikacyjnej podczas zaj\u0119\u0107 oraz czas bez jej wykorzystania.<\/li>\n\n\n\n<li>Szczeg\u00f3\u0142owa organizacja nauczania musi uwzgl\u0119dnia\u0107:<\/li>\n\n\n\n<li>r\u00f3wnomierne obci\u0105\u017cenie uczni\u00f3w w poszczeg\u00f3lnych dniach tygodnia, zr\u00f3\u017cnicowanie zaj\u0119\u0107 w ka\u017cdym dniu;<\/li>\n\n\n\n<li>mo\u017cliwo\u015bci psychofizyczne uczni\u00f3w dotycz\u0105ce podejmowania wysi\u0142ku umys\u0142owego w ci\u0105gu dnia, \u0142\u0105czenie przemienne kszta\u0142cenia z u\u017cyciem monitor\u00f3w i bez ich u\u017cycia; ograniczenia wynikaj\u0105ce ze specyfiki zaj\u0119\u0107,<\/li>\n\n\n\n<li>mo\u017cliwo\u015bci techniczne i organizacyjne dost\u0119pu do proponowanych form nauczania przez nauczycieli i uczni\u00f3w;<\/li>\n\n\n\n<li>bezpiecze\u0144stwo i ochron\u0119 danych osobowych w procesie zdalnego nauczania i uczenia si\u0119;<\/li>\n\n\n\n<li>Dyrektor szko\u0142y pozyskuje informacje od nauczycieli i rodzic\u00f3w o ich potrzebach zwi\u0105zanych z organizacj\u0105 zdalnego nauczania.<\/li>\n\n\n\n<li>Dyrektor szko\u0142y w porozumieniu z organem prowadz\u0105cym zapewnia mo\u017cliwo\u015b\u0107 korzystania w procesie nauczania i wychowania z infrastruktury informatycznej oraz Internetu na terenie szko\u0142y.<\/li>\n\n\n\n<li>Dyrektor szko\u0142y w porozumieniu z organem prowadz\u0105cym organizuje mo\u017cliwo\u015b\u0107 u\u017cyczania nauczycielom oraz rodzicom uczni\u00f3w sprz\u0119tu niezb\u0119dnego do realizacji przez ucznia i nauczyciela zaj\u0119\u0107 w z wykorzystaniem technik kszta\u0142cenia na odleg\u0142o\u015b\u0107.<\/li>\n\n\n\n<li>Dyrektor przygotowuje szko\u0142\u0119, we wsp\u00f3\u0142pracy z nauczycielami i organem prowadz\u0105cym, do korzystania z wybranego oprogramowania, platform e-learningowych umo\u017cliwiaj\u0105cych komunikacj\u0119 i zdalne prowadzenie zaj\u0119\u0107<\/li>\n<\/ol>\n\n\n\n<p>\u00a7 32.<\/p>\n\n\n\n<ol start=\"1\" class=\"wp-block-list\">\n<li>Podstawowym zadaniem szko\u0142y w realizacji jej zada\u0144 i cel\u00f3w statutowych w czasie zdalnego nauczania jest zapewnienie realizacji podstawy programowej w formach i terminach dostosowanych do ogranicze\u0144 na\u0142o\u017conych przepisami prawa w tym okresie.<\/li>\n\n\n\n<li>Programy nauczania wnioskowane do dopuszczenia przez dyrektora do realizacji powinny uwzgl\u0119dnia\u0107 formy i zasady pracy z wykorzystaniem technologii informacyjno \u2013 komunikacyjnych.<\/li>\n\n\n\n<li>Zaj\u0119cia realizowane s\u0105 w formach wskazanych przez dyrektora szko\u0142y w porozumieniu z nauczycielami. Je\u017celi to mo\u017cliwe, prowadzone s\u0105 w formie:<\/li>\n\n\n\n<li>nauczania synchronicznego, podczas kt\u00f3rego ucze\u0144 i nauczyciel s\u0105 w bezpo\u015brednim kontakcie w trakcie lekcji online;<\/li>\n\n\n\n<li>nauczania asynchronicznego zak\u0142adaj\u0105cego przekazywanie informacji bez bezpo\u015bredniego kontaktu ucznia z nauczycielem: uczniowie otrzymuj\u0105 informacje dotycz\u0105ce materia\u0142u do nauki za pomoc\u0105 Internetu poprzez poczt\u0119 elektroniczn\u0105, media spo\u0142eczno\u015bciowe, wirtualne lekcje, filmy, audiobooki, dyskusje online, zintegrowan\u0105 platform\u0119 edukacyjn\u0105 epodreczniki.pl i inne zasoby, kt\u00f3re wska\u017ce nauczyciel;<\/li>\n\n\n\n<li>przekazywania informacji z wykorzystaniem dziennika elektronicznego oraz innych bezpiecznych komunikator\u00f3w, zapewniaj\u0105cych dost\u0119p do zaj\u0119\u0107 dla ka\u017cdego ucznia oraz ochron\u0119 danych osobowych nauczycieli, uczni\u00f3w i ich rodzic\u00f3w;<\/li>\n\n\n\n<li>wskazywania materia\u0142\u00f3w w postaci elektronicznej;<\/li>\n\n\n\n<li>wykorzystania podr\u0119cznik\u00f3w, \u0107wicze\u0144, kart pracy, b\u0119d\u0105cych w posiadaniu uczni\u00f3w<\/li>\n\n\n\n<li>materia\u0142\u00f3w i funkcjonalno\u015bci Zintegrowanej Platformy Edukacyjnej udost\u0119pnionej przez ministra w\u0142a\u015bciwego do spraw o\u015bwiaty i wychowania pod adresem zpe.gov.pl;<\/li>\n\n\n\n<li>materia\u0142\u00f3w dost\u0119pnych na stronach internetowych urz\u0119du obs\u0142uguj\u0105cego ministra w\u0142a\u015bciwego do spraw o\u015bwiaty i wychowania, stronach internetowych jednostek podleg\u0142ych temu ministrowi lub przez niego nadzorowanych, w tym na stronach internetowych Centralnej Komisji Egzaminacyjnej i okr\u0119gowych komisji egzaminacyjnych;<\/li>\n\n\n\n<li>przekazywania wydrukowanych przez Szko\u0142\u0119 materia\u0142\u00f3w dla uczni\u00f3w;<\/li>\n\n\n\n<li>\u00a0Zaj\u0119cia dla uczni\u00f3w odbywaj\u0105 si\u0119 wed\u0142ug nast\u0119puj\u0105cych zasad:<\/li>\n\n\n\n<li>lekcje i zaj\u0119cia dodatkowe s\u0105 organizowane poprzez platform\u0119 Microsoft Office 365 Teams;<\/li>\n\n\n\n<li>materia\u0142y do pracy dla uczni\u00f3w oraz prace samodzielne uczni\u00f3w przekazywane s\u0105 poprzez platform\u0119 Microsoft Teams, dziennik elektroniczny Librus lub innymi kana\u0142ami informacyjnymi po uzgodnieniu z rodzicami;<\/li>\n\n\n\n<li>uczniowie potwierdzaj\u0105 swoj\u0105 obecno\u015b\u0107 na zaj\u0119ciach poprzez zg\u0142aszanie si\u0119 na wezwanie nauczyciela w trybie g\u0142osowym lub, je\u015bli to mo\u017cliwe, w trybie wideo oraz poprzez aktywno\u015bci podejmowane podczas zaj\u0119\u0107;<\/li>\n\n\n\n<li>zaj\u0119cia odbywaj\u0105 si\u0119 zgodnie z obowi\u0105zuj\u0105cym tygodniowym rozk\u0142adem zaj\u0119\u0107;<\/li>\n\n\n\n<li>Zasady bezpiecznego uczestnictwa uczni\u00f3w w zaj\u0119ciach w odniesieniu do ustalonych technologii informacyjno-komunikacyjnych s\u0105 nast\u0119puj\u0105ce<\/li>\n\n\n\n<li>uczniowie otrzymuj\u0105 indywidualne loginy i has\u0142a dost\u0119pu do wykorzystywanych platform;<\/li>\n\n\n\n<li>nie nale\u017cy udost\u0119pnia\u0107 danych dost\u0119powych innym osobom;<\/li>\n\n\n\n<li>nale\u017cy logowa\u0107 si\u0119 przy u\u017cyciu prawdziwego imienia i nazwiska;<\/li>\n\n\n\n<li>nie nale\u017cy utrwala\u0107 wizerunku os\u00f3b uczestnicz\u0105cych w zaj\u0119ciach;<\/li>\n\n\n\n<li>nale\u017cy korzysta\u0107 z materia\u0142\u00f3w pochodz\u0105cych z bezpiecznych \u017ar\u00f3de\u0142;<\/li>\n\n\n\n<li>W szczeg\u00f3lnych przypadkach, gdy ucze\u0144 nie mo\u017ce z przyczyn obiektywnych skorzysta\u0107 z ustalonej formy nauczania i uczenia si\u0119, spos\u00f3b realizacji podstaw programowych, oceniania oraz komunikowania si\u0119 nauczycieli z uczniem i rodzicem mo\u017ce by\u0107 ustalany indywidualnie.<\/li>\n\n\n\n<li>Udzia\u0142 uczni\u00f3w w ustalonych zaj\u0119ciach on-line oraz realizacja przekazanych zdalnie przez nauczycieli zada\u0144 i prac s\u0105 obowi\u0105zkowe.<\/li>\n\n\n\n<li>Brak obecno\u015bci ucznia na zaj\u0119ciach prowadzonych on-line oraz brak aktywno\u015bci ucznia w realizacji zada\u0144 w innych formach ustalonych dla zdalnego nauczania i uczenia si\u0119, uwa\u017ca si\u0119 za brak realizacji obowi\u0105zku szkolnego.<\/li>\n<\/ol>\n\n\n\n<p>\u00a7 33.<\/p>\n\n\n\n<ol class=\"wp-block-list\">\n<li>W realizacji nauczania w formie zdalnej bior\u0105 udzia\u0142 wszyscy nauczyciele szko\u0142y, w zakresie przydzielonych zada\u0144.<\/li>\n\n\n\n<li>O\u00a0 przydziale zada\u0144 w okresie nauczania zdalnego decyduje dyrektor szko\u0142y, bior\u0105c pod uwag\u0119 kwalifikacje i mo\u017cliwo\u015bci nauczycieli.<\/li>\n\n\n\n<li>Prac\u0119 oraz komunikacj\u0119 z uczniami i rodzicami danej klasy koordynuje wychowawca klasy.<\/li>\n\n\n\n<li>Do zada\u0144 wychowawcy nale\u017cy przede wszystkim:<\/li>\n\n\n\n<li>przygotowywanie i przesy\u0142anie\u00a0\u00a0\u00a0 uczniom zada\u0144 dostosowanych do ich potrzeb i mo\u017cliwo\u015bci;<\/li>\n\n\n\n<li>udzielanie uczniom wsparcia i pomocy w nauce on-line;<\/li>\n\n\n\n<li>uzyskanie kontaktu z uczniami, kt\u00f3rzy nie podj\u0119li nauki on-line i organizacja ich pracy we wsp\u00f3\u0142pracy z rodzicami, zgodnie z mo\u017cliwo\u015bciami;<\/li>\n\n\n\n<li>Podstawowym kana\u0142em komunikacji pomi\u0119dzy szko\u0142\u0105 a uczniami i rodzicami jest dziennik elektroniczny Librus. Za przyj\u0119cie wiadomo\u015bci uwa\u017ca si\u0119 odczytanie jej w dzienniku Librus.<\/li>\n\n\n\n<li>Wychowawca ma obowi\u0105zek uzyska\u0107 od uczni\u00f3w lub rodzic\u00f3w informacj\u0119, czy ucze\u0144 posiada mo\u017cliwo\u015b\u0107 dost\u0119pu do dziennika elektronicznego oraz ustalonych komunikator\u00f3w, kt\u00f3rymi przesy\u0142ane s\u0105 zadania i prowadzone zaj\u0119cia on-line przez nauczycieli. W razie rozpoznanych trudno\u015bci wychowawca lub nauczyciel wsp\u00f3\u0142pracuj\u0105cy w porozumieniu z dyrektorem szko\u0142y udziela uczniowi niezb\u0119dnego wsparcia.<\/li>\n\n\n\n<li>W szczeg\u00f3lnych przypadkach wychowawca mo\u017ce w porozumieniu z rodzicem ustali\u0107 inny, bezpieczny i mo\u017cliwy do udokumentowania spos\u00f3b komunikacji i formy zdalnego uczenia si\u0119.<\/li>\n<\/ol>\n\n\n\n<p>\u00a7 34.<\/p>\n\n\n\n<ol class=\"wp-block-list\">\n<li>Na wyznaczone zaj\u0119cia on-line ucze\u0144 do\u0142\u0105cza punktualnie, o godzinie okre\u015blaj\u0105cej pocz\u0105tek zaj\u0119\u0107, opuszcza je po ich zako\u0144czeniu przez nauczyciela.<\/li>\n\n\n\n<li>Ucze\u0144 powinien by\u0107 do lekcji przygotowany, czyli powinien posiada\u0107 niezb\u0119dne, okre\u015blone przez nauczyciela podr\u0119czniki, zeszyty oraz pomoce dydaktyczne.<\/li>\n\n\n\n<li>Ucze\u0144 ma obowi\u0105zek bra\u0107 aktywny udzia\u0142 w zaj\u0119ciach lekcyjnych, wykonywa\u0107 polecenia nauczycieli, zgodnie wsp\u00f3\u0142pracowa\u0107 w ich realizacji z innymi uczniami.<\/li>\n\n\n\n<li>Podczas lekcji prowadzonych on-line ucze\u0144 powinien okazywa\u0107 szacunek innym uczestnikom spotkania tj.:<\/li>\n\n\n\n<li>wygl\u0105da\u0107 schludnie;<\/li>\n\n\n\n<li>zachowanie ucznia podczas zaj\u0119\u0107 szkolnych powinno cechowa\u0107 si\u0119 dba\u0142o\u015bci\u0105 o kultur\u0119 j\u0119zyka<\/li>\n\n\n\n<li>wypowiadanie w\u0142asnych pogl\u0105d\u00f3w i s\u0142uchanie wypowiedzi innych odbywa\u0107 si\u0119 powinno w czasie wyznaczonym przez nauczyciela;<\/li>\n\n\n\n<li>niedopuszczalne jest dezorganizowanie pracy podczas zaj\u0119\u0107 i zak\u0142\u00f3canie ich toku;<\/li>\n\n\n\n<li>Zaj\u0119cia prowadzone on-line s\u0105 przeznaczone tylko dla uczni\u00f3w szko\u0142y. Udzia\u0142 w zaj\u0119ciach\u00a0\u00a0<\/li>\n<\/ol>\n\n\n\n<p>on-line innych os\u00f3b oraz nagrywanie przebiegu spotkania jest mo\u017cliwe jedynie po uzyskaniu wcze\u015bniejszej zgody dyrektora.<\/p>\n\n\n\n<p>\u00a7 35.<\/p>\n\n\n\n<ol class=\"wp-block-list\">\n<li>Zaj\u0119cia\u00a0 prowadzone\u00a0 z\u00a0 uczniami\u00a0 i\u00a0 wychowankami,\u00a0 w\u00a0 tym\u00a0 r\u00f3wnie\u017c\u00a0 zaj\u0119cia\u00a0 dodatkowe i\u00a0 zaj\u0119cia\u00a0 z\u00a0 zakresu\u00a0 pomocy\u00a0 psychologiczno\u00a0 \u2013\u00a0 pedagogicznej\u00a0 dokumentowane\u00a0 s\u0105 w dzienniku elektronicznym lub w inny spos\u00f3b okre\u015blony przez dyrektora szko\u0142y, umo\u017cliwiaj\u0105cy kontrol\u0119 realizacji przyj\u0119tych plan\u00f3w pracy i program\u00f3w.<\/li>\n\n\n\n<li>Godziny pracy nauczycieli, w tym godziny ponadwymiarowe, rozliczane s\u0105 na podstawie dokumentacji przeprowadzonych zaj\u0119\u0107. Spos\u00f3b dokumentowania ustala dyrektor.<\/li>\n\n\n\n<li>W okresie organizacji nauczania zdalnego rada pedagogiczna oraz powo\u0142ane zespo\u0142y nauczycieli mog\u0105 odbywa\u0107 swoje spotkania w formule on-line, zgodnie z przyj\u0119tym regulaminem.<\/li>\n\n\n\n<li>Zebrania z rodzicami, konsultacje dla rodzic\u00f3w s\u0105 organizowane on-line.<\/li>\n\n\n\n<li>Na czas realizacji nauczania w formie zdalnej dyrektor szko\u0142y ustala inne zadania dla nauczycieli i pracownik\u00f3w niepedagogicznych, kt\u00f3rzy nie mog\u0105 z przyczyn obiektywnych w pe\u0142ni realizowa\u0107 swoich dotychczasowych zada\u0144 i obowi\u0105zk\u00f3w zgodnie z przydzielonym wcze\u015bniej zakresem.<\/li>\n\n\n\n<li>Szko\u0142a, w granicach posiadanych zasob\u00f3w i mo\u017cliwo\u015bci bud\u017cetowych udziela wsparcia nauczycielom oraz uczniom w formie bezp\u0142atnego wypo\u017cyczania sprz\u0119tu szkolnego u\u0142atwiaj\u0105cego zdalne nauczanie i uczenie si\u0119.<\/li>\n<\/ol>\n\n\n\n<p>Rozdzia\u0142 6.<br>Zakres zada\u0144 nauczycieli i innych pracownik\u00f3w szko\u0142y<\/p>\n\n\n\n<p>\u00a7 36.<\/p>\n\n\n\n<ol class=\"wp-block-list\">\n<li>Szko\u0142a zatrudnia nauczycieli i pracownik\u00f3w samorz\u0105dowych nieb\u0119d\u0105cych nauczycielami.\n<ol class=\"wp-block-list\">\n<li>Zasady zatrudniania nauczycieli reguluje ustawa Karta Nauczyciela, a pracownik\u00f3w nieb\u0119d\u0105cych nauczycielami okre\u015blaj\u0105 przepisy ustawy Kodeksu Pracy.\n<ol class=\"wp-block-list\">\n<li>Kwalifikacje wymagane od nauczycieli i pracownik\u00f3w nieb\u0119d\u0105cych nauczycielami okre\u015blaj\u0105 odr\u0119bne przepisy.<\/li>\n<\/ol>\n<\/li>\n<\/ol>\n<\/li>\n<\/ol>\n\n\n\n<p>\u00a7 37.<\/p>\n\n\n\n<ol class=\"wp-block-list\">\n<li>Nauczyciel w swoich dzia\u0142aniach dydaktycznych, wychowawczych i opieku\u0144czych ma obowi\u0105zek kierowania si\u0119 dobrem uczni\u00f3w, trosk\u0105 o ich zdrowie, postaw\u0119 moraln\u0105 i\u00a0obywatelsk\u0105 z poszanowaniem godno\u015bci osobistej ucznia, w oparciu o zasady solidarno\u015bci, demokracji, tolerancji, sprawiedliwo\u015bci i wolno\u015bci.<ol><li>Nauczyciel obowi\u0105zany jest: rzetelnie realizowa\u0107 zadania zwi\u0105zane z powierzonym mu stanowiskiem oraz podstawowymi funkcjami szko\u0142y: dydaktyczn\u0105, wychowawcz\u0105 i\u00a0opieku\u0144cz\u0105.<\/li><\/ol><ol><li>Podstawowym obowi\u0105zkiem ka\u017cdego nauczyciela okre\u015blonego przedmiotu jest pe\u0142na realizacja podstawy programowej kszta\u0142cenia og\u00f3lnego i przyj\u0119tego w szkole programu nauczania.<\/li><\/ol>\n<ol class=\"wp-block-list\">\n<li>Do zada\u0144 nauczyciela nale\u017cy:<\/li>\n<\/ol>\n<\/li>\n\n\n\n<li>realizowanie programu wychowawczo-profilaktycznego szko\u0142y,<\/li>\n\n\n\n<li>efektywnie realizowanie przyj\u0119tego programu nauczania,<\/li>\n\n\n\n<li>przygotowanie rozk\u0142adu materia\u0142u;<\/li>\n\n\n\n<li>w\u0142a\u015bciwe organizowanie procesu nauczania,<\/li>\n\n\n\n<li>ocenianie uczni\u00f3w zgodnie z obowi\u0105zuj\u0105cymi przepisami i przedmiotowymi zasadami oceniania,<\/li>\n\n\n\n<li>dokonywanie systematycznej ewaluacji swojej pracy,<\/li>\n\n\n\n<li>zapewnianie bezpiecze\u0144stwa uczniom w czasie lekcji, przerw i zaj\u0119\u0107 pozalekcyjnych oraz wszelkiego typu wyj\u015b\u0107, wycieczek, przestrzeganie przepis\u00f3w bhp i zarz\u0105dze\u0144 dyrektora szko\u0142y w tym zakresie,<\/li>\n\n\n\n<li>kontrolowanie obecno\u015bci uczni\u00f3w na wszystkich zaj\u0119ciach i niezw\u0142oczne informowanie wychowawcy klasy o niezapowiedzianej nieobecno\u015bci,<\/li>\n\n\n\n<li>w miar\u0119 mo\u017cliwo\u015bci zapobieganie niepowodzeniom szkolnym uczni\u00f3w,<\/li>\n\n\n\n<li>indywidualizowanie procesu nauczania,<\/li>\n\n\n\n<li>wspieranie ka\u017cdego ucznia w jego rozwoju,<\/li>\n\n\n\n<li>troszczenie si\u0119 o powierzone mu pomoce dydaktyczne i maj\u0105tek szko\u0142y.<\/li>\n\n\n\n<li>Nauczyciel odpowiada s\u0142u\u017cbowo przed dyrektorem szko\u0142y za:<\/li>\n\n\n\n<li>poziom wynik\u00f3w dydaktycznych, wychowawczych w zakresie prowadzonych dzia\u0142a\u0144 edukacyjnych stosownie do realizowanego programu nauczania i warunk\u00f3w w jakich dzia\u0142a,<\/li>\n\n\n\n<li>za stan warsztatu pracy, sprz\u0119t\u00f3w i urz\u0105dze\u0144 oraz \u015brodk\u00f3w dydaktycznych mu przydzielonych.<\/li>\n<\/ol>\n\n\n\n<p>6. Nauczyciel odpowiada s\u0142u\u017cbowo, ewentualnie cywilnie lub karnie za:<\/p>\n\n\n\n<ol class=\"wp-block-list\">\n<li>tragiczne skutki wynik\u0142e z braku swego nadzoru nad bezpiecze\u0144stwem uczni\u00f3w i\u00a0wychowank\u00f3w podczas zaj\u0119\u0107 prowadzonych na terenie szko\u0142y i poza ni\u0105, w czasie dy\u017cur\u00f3w mi\u0119dzylekcyjnych mu przydzielonych,<\/li>\n\n\n\n<li>nieprzestrzeganie procedury post\u0119powania po zaistnieniu wypadku ucznia b\u0105d\u017a wychowanka lub na wypadek po\u017caru,<\/li>\n\n\n\n<li>zniszczenie lub strat\u0119 element\u00f3w maj\u0105tku i wyposa\u017cenia szko\u0142y przydzielonych mu przez dyrektora szko\u0142y, a wynikaj\u0105ce z nieporz\u0105dku, braku nadzoru i zabezpieczenia.<\/li>\n<\/ol>\n\n\n\n<p>\u00a7 38.<\/p>\n\n\n\n<p>1. Do zada\u0144 wychowawcy klasy nale\u017cy:<\/p>\n\n\n\n<ol class=\"wp-block-list\">\n<li>tworzenie warunk\u00f3w wspomagaj\u0105cych rozw\u00f3j ucznia, jego proces uczenia si\u0119 oraz przygotowanie do \u017cycia w rodzinie i w spo\u0142ecze\u0144stwie,<\/li>\n\n\n\n<li>inspirowanie i wspomaganie dzia\u0142a\u0144 zespo\u0142owych uczni\u00f3w,<\/li>\n\n\n\n<li>podejmowanie dzia\u0142a\u0144 umo\u017cliwiaj\u0105cych rozwi\u0105zywanie konflikt\u00f3w w zespole uczni\u00f3w oraz pomi\u0119dzy uczniami a innymi cz\u0142onkami spo\u0142eczno\u015bci szkolnej,<\/li>\n\n\n\n<li>wsp\u00f3\u0142dzia\u0142anie z nauczycielami ucz\u0105cymi w jego oddziale, uzgadnianie z nimi i\u00a0koordynowanie ich dzia\u0142a\u0144 edukacyjnych i wychowawczych,<\/li>\n\n\n\n<li>utrzymywanie kontaktu z rodzicami uczni\u00f3w,<\/li>\n\n\n\n<li>wsp\u00f3\u0142praca z pedagogiem szkolnym i innymi specjalistami \u015bwiadcz\u0105cymi wykwalifikowan\u0105 pomoc w rozpoznawaniu potrzeb i trudno\u015bci, tak\u017ce zdrowotnych, oraz zainteresowa\u0144 i szczeg\u00f3lnych uzdolnie\u0144 uczni\u00f3w.<\/li>\n<\/ol>\n\n\n\n<p>2. Wychowawca prowadzi dziennik lekcyjny klasy w formie elektronicznej oraz &nbsp;arkusze ocen.<\/p>\n\n\n\n<p>\u00a7 39.<\/p>\n\n\n\n<ol class=\"wp-block-list\">\n<li>Wychowawca \u015bwietlicy odpowiada za zdrowie i bezpiecze\u0144stwo powierzonych jego opiece dzieci przez ca\u0142y czas pobytu dzieci w \u015bwietlicy szkolnej.<\/li>\n\n\n\n<li>Ponosi odpowiedzialno\u015b\u0107 za sprz\u0119t \u015bwietlicowy i pomoce do zaj\u0119\u0107.<\/li>\n\n\n\n<li>Jest zobowi\u0105zany do respektowania polece\u0144 dyrektora szko\u0142y.<\/li>\n\n\n\n<li>Jest cz\u0142onkiem rady pedagogicznej i ponosi wsp\u00f3\u0142odpowiedzialno\u015b\u0107 za realizowanie programu wychowawczo-profilaktycznego szko\u0142y.<\/li>\n\n\n\n<li>Wychowawc\u0119 \u015bwietlicy obowi\u0105zuje:<\/li>\n\n\n\n<li>opracowanie rocznego planu pracy \u015bwietlicy szkolnej,<\/li>\n\n\n\n<li>rekrutacja dzieci do \u015bwietlicy,<\/li>\n\n\n\n<li>praca wychowawcza z dzie\u0107mi w wymiarze godzin okre\u015blonym odr\u0119bnymi przepisami, zgodnie z ustalonym harmonogramem zaj\u0119\u0107,<\/li>\n\n\n\n<li>przygotowanie si\u0119 do zaj\u0119\u0107 i doskonalenie metod pracy,<\/li>\n\n\n\n<li>sta\u0142a opieka nad powierzon\u0105 grup\u0105 wychowank\u00f3w,<\/li>\n\n\n\n<li>realizowanie zada\u0144 przewidzianych rocznym planem pracy \u015bwietlicy szkolnej,<\/li>\n\n\n\n<li>organizowanie zespo\u0142\u00f3w zainteresowa\u0144 zgodnie z potrzebami dzieci,<\/li>\n\n\n\n<li>systematyczne wdra\u017canie wychowank\u00f3w do poszanowania mienia spo\u0142ecznego, \u0142adu i\u00a0porz\u0105dku,<\/li>\n\n\n\n<li>przestrzeganie przepis\u00f3w BHP w czasie zaj\u0119\u0107 i wycieczek,<\/li>\n\n\n\n<li>organizowanie imprez \u015bwietlicowych zgodnie z kalendarzem imprez uj\u0119tym w planie pracy \u015bwietlicy szkolnej,<\/li>\n\n\n\n<li>zwalnianie do dom\u00f3w wychowank\u00f3w zgodnie z \u017cyczeniem rodzic\u00f3w zg\u0142oszonym na pi\u015bmie.<\/li>\n\n\n\n<li>Wychowawc\u0119 \u015bwietlicy obowi\u0105zuje szeroka wsp\u00f3\u0142praca ze szko\u0142\u0105\u00a0i domem rodzinnym wychowank\u00f3w.<\/li>\n<\/ol>\n\n\n\n<p>\u00a7 40.<\/p>\n\n\n\n<ol class=\"wp-block-list\">\n<li>Do zada\u0144 pedagoga \u00a0nale\u017cy pomoc wychowawcom klas, a w szczeg\u00f3lno\u015bci:<\/li>\n\n\n\n<li>rozpoznawanie indywidualnych potrzeb uczni\u00f3w oraz analizowanie przyczyn niepowodze\u0144 szkolnych,<\/li>\n\n\n\n<li>okre\u015blanie form i sposob\u00f3w udzielania uczniom, w tym uczniom z wybitnymi uzdolnieniami, pomocy psychologiczno-pedagogicznej, odpowiednio do rozpoznanych potrzeb,<\/li>\n\n\n\n<li>organizowanie i prowadzenie r\u00f3\u017cnych form pomocy psychologiczno-pedagogicznej dla uczni\u00f3w, rodzic\u00f3w i nauczycieli,<\/li>\n\n\n\n<li>podejmowanie dzia\u0142a\u0144 wychowawczych i profilaktycznych wynikaj\u0105cych z programu wychowawczo &#8211;\u00a0 profilaktycznego w stosunku do uczni\u00f3w, z udzia\u0142em rodzic\u00f3w i\u00a0nauczycieli,<\/li>\n\n\n\n<li>wspieranie dzia\u0142a\u0144 wychowawczych i opieku\u0144czych nauczycieli, wynikaj\u0105cych z\u00a0programu wychowawczego \u2013 profilaktycznego,<\/li>\n\n\n\n<li>planowanie i koordynowanie zada\u0144 realizowanych przez szko\u0142\u0119 na rzecz uczni\u00f3w, rodzic\u00f3w i nauczycieli w zakresie wyboru przez uczni\u00f3w kierunku kszta\u0142cenia,<\/li>\n\n\n\n<li>dzia\u0142anie na rzecz zorganizowania opieki i pomocy materialnej uczniom znajduj\u0105cym si\u0119 w trudnej sytuacji \u017cyciowej,<\/li>\n\n\n\n<li>udzielanie r\u00f3\u017cnych form pomocy psychologicznej i pedagogicznej uczniom realizuj\u0105cym indywidualny program lub tok nauki,<\/li>\n\n\n\n<li>wsp\u00f3\u0142dzia\u0142anie w opracowaniu programu wychowawczo &#8211; profilaktycznego w szkole i\u00a0ich ewaluacji,<\/li>\n\n\n\n<li>organizowanie r\u00f3\u017cnych form terapii uczniom niedostosowanym spo\u0142ecznie,<\/li>\n\n\n\n<li>wsp\u00f3\u0142dzia\u0142anie z poradni\u0105 psychologiczno-pedagogiczn\u0105 i poradniami specjalistycznymi, kieruj\u0105c do nich wszystkich potrzebuj\u0105cych,<\/li>\n\n\n\n<li>wsp\u00f3\u0142dzia\u0142anie z instytucjami, organizacjami i stowarzyszeniami opieku\u0144czo-wychowawczymi.<\/li>\n\n\n\n<li>Pedagog\u00a0 szkolny wykonuje inne zadania zlecone przez dyrektora szko\u0142y.<\/li>\n<\/ol>\n\n\n\n<p>\u00a7 41.<\/p>\n\n\n\n<ol class=\"wp-block-list\">\n<li>Do zada\u0144 pedagoga specjalnego i psychologa w szkole nale\u017cy w szczeg\u00f3lno\u015bci:<\/li>\n\n\n\n<li>rekomendowanie dyrektorowi szko\u0142y do realizacji dzia\u0142a\u0144 w zakresie zapewnienia aktywnego i pe\u0142nego uczestnictwa uczni\u00f3w w \u017cyciu przedszkola, szko\u0142y i plac\u00f3wki oraz dost\u0119pno\u015bci, o kt\u00f3rej mowa w ustawie z dnia 19 lipca 2019 r. o zapewnianiu dost\u0119pno\u015bci osobom ze szczeg\u00f3lnymi potrzebami,<\/li>\n\n\n\n<li>prowadzenie bada\u0144 i dzia\u0142a\u0144 diagnostycznych zwi\u0105zanych z rozpoznawaniem indywidualnych potrzeb rozwojowych i edukacyjnych oraz mo\u017cliwo\u015bci psychofizycznych uczni\u00f3w w celu okre\u015blenia mocnych stron, predyspozycji, zainteresowa\u0144 i uzdolnie\u0144 uczni\u00f3w oraz przyczyn niepowodze\u0144 edukacyjnych lub trudno\u015bci w funkcjonowaniu uczni\u00f3w, w tym barier i ogranicze\u0144 utrudniaj\u0105cych funkcjonowanie ucznia i jego uczestnictwo w \u017cyciu szko\u0142y,<\/li>\n\n\n\n<li>rozwi\u0105zywaniu problem\u00f3w dydaktycznych i wychowawczych uczni\u00f3w,<\/li>\n\n\n\n<li>okre\u015blaniu niezb\u0119dnych do nauki warunk\u00f3w, sprz\u0119tu specjalistycznego i \u015brodk\u00f3w dydaktycznych, w tym wykorzystuj\u0105cych technologie informacyjno-komunikacyjne, odpowiednich ze wzgl\u0119du na indywidualne potrzeby rozwojowe i edukacyjne oraz mo\u017cliwo\u015bci psychofizyczne ucznia;<\/li>\n\n\n\n<li>Wsp\u00f3\u0142praca z zespo\u0142em w zakresie opracowania i realizacji indywidualnego programu edukacyjno-terapeutycznego ucznia posiadaj\u0105cego orzeczenie o potrzebie kszta\u0142cenia specjalnego, w tym zapewnienia mu pomocy psychologiczno-pedagogicznej;<\/li>\n\n\n\n<li>Wspieranie nauczycieli, wychowawc\u00f3w grup wychowawczych i innych specjalist\u00f3w w:<\/li>\n\n\n\n<li>rozpoznawaniu przyczyn niepowodze\u0144 edukacyjnych uczni\u00f3w lub trudno\u015bci w ich funkcjonowaniu, w tym barier i ogranicze\u0144 utrudniaj\u0105cych funkcjonowanie ucznia i jego uczestnictwo w \u017cyciu szko\u0142y,<\/li>\n\n\n\n<li>udzielaniu pomocy psychologiczno-pedagogicznej w bezpo\u015bredniej pracy z uczniem,<\/li>\n\n\n\n<li>dostosowaniu sposob\u00f3w i metod pracy do indywidualnych potrzeb rozwojowych i edukacyjnych ucznia oraz jego mo\u017cliwo\u015bci psychofizycznych,<\/li>\n\n\n\n<li>doborze metod, form kszta\u0142cenia i \u015brodk\u00f3w \u00a0dydaktycznych do potrzeb uczni\u00f3w;<\/li>\n\n\n\n<li>udzielanie pomocy psychologiczno-pedagogicznej uczniom, rodzicom uczni\u00f3w i nauczycielom;<\/li>\n\n\n\n<li>Wsp\u00f3\u0142praca, w zale\u017cno\u015bci od potrzeb, z innymi podmiotami ( m.in. poradniami psychologiczno-pedagogicznymi, plac\u00f3wkami doskonalenia nauczycieli, innymi przedszkolami, szko\u0142ami i plac\u00f3wkami, organizacjami pozarz\u0105dowymi, pomoc\u0105 nauczyciela, pracownikiem socjalnym, asystentem rodziny);<\/li>\n\n\n\n<li>przedstawianie radzie pedagogicznej propozycji w zakresie doskonalenia zawodowego \u00a0\u00a0\u00a0\u00a0nauczycieli przedszkola, szko\u0142y lub plac\u00f3wki w zakresie wymienionych wy\u017cej zada\u0144.<\/li>\n<\/ol>\n\n\n\n<p>\u00a7 42.<\/p>\n\n\n\n<ol class=\"wp-block-list\">\n<li>Do zada\u0144 logopedy nale\u017cy w\u00a0 szczeg\u00f3lno\u015bci:<\/li>\n\n\n\n<li>diagnozowanie logopedyczne, w tym prowadzenie bada\u0144 przesiewowych w celu ustalenia stanu mowy oraz poziomu rozwoju j\u0119zykowego uczni\u00f3w;<\/li>\n\n\n\n<li>prowadzenie zaj\u0119\u0107 logopedycznych dla uczni\u00f3w oraz porad i konsultacji dla rodzic\u00f3w i nauczycieli w zakresie stymulacji rozwoju mowy uczni\u00f3w i eliminowania jej zaburze\u0144;<\/li>\n\n\n\n<li>podejmowanie dzia\u0142a\u0144 profilaktycznych zapobiegaj\u0105cych powstawaniu zaburze\u0144 komunikacji j\u0119zykowej we wsp\u00f3\u0142pracy z rodzicami uczni\u00f3w;<\/li>\n\n\n\n<li>wspieranie nauczycieli, wychowawc\u00f3w grup wychowawczych i innych specjalist\u00f3w w:<\/li>\n\n\n\n<li>rozpoznawaniu indywidualnych potrzeb rozwojowych i edukacyjnych oraz mo\u017cliwo\u015bci psychofizycznych uczni\u00f3w w celu okre\u015blenia mocnych stron, predyspozycji, zainteresowa\u0144 i uzdolnie\u0144 uczni\u00f3w oraz przyczyn niepowodze\u0144 edukacyjnych lub trudno\u015bci w funkcjonowaniu uczni\u00f3w, w tym barier i ogranicze\u0144 utrudniaj\u0105cych funkcjonowanie ucznia i jego uczestnictwo w \u017cyciu szko\u0142y i plac\u00f3wki,<\/li>\n\n\n\n<li>udzielaniu pomocy psychologiczno-pedagogicznej.\u00a0<\/li>\n<\/ol>\n\n\n\n<p>\u00a7 43.<\/p>\n\n\n\n<ol class=\"wp-block-list\">\n<li>Nauczyciel &#8211; bibliotekarz w zakresie pracy pedagogicznej:<\/li>\n\n\n\n<li>udost\u0119pnia zbiory uczniom, nauczycielom, rodzicom i innym pracownikom szko\u0142y,<\/li>\n\n\n\n<li>udziela informacji bibliotecznych,<\/li>\n\n\n\n<li>informuje uczni\u00f3w i nauczycieli o nowo\u015bciach wydawniczych,<\/li>\n\n\n\n<li>udziela porad w wyborach czytelniczych, zach\u0119ca uczni\u00f3w do \u015bwiadomego doboru lektury i do jej planowania,<\/li>\n\n\n\n<li>prowadzi zaj\u0119cia edukacyjne, czytelniczo-medialne w wymiarze okre\u015blonym<br>w\u00a0 odr\u0119bnych przepisach,<\/li>\n\n\n\n<li>udziela pomocy w przeprowadzaniu r\u00f3\u017cnych form zaj\u0119\u0107 dydaktyczno \u00adwychowawczych w\u00a0bibliotece, w organizowaniu pracy z ksi\u0105\u017ck\u0105, z czasopismem,<\/li>\n\n\n\n<li>organizuje r\u00f3\u017cne formy inspiracji czytelnictwa i rozwijania kultury w\u015br\u00f3d uczni\u00f3w, apele biblioteczne, dyskusje nad ksi\u0105\u017ckami, konkursy czytelnicze i inne imprezy czytelnicze, realizuje projekty dydaktyczno \u2013 wychowawcze.<\/li>\n\n\n\n<li>Nauczyciel &#8211; bibliotekarz dostosowuje formy i tre\u015bci pracy pedagogicznej<br>do wieku i poziomu intelektualnego uczni\u00f3w, \u015brodowiska, warunk\u00f3w pracy.<\/li>\n\n\n\n<li>W zakresie prac organizacyjnych nauczyciel bibliotekarz:<\/li>\n\n\n\n<li>gromadzi zbiory zgodne z potrzebami szko\u0142y,<\/li>\n\n\n\n<li>prowadzi ewidencj\u0119 zbior\u00f3w zgodnie z zasadami okre\u015blonymi w odr\u0119bnych przepisach,<\/li>\n\n\n\n<li>opracowuje zbiory biblioteczne,<\/li>\n\n\n\n<li>przeprowadza selekcj\u0119 zbior\u00f3w i ich konserwacj\u0119,<\/li>\n\n\n\n<li>organizuje warsztat informacyjny,<\/li>\n\n\n\n<li>organizuje udost\u0119pnianie zbior\u00f3w, w tym podr\u0119cznik\u00f3w i materia\u0142\u00f3w dydaktycznych dla<\/li>\n<\/ol>\n\n\n\n<p>pozaszkolnymi i innymi instytucjami kulturalnymi.<\/p>\n\n\n\n<ol class=\"wp-block-list\">\n<li>5.\u00a0 Nauczyciel &#8211; uczni\u00f3w na zasadach okre\u015blonych w Regulaminie Biblioteki,<\/li>\n\n\n\n<li>opracowuje roczne plany dzia\u0142alno\u015bci biblioteki,<\/li>\n\n\n\n<li>uzgadnia stan maj\u0105tkowy z ksi\u0119gowo\u015bci\u0105,<\/li>\n\n\n\n<li>projektuje wydatki biblioteki na rok kalendarzowy,<\/li>\n\n\n\n<li>bierze udzia\u0142 w kontroli ksi\u0119gozbioru\u00a0 \/ skontrum \/,<\/li>\n\n\n\n<li>odpowiada przed dyrektorem szko\u0142y za stan maj\u0105tkowy i dokumentacj\u0119 pracy.<\/li>\n<\/ol>\n\n\n\n<p>4. Nauczyciel &#8211; bibliotekarz w miar\u0119 mo\u017cliwo\u015bci wsp\u00f3\u0142pracuje z rodzicami uczni\u00f3w szko\u0142y, z&nbsp;bibliotekarzami bibliotekarz wykonuje inne zadania zlecone przez dyrektora szko\u0142y.<\/p>\n\n\n\n<p>\u00a7 44.<\/p>\n\n\n\n<p>1.&nbsp; W szkole mog\u0105 by\u0107 zatrudnieni dodatkowo nauczyciele posiadaj\u0105cy specjalne przygotowanie pedagogiczne oraz specjali\u015bci prowadz\u0105cy zaj\u0119cia rewalidacyjne.<\/p>\n\n\n\n<ol class=\"wp-block-list\">\n<li>Nauczyciel wspomagaj\u0105cy \u2013 z wykszta\u0142ceniem z zakresu pedagogiki specjalnej, terapeutycznej lub oligofrenopedagogiki:<\/li>\n<\/ol>\n\n\n\n<p>a) czuwa nad modyfikacj\u0105 program\u00f3w dla potrzeb dzieci niepe\u0142nosprawnych,<\/p>\n\n\n\n<p>b) wykazuje trosk\u0119 o elementy wsp\u00f3lne w nauczaniu r\u00f3\u017cnych przedmiot\u00f3w przy jednoczesnym wspomaganiu rozwoju indywidualnego dziecka niepe\u0142nosprawnego (opracowuje programy indywidualne programy edukacyjno &#8211; terapeutyczne dostosowane do mo\u017cliwo\u015bci dziecka niepe\u0142nosprawnego i odpowiada za post\u0119py tego dziecka),<\/p>\n\n\n\n<p>c) integruje prac\u0119 nauczycieli przedmiotowych,<\/p>\n\n\n\n<p>d) wspiera rodziny w zadaniach wychowawczych i opieku\u0144czych,<\/p>\n\n\n\n<p>e) \u015bci\u015ble wsp\u00f3\u0142pracuje z plac\u00f3wkami wspieraj\u0105cymi rozw\u00f3j dziecka niepe\u0142nosprawnego (poradnie psychologiczno-pedagogiczne, o\u015brodki specjalistyczne),<\/p>\n\n\n\n<p>f) realizuje program wychowawczy ze szczeg\u00f3lnym uwzgl\u0119dnieniem wychowania dla inno\u015bci i&nbsp;do \u017cycia w rodzinie, a tak\u017ce prowadzi zaj\u0119cia rewalidacyjne.<\/p>\n\n\n\n<ul class=\"wp-block-list\">\n<li>Rehabilitant:<\/li>\n<\/ul>\n\n\n\n<p>a) zapoznaje si\u0119 z potrzebami usprawniania ruchowego dzieci niepe\u0142nosprawnych na podstawie orzecze\u0144 lekarskich i wywiadu \u015brodowiskowego,<\/p>\n\n\n\n<p>b) opracowuje indywidualny program rehabilitacji dziecka niepe\u0142nosprawnego z uwzgl\u0119dnieniem jego potrzeb,<\/p>\n\n\n\n<p>c) wsp\u00f3\u0142pracuje z rodzicami (udziela wskaz\u00f3wek i zalece\u0144 dotycz\u0105cych kontynuacji \u0107wicze\u0144),<\/p>\n\n\n\n<p>d) wsp\u00f3\u0142pracuje z pedagogami (informuje o aktualnych osi\u0105gni\u0119ciach dziecka oraz zach\u0119ca do utrwalania ich w r\u00f3\u017cnych sytuacjach).<\/p>\n\n\n\n<p>\u00a7 45.<\/p>\n\n\n\n<p>1.&nbsp; Do zada\u0144 doradcy zawodowego nale\u017cy w szczeg\u00f3lno\u015bci:<\/p>\n\n\n\n<p>1)&nbsp;&nbsp;&nbsp; informowanie o zawodach istniej\u0105cych na rynku pracy;<\/p>\n\n\n\n<p>2)&nbsp;&nbsp;&nbsp; przygotowanie uczni\u00f3w do \u015bwiadomego wyboru dalszej \u015bcie\u017cki kszta\u0142cenia;<\/p>\n\n\n\n<p>3)&nbsp;&nbsp;&nbsp; wskazanie uczniom przes\u0142anek, jakimi nale\u017cy kierowa\u0107 si\u0119 przy wyborze szko\u0142y ponadpodstawowej;<\/p>\n\n\n\n<p>4)&nbsp;&nbsp;&nbsp; przedstawianie informacji na temat oferty edukacyjnej szk\u00f3\u0142 ponadpodstawowych;<\/p>\n\n\n\n<p>5)&nbsp;&nbsp;&nbsp; informowanie o wymaganiach na rynku pracy;<\/p>\n\n\n\n<p>6)&nbsp;&nbsp;&nbsp; kszta\u0142towanie umiej\u0119tno\u015bci i konsekwencji podejmowania samodzielnej decyzji.<\/p>\n\n\n\n<p>2.&nbsp; W przypadku braku doradcy zawodowego w szkole dyrektor wyznacza pedagoga lub innego specjalist\u0119 albo wychowawc\u0119 lub nauczyciela planuj\u0105cego i realizuj\u0105cego zadania z zakresu doradztwa edukacyjno-zawodowego.<\/p>\n\n\n\n<p>\u00a7 46.<\/p>\n\n\n\n<ol class=\"wp-block-list\">\n<li>Nauczyciele prowadz\u0105cy zaj\u0119cia na danym etapie edukacyjnym tworz\u0105 zespo\u0142y.<\/li>\n\n\n\n<li>Prac\u0105 ka\u017cdego zespo\u0142u nauczycielskiego kieruje powo\u0142any przez dyrektora szko\u0142y przewodnicz\u0105cy zespo\u0142u.<\/li>\n\n\n\n<li>Zadania zespo\u0142\u00f3w nauczycielskich obejmuj\u0105:<\/li>\n\n\n\n<li>zorganizowanie wsp\u00f3\u0142pracy nauczycieli dla uzgodnienia sposobu realizacji program\u00f3w nauczania, korelowanie tre\u015bci nauczania przedmiot\u00f3w pokrewnych a tak\u017ce uzgadnianie decyzji w sprawie wyboru program\u00f3w nauczania i podr\u0119cznik\u00f3w,<\/li>\n\n\n\n<li>wsp\u00f3lne opracowanie szczeg\u00f3\u0142owych kryteri\u00f3w oceniania uczni\u00f3w oraz badania wynik\u00f3w nauczania,<\/li>\n\n\n\n<li>organizowanie wewn\u0105trzszkolnego doskonalenia zawodowego oraz doradztwa metodycznego dla pocz\u0105tkuj\u0105cych nauczycieli,<\/li>\n\n\n\n<li>wsp\u00f3\u0142dzia\u0142anie w organizowaniu pracowni przedmiotowych, a tak\u017ce<br>w uzupe\u0142nianiu ich wyposa\u017cenia,<\/li>\n\n\n\n<li>wsp\u00f3lne opiniowanie przygotowanych w szkole autorskich, innowacyjnych<br>i eksperymentalnych program\u00f3w nauczania,<\/li>\n\n\n\n<li>koordynacj\u0119 oddzia\u0142ywa\u0144 wychowawczych realizowanych w szkole,<\/li>\n\n\n\n<li>wsp\u00f3\u0142prac\u0119 ze specjalistami i instytucjami \u015bwiadcz\u0105cymi kwalifikowan\u0105 pomoc psychologiczno-pedagogiczn\u0105 oraz w sprawach wychowawczych i opieku\u0144czych,<\/li>\n\n\n\n<li>rozpoznawanie w\u015br\u00f3d uczni\u00f3w warunk\u00f3w psychofizycznych, zdrowotnych, rodzinnych i materialnych oraz wnioskowanie do dyrektora szko\u0142y o udzielenie specjalistycznej pomocy uczniom jej potrzebuj\u0105cym.<\/li>\n<\/ol>\n\n\n\n<p>4.&nbsp; Nauczyciele klas I-III szko\u0142y podstawowej wsp\u00f3lnie ustalaj\u0105 szczeg\u00f3\u0142owe zasady formu\u0142owania ocen opisowych (klasyfikacyjnej oraz zachowania) oraz informuj\u0105 o nich uczni\u00f3w i rodzic\u00f3w na pocz\u0105tku ka\u017cdego roku szkolnego.<\/p>\n\n\n\n<p>5.&nbsp; Prace zespo\u0142\u00f3w nauczycielskich s\u0105 dokumentowane w formie sprawozda\u0144.<\/p>\n\n\n\n<p>6.&nbsp; Zespo\u0142y nauczycielskie przedstawiaj\u0105 dyrektorowi szko\u0142y roczny plan pracy i zadania do realizacji na pocz\u0105tku roku szkolnego. Podsumowanie pracy zespo\u0142u odbywa si\u0119 podczas ostatniego w danym roku szkolnym zebrania rady pedagogicznej \u2013 zesp\u00f3\u0142 przedstawia sprawozdanie.<\/p>\n\n\n\n<p>\u00a7 47.<\/p>\n\n\n\n<ol class=\"wp-block-list\">\n<li>Nauczyciele, wychowawcy oraz specjali\u015bci w szkole prowadz\u0105 w\u00a0szczeg\u00f3lno\u015bci obserwacj\u0119 pedagogiczn\u0105 w trakcie bie\u017c\u0105cej pracy z uczniami, maj\u0105c\u0105 na celu rozpoznanie u uczni\u00f3w trudno\u015bci w uczeniu si\u0119. W przypadku uczni\u00f3w klas I &#8211; III obserwacj\u0119 ryzyka wyst\u0105pienia specyficznych trudno\u015bci w uczeniu si\u0119 lub szczeg\u00f3lnych uzdolnie\u0144.<\/li>\n\n\n\n<li>Nauczyciele, wychowawcy lub specjali\u015bci informuj\u0105 bezzw\u0142ocznie wychowawc\u0119 klasy w\u00a0przypadku, gdy stwierdz\u0105, \u017ce ucze\u0144 ze wzgl\u0119du na potrzeby rozwojowe lub edukacyjne oraz mo\u017cliwo\u015bci psychofizyczne wymaga obj\u0119cia pomoc\u0105 psychologiczno-pedagogiczn\u0105.<\/li>\n\n\n\n<li>Wychowawca klasy informuje innych nauczycieli, wychowawc\u00f3w grup wychowawczych lub specjalist\u00f3w o potrzebie obj\u0119cia ucznia pomoc\u0105 psychologiczno \u2013 pedagogiczn\u0105 w trakcie ich bie\u017c\u0105cej pracy z uczniem \u2013 je\u017celi stwierdzi tak\u0105 potrzeb\u0119.<\/li>\n\n\n\n<li>W przypadku stwierdzenia przez wychowawc\u0119 klasy konieczno\u015bci obj\u0119cia ucznia pomoc\u0105 psychologiczno-pedagogiczn\u0105 wychowawca klasy planuje i koordynuje udzielanie uczniowi pomocy psychologiczno-pedagogicznej, w tym ustala wsp\u00f3lnie z dyrektorem szko\u0142y, formy udzielania tej pomocy, okres jej udzielania oraz wymiar godzin, w kt\u00f3rym poszczeg\u00f3lne formy b\u0119d\u0105 realizowane.<\/li>\n\n\n\n<li>Wychowawca klasy wsp\u00f3\u0142pracuje z rodzicami ucznia, innymi nauczycielami, poradni\u0105 psychologiczno-pedagogiczn\u0105, uwzgl\u0119dniaj\u0105c wnioski zawarte\u00a0 w dokumentacji ucznia.<\/li>\n\n\n\n<li>Do zada\u0144 nauczycieli prowadz\u0105cych zaj\u0119cia specjalistyczne (logopedyczne, socjoterapeutyczne, integracj\u0119 sensoryczn\u0105 , zaj\u0119cia korekcyjno-kompensacyjne i inne) w\u00a0ramach pomocy psychologiczno \u2013 pedagogicznej nale\u017cy: diagnozowanie uczni\u00f3w oraz odpowiednio do jego wynik\u00f3w, udzielanie uczniom pomocy\u00a0\u00a0 we wsp\u00f3\u0142pracy z\u00a0nauczycielami prowadz\u0105cymi zaj\u0119cia edukacyjne.<\/li>\n<\/ol>\n\n\n\n<p>\u00a7 48.<\/p>\n\n\n\n<ol class=\"wp-block-list\">\n<li>Pracownik szko\u0142y jest obowi\u0105zany wykonywa\u0107 prac\u0119 sumienniei starannie oraz stosowa\u0107 si\u0119 do polece\u0144 prze\u0142o\u017conych, kt\u00f3re dotycz\u0105 pracy, je\u017celi nie s\u0105 one sprzeczne z przepisami prawa lub umow\u0105 o prac\u0119.<\/li>\n\n\n\n<li>Pracownik jest obowi\u0105zany w szczeg\u00f3lno\u015bci:<\/li>\n\n\n\n<li>przestrzega\u0107 czasu pracy ustalonego w zak\u0142adzie pracy;<\/li>\n\n\n\n<li>przestrzega\u0107 regulaminu pracy i ustalonego w zak\u0142adzie pracy porz\u0105dku,<\/li>\n\n\n\n<li>przestrzega\u0107 przepis\u00f3w oraz zasad bezpiecze\u0144stwa i higieny pracy, a tak\u017ce przepis\u00f3w przeciwpo\u017carowych;<\/li>\n\n\n\n<li>dba\u0107 o dobro zak\u0142adu pracy, chroni\u0107 jego mienie;<\/li>\n\n\n\n<li>przestrzega\u0107 tajemnicy okre\u015blonej w odr\u0119bnych przepisach;<\/li>\n\n\n\n<li>przestrzega\u0107 w zak\u0142adzie pracy zasad wsp\u00f3\u0142\u017cycia spo\u0142ecznego.<\/li>\n<\/ol>\n\n\n\n<p>3.&nbsp; Zadaniem pracownik\u00f3w administracji i obs\u0142ugi jest zapewnienie sprawnego dzia\u0142ania szko\u0142y, utrzymanie obiektu i jego otoczenia w spos\u00f3b zapewniaj\u0105cy bezpiecze\u0144stwo uczni\u00f3w, dbanie o \u0142ad i czysto\u015b\u0107 <strong><\/strong><\/p>\n\n\n\n<p>4.&nbsp; Pracownicy nieb\u0119d\u0105cy nauczycielami maj\u0105 r\u00f3wnie\u017c obowi\u0105zek dbania o bezpiecze\u0144stwo uczni\u00f3w na terenie szko\u0142y.<strong><\/strong><\/p>\n\n\n\n<p>5. Szczeg\u00f3\u0142owy zakres obowi\u0105zk\u00f3w pracownik\u00f3w nieb\u0119d\u0105cych nauczycielami ustala dyrektor szko\u0142y.<strong><\/strong><\/p>\n\n\n\n<p>Rozdzia\u0142 7.<br>Uczniowie szko\u0142y i ich rodzice<\/p>\n\n\n\n<p>\u00a7 49.<\/p>\n\n\n\n<p>1.&nbsp; Zasady rekrutacji do szko\u0142y okre\u015blaj\u0105 odr\u0119bne przepisy.<\/p>\n\n\n\n<p>\u00a7 50.<\/p>\n\n\n\n<ol class=\"wp-block-list\">\n<li>Ucze\u0144 ma prawo do:<\/li>\n\n\n\n<li>zapoznawania si\u0119 z programem nauczania, z jego tre\u015bci\u0105, celem i stawianymi wymaganiami,<\/li>\n\n\n\n<li>kszta\u0142cenia si\u0119 oraz wychowania i opieki odpowiednich do wieku i osi\u0105gni\u0119tego rozwoju,<\/li>\n\n\n\n<li>organizacji \u017cycia szkolnego, umo\u017cliwiaj\u0105ce zachowanie w\u0142a\u015bciwych proporcji mi\u0119dzy wysi\u0142kiem szkolnym a mo\u017cliwo\u015bci\u0105 rozwijania i zaspokajania w\u0142asnych zainteresowa\u0144,<\/li>\n\n\n\n<li>dostosowania tre\u015bci, metod i organizacji nauczania do jego mo\u017cliwo\u015bci,<\/li>\n\n\n\n<li>korzystania z pomocy psychologiczno-pedagogicznej,<\/li>\n\n\n\n<li>w\u0142a\u015bciwie zorganizowanego procesu kszta\u0142cenia zgodnie z zasadami higieny pracy umys\u0142owej,<\/li>\n\n\n\n<li>sprawiedliwej, obiektywnej i jawnej oceny, ustalonych sposob\u00f3w kontroli post\u0119p\u00f3w w\u00a0nauce oraz znajomo\u015bci kryteri\u00f3w oceniania z zaj\u0119\u0107 edukacyjnych i zachowania,<\/li>\n\n\n\n<li>bezpiecznych i higienicznych warunk\u00f3w nauki, wychowania i opieki,<\/li>\n\n\n\n<li>korzystania z pomieszcze\u0144 szkolnych, sprz\u0119tu, \u015brodk\u00f3w dydaktycznych, ksi\u0119gozbioru biblioteki podczas zaj\u0119\u0107 szkolnych, pozaszkolnych i pozalekcyjnych,<\/li>\n\n\n\n<li>\u017cyczliwego, podmiotowego traktowania w procesie dydaktyczno-wychowawczym,<\/li>\n\n\n\n<li>zaj\u0119\u0107 pozalekcyjnych i pozaszkolnych rozwijaj\u0105cych jego zainteresowania i uzdolnienia,<\/li>\n\n\n\n<li>udzia\u0142u w zaj\u0119ciach dydaktyczno-wyr\u00f3wnawczych w przypadku trudno\u015bci w nauce,<\/li>\n\n\n\n<li>\u00a0bezp\u0142atnego transportu i opieki w czasie przewozu do szko\u0142y,<\/li>\n\n\n\n<li>wp\u0142ywania na \u017cycie szko\u0142y przez dzia\u0142alno\u015b\u0107 samorz\u0105dow\u0105, proponowanie zmian i\u00a0ulepsze\u0144 w \u017cyciu klasy i szko\u0142y,<\/li>\n\n\n\n<li>wyboru nauczyciela pe\u0142ni\u0105cego rol\u0119 opiekuna samorz\u0105du uczniowskiego,<\/li>\n\n\n\n<li>aktywnego udzia\u0142u w pracach samorz\u0105du uczniowskiego (m.in. czynne i bierne prawo wyborcze),<\/li>\n\n\n\n<li>sk\u0142adania wniosk\u00f3w i opinii za po\u015brednictwem samorz\u0105du uczniowskiego we wszystkich sprawach szko\u0142y, w tym sprawach dotycz\u0105cych realizacji wymienionych powy\u017cej podstawowych praw uczni\u00f3w,<\/li>\n\n\n\n<li>pomocy materialnej.<\/li>\n<\/ol>\n\n\n\n<p>\u00a7 51.<\/p>\n\n\n\n<ol class=\"wp-block-list\">\n<li>W przypadku naruszenia praw ucze\u0144 lub jego rodzic mo\u017ce z\u0142o\u017cy\u0107 skarg\u0119 do:<\/li>\n\n\n\n<li>wychowawcy klasy,<\/li>\n\n\n\n<li>pedagoga szkolnego,<\/li>\n\n\n\n<li>dyrektora szko\u0142y,<\/li>\n\n\n\n<li>Rzecznika Praw Uczni\u00f3w.\n<ol class=\"wp-block-list\">\n<li>Skarga powinna by\u0107 z\u0142o\u017cona na pi\u015bmie.<\/li>\n<\/ol>\n<\/li>\n\n\n\n<li>Wycofanie skargi powoduje wstrzymanie biegu rozpatrzenia skargi.<\/li>\n\n\n\n<li>Rozpatrzenie skargi nast\u0119puje w ci\u0105gu 7 dni od daty jej z\u0142o\u017cenia.<\/li>\n<\/ol>\n\n\n\n<p>\u00a7 52.<\/p>\n\n\n\n<ol class=\"wp-block-list\">\n<li>Ucze\u0144 ma obowi\u0105zek:<\/li>\n\n\n\n<li>ucz\u0119szcza\u0107 na zaj\u0119cia wynikaj\u0105ce z planu zaj\u0119\u0107, przybywa\u0107 na nie punktualnie. W\u00a0przypadku sp\u00f3\u017anienia na zaj\u0119cia, niezale\u017cnie od d\u0142ugo\u015bci sp\u00f3\u017anienia, ucze\u0144 zobowi\u0105zany jest do przybycia do sali, w kt\u00f3rej odbywaj\u0105 si\u0119 zaj\u0119cia,<\/li>\n\n\n\n<li>usprawiedliwi\u0107 nieobecno\u015b\u0107 na zaj\u0119ciach szkolnych. Usprawiedliwienie zobowi\u0105zany jest przed\u0142o\u017cy\u0107 w ci\u0105gu tygodnia od stawienia si\u0119 na zaj\u0119cia. Usprawiedliwienia nieobecno\u015bci ucznia dokonuj\u0105 rodzice lub prawni opiekunowie w formie pisemnego lub ustnego do wychowawcy o\u015bwiadczenia o\u00a0przyczynach nieobecno\u015bci ich dziecka na zaj\u0119ciach. O\u015bwiadczenie mo\u017ce by\u0107 podpisane przez jednego z rodzic\u00f3w lub opiekun\u00f3w. Dokumentem usprawiedliwiaj\u0105cym nieobecno\u015b\u0107 ucznia na zaj\u0119ciach jest tak\u017ce za\u015bwiadczenie lekarskie (orygina\u0142 albo kopia),<\/li>\n\n\n\n<li>zachowa\u0107 nale\u017cyt\u0105 uwag\u0119 w czasie zaj\u0119\u0107 lekcyjnych, nie rozmawia\u0107 z innymi uczniami w\u00a0czasie prowadzenia zaj\u0119\u0107 przez nauczyciela, zabiera\u0107 g\u0142os, gdy zostanie do tego upowa\u017cniony przez nauczyciela. Nauczyciel powinien umo\u017cliwi\u0107 uczniowi zabranie g\u0142osu w\u00a0czasie zaj\u0119\u0107 w ka\u017cdym przypadku, gdy ucze\u0144 zg\u0142osi taki zamiar,<\/li>\n\n\n\n<li>systematycznie przygotowywa\u0107 si\u0119 do zaj\u0119\u0107, odrabia\u0107 prace polecone przez nauczyciela do wykonania w domu,<\/li>\n\n\n\n<li>odnosi\u0107 si\u0119 z szacunkiem do nauczycieli i innych pracownik\u00f3w szko\u0142y oraz kole\u017canek i\u00a0koleg\u00f3w,<\/li>\n\n\n\n<li>zachowywa\u0107 si\u0119 zgodnie z og\u00f3lnie przyj\u0119tymi zasadami kultury i wsp\u00f3\u0142\u017cycia w\u00a0spo\u0142ecze\u0144stwie,<\/li>\n\n\n\n<li>zachowa\u0107 schludny wygl\u0105d (w tym niefarbowane w\u0142osy i twarz bez makija\u017cu, paznokcie bez lakiery),<\/li>\n\n\n\n<li>chroni\u0107 w\u0142asne \u017cycie i zdrowie unikaj\u0105c zagro\u017ce\u0144 bezpiecze\u0144stwa oraz u\u017cywek szkodz\u0105cych zdrowiu,<\/li>\n\n\n\n<li>przebywa\u0107 na terenie szko\u0142y w czasie trwania zaj\u0119\u0107 okre\u015blonym w planie lekcji,<\/li>\n\n\n\n<li>\u00a0szanowa\u0107 \u015brodowisko, dba\u0107 o \u0142ad, porz\u0105dek i higien\u0119, a tak\u017ce sprz\u0119t, meble, urz\u0105dzenia, pomoce i\u00a0przybory szkolne.<\/li>\n<\/ol>\n\n\n\n<p>\u00a7 53<\/p>\n\n\n\n<ol class=\"wp-block-list\">\n<li>Ustala si\u0119 zasady korzystania z telefon\u00f3w kom\u00f3rkowych i innych urz\u0105dze\u0144 elektronicznych, przez uczni\u00f3w na terenie szko\u0142y:<\/li>\n\n\n\n<li>okre\u015blenie inne urz\u0105dzenia elektroniczne oznacza: dyktafon, magnetofon, laptop, palmtop, aparat fotograficzny, kamer\u0119, smartfon, przeno\u015bny odtwarzacz oraz inne urz\u0105dzenia zbieraj\u0105ce i\u00a0magazynuj\u0105ce dane,<\/li>\n\n\n\n<li>uczniowie przynosz\u0105 do szko\u0142y telefony kom\u00f3rkowe i inne urz\u0105dzenia elektroniczne na w\u0142asn\u0105 odpowiedzialno\u015b\u0107, za zgod\u0105 rodzic\u00f3w;<\/li>\n\n\n\n<li>szko\u0142a nie przyjmuje odpowiedzialno\u015bci materialnej za przynoszone przez uczni\u00f3w telefony kom\u00f3rkowe i inne urz\u0105dzenia elektroniczne;<\/li>\n\n\n\n<li>wprowadza si\u0119 bezwzgl\u0119dny zakaz u\u017cywania telefon\u00f3w kom\u00f3rkowych i innych urz\u0105dze\u0144 elektronicznych w czasie zaj\u0119\u0107 edukacyjnych i przerw (aparaty powinny by\u0107 wyciszone i schowane do plecaka\/torby);<\/li>\n\n\n\n<li>w wyj\u0105tkowych sytuacjach ucze\u0144, za zgoda nauczyciela mo\u017ce korzysta\u0107 z telefonu kom\u00f3rkowego;<\/li>\n\n\n\n<li>ucze\u0144 ma mo\u017cliwo\u015b\u0107 u\u017cywania telefonu kom\u00f3rkowego oraz innych urz\u0105dze\u0144 elektronicznych jako pomocy dydaktycznej, je\u017celi pozwoli na to nauczyciel prowadz\u0105cy lekcje;<\/li>\n\n\n\n<li>u\u017cywanie telefonu kom\u00f3rkowego i innych urz\u0105dze\u0144 elektronicznych, podczas wycieczek szkolnych jest mo\u017cliwe zgodnie z regulaminem wycieczki lub po ustaleniu tego z nauczycielem prowadz\u0105cym wycieczk\u0119.<\/li>\n<\/ol>\n\n\n\n<p>\u00a7 54.<\/p>\n\n\n\n<ol class=\"wp-block-list\">\n<li>W szkole nie obowi\u0105zuje jednolity str\u00f3j szkolny.<\/li>\n\n\n\n<li>Ucze\u0144 zobowi\u0105zany jest do dbania o sw\u00f3j wygl\u0105d zewn\u0119trzny oraz noszenia stosownego<br>stroju codziennego i od\u015bwi\u0119tnego.<\/li>\n\n\n\n<li>Str\u00f3j codzienny:<br>1) str\u00f3j codzienny ucznia powinien zakrywa\u0107 ramiona, dekolt, brzuch, plecy i uda<br>2) \u017caden element stroju ucznia nie mo\u017ce zawiera\u0107 wulgaryzm\u00f3w i niczego, co jest\u00a0 powszechnie przyj\u0119te za obra\u017aliwe.<\/li>\n\n\n\n<li>Ka\u017cdy ucze\u0144 posiada str\u00f3j od\u015bwi\u0119tny tzw. str\u00f3j galowy, kt\u00f3ry powinien nosi\u0107 w czasie<br>uroczysto\u015bci szkolnych, egzamin\u00f3w i podczas reprezentowania szko\u0142y na zewn\u0105trz oraz<br>imprez okoliczno\u015bciowych, je\u015bli tak\u0105 decyzj\u0119 podejmie dyrektor, wychowawca lub rada<br>pedagogiczna:<br>1) dziewcz\u0119ta \u2013 bia\u0142a bluzka z d\u0142ugim lub kr\u00f3tkim r\u0119kawem, granatowa, czarna lub szara<br>sp\u00f3dnica\/sukienka do kolan lub eleganckie spodnie w tych samych kolorach oraz obuwie<br>szkolne;<br>2) ch\u0142opcy \u2013 bia\u0142a koszula z d\u0142ugim lub kr\u00f3tkim r\u0119kawem, granatowe, czarne lub szare<br>spodnie (ewentualnie garnitur) i obuwie szkolne.<\/li>\n\n\n\n<li>Ustala si\u0119 inne elementy stroju i wygl\u0105du ucznia:<br>1) noszone ubrania, torby i plecaki nie mog\u0105 zawiera\u0107 nadruk\u00f3w ani emblemat\u00f3w<br>o charakterze wulgarnym, obra\u017aliwym, prowokacyjnym lub wywo\u0142uj\u0105cym agresj\u0119,<br>propaguj\u0105cych \u015brodki uzale\u017cniaj\u0105ce i niezdrowy styl \u017cycia;<\/li>\n<\/ol>\n\n\n\n<p>\u00a7 55.<\/p>\n\n\n\n<ol class=\"wp-block-list\">\n<li>Ucze\u0144 mo\u017ce otrzyma\u0107 wyr\u00f3\u017cnienia i nagrody.<\/li>\n<\/ol>\n\n\n\n<p>2.&nbsp; Za osi\u0105gni\u0119cia szkolne uczni\u00f3w ustala si\u0119 nast\u0119puj\u0105ce nagrody:<\/p>\n\n\n\n<ol class=\"wp-block-list\">\n<li>pochwa\u0142a dyrektora szko\u0142y,<\/li>\n\n\n\n<li>pochwa\u0142a wychowawcy klasy,<\/li>\n\n\n\n<li>pochwa\u0142a wyra\u017cona przez dyrektora szko\u0142y publicznie wobec wszystkich uczni\u00f3w szko\u0142y,<\/li>\n\n\n\n<li>\u015bwiadectwo z wyr\u00f3\u017cnieniem \u2013 \u015brednia ocen 4,75 i ocena, co najmniej bardzo dobra zachowania,<\/li>\n\n\n\n<li>nagroda ksi\u0105\u017ckowa lub dyplom.<\/li>\n<\/ol>\n\n\n\n<p>\u00a7 56.<\/p>\n\n\n\n<ol class=\"wp-block-list\">\n<li>Za lekcewa\u017cenie nauki i innych obowi\u0105zk\u00f3w szkolnych, a tak\u017ce za naruszenie porz\u0105dku szkolnego, ucze\u0144 mo\u017ce by\u0107 ukarany:<\/li>\n\n\n\n<li>punktami karnymi wynikaj\u0105cymi z oceniania wewn\u0105trzszkolnego,<\/li>\n\n\n\n<li>upomnieniem wychowawcy klasy,<\/li>\n\n\n\n<li>upomnieniem lub nagan\u0105 dyrektora szko\u0142y,<\/li>\n\n\n\n<li>ustnym lub pisemnym powiadomieniem rodzic\u00f3w o jego nagannym zachowaniu,<\/li>\n\n\n\n<li>zado\u015b\u0107uczynieniem na rzecz klasy lub szko\u0142y,<\/li>\n\n\n\n<li>napraw\u0105 lub odkupieniem zniszczonego przez ucznia mienia szkolnego \u2013 po uzgodnieniu z\u00a0rodzicem.<\/li>\n\n\n\n<li>Za post\u0119powanie wywieraj\u0105ce szkodliwy wp\u0142yw na koleg\u00f3w, ucze\u0144 mo\u017ce by\u0107:<\/li>\n\n\n\n<li>przeniesiony do r\u00f3wnoleg\u0142ej klasy w swojej szkole,<\/li>\n\n\n\n<li>w przypadku udokumentowanego i permanentnego naruszania przez ucznia powszechnie akceptowanych norm etycznych i moralnych przeniesiony, decyzj\u0105 \u0141\u00f3dzkiego Kuratora O\u015bwiaty, na wniosek dyrektora szko\u0142y do innej szko\u0142y.<\/li>\n<\/ol>\n\n\n\n<p>3.&nbsp; Ucze\u0144 mo\u017ce by\u0107 skre\u015blony z listy uczni\u00f3w, o ile jest pe\u0142noletni i ra\u017c\u0105co narusza zasady okre\u015blone w statucie lub obowi\u0105zuj\u0105cych regulaminach. Dyrektor szko\u0142y, po wyczerpaniu \u015brodk\u00f3w oddzia\u0142ywania wychowawczego, mo\u017ce w drodze decyzji skre\u015bli\u0107 ucznia z listy uczni\u00f3w szko\u0142y. Skre\u015blenie z listy uczni\u00f3w nast\u0119puje na podstawie uchwa\u0142y rady pedagogicznej, po zasi\u0119gni\u0119ciu opinii samorz\u0105du uczniowskiego.<\/p>\n\n\n\n<p>\u00a7 57.<\/p>\n\n\n\n<ol class=\"wp-block-list\">\n<li>W szkole nie mog\u0105 by\u0107 stosowane kary naruszaj\u0105ce nietykalno\u015b\u0107 i godno\u015b\u0107 osobist\u0105 ucznia.<\/li>\n\n\n\n<li>W przypadku gdy nieletni wykazuje przejawy demoralizacji lub dopu\u015bci\u0142 si\u0119 czynu karalnego na terenie szko\u0142y lub w zwi\u0105zku z realizacj\u0105 obowi\u0105zku szkolnego lub obowi\u0105zku nauki, dyrektor tej szko\u0142y mo\u017ce, za zgod\u0105 rodzic\u00f3w albo opiekuna nieletniego oraz nieletniego, zastosowa\u0107, je\u017celi jest to wystarczaj\u0105ce, \u015brodek oddzia\u0142ywania wychowawczego w postaci:<\/li>\n\n\n\n<li>pouczenia,<\/li>\n\n\n\n<li>ostrze\u017cenia ustnego lub na pi\u015bmie,<\/li>\n\n\n\n<li>przeproszenia pokrzywdzonego,<\/li>\n\n\n\n<li>przywr\u00f3cenia stanu poprzedniego lub wykonanie okre\u015blonych prac porz\u0105dkowych na rzecz\u00a0 szko\u0142y<\/li>\n\n\n\n<li>Zastosowanie \u015brodka oddzia\u0142ywania wychowawczego nie wy\u0142\u0105cza zastosowania kary okre\u015blonej w statucie szko\u0142y.<\/li>\n\n\n\n<li>Przepisu nie stosuje si\u0119 w przypadku, gdy nieletni dopu\u015bci\u0142 si\u0119 czynu zabronionego wyczerpuj\u0105cego znamiona przest\u0119pstwa \u015bciganego z urz\u0119du lub przest\u0119pstwa skarbowego.<\/li>\n<\/ol>\n\n\n\n<p>\u00a7 58.<\/p>\n\n\n\n<ol class=\"wp-block-list\">\n<li>Rodzice maj\u0105 prawo do wychowania swoich dzieci, a szko\u0142a ma wspomaga\u0107 wychowawcz\u0105 rol\u0119 rodziny.\n<ol class=\"wp-block-list\">\n<li>Rodzice maj\u0105 prawo do zapewnienia dzieciom wychowania, nauczania moralnego i\u00a0religijnego zgodnie z w\u0142asnymi przekonaniami.\n<ol class=\"wp-block-list\">\n<li>Rodzice s\u0105 obowi\u0105zani do:<\/li>\n<\/ol>\n<\/li>\n<\/ol>\n<\/li>\n\n\n\n<li>dope\u0142nienia czynno\u015bci zwi\u0105zanych ze zg\u0142oszeniem dziecka do szko\u0142y,<\/li>\n\n\n\n<li>zapewnienia regularnego ucz\u0119szczania dziecka na zaj\u0119cia szkolne,<\/li>\n\n\n\n<li>zapewnienia dziecku warunk\u00f3w umo\u017cliwiaj\u0105cych przygotowanie si\u0119 do zaj\u0119\u0107 szkolnych,<\/li>\n\n\n\n<li>informowania dyrektora szko\u0142y w terminie do 30 wrze\u015bnia ka\u017cdego roku o realizacji rocznego obowi\u0105zkowego przygotowania przedszkolnego lub obowi\u0105zku szkolnego poza granicami kraju (dotyczy dziecka zamieszka\u0142ego w obwodzie szko\u0142y a\u00a0przebywaj\u0105cego czasowo za granic\u0105),<\/li>\n\n\n\n<li>do zapewnienia dziecku realizuj\u0105cemu roczne obowi\u0105zkowe przygotowanie przedszkolne lub obowi\u0105zek szkolny poza szko\u0142\u0105 na podstawie zezwolenia, warunk\u00f3w nauki okre\u015blonych w tym zezwoleniu,<\/li>\n\n\n\n<li>zapewnienia dziecku ucz\u0119szczaj\u0105cemu na zaj\u0119cia pierwszego etapu edukacyjnego opieki w drodze do szko\u0142y i w czasie jego powrotu,<\/li>\n\n\n\n<li>pisemnego poinformowania nauczyciela o osobach maj\u0105cych prawo odbierania dziecka ze szko\u0142y.<\/li>\n<\/ol>\n\n\n\n<p>\u00a7 59.<\/p>\n\n\n\n<p>1.&nbsp; Dla zapewnienia warunk\u00f3w realizacji praw rodzic\u00f3w szko\u0142a organizuje zebrania z rodzicami lub spotkania indywidualne z nauczycielami zgodnie z harmonogramem w danym roku szkolnym, w godzinach popo\u0142udniowych, w czasie kt\u00f3rych obecni s\u0105 wszyscy nauczyciele ucz\u0105cy w danej klasie.<\/p>\n\n\n\n<p>2.&nbsp; Do wiadomo\u015bci rodzic\u00f3w podane s\u0105 harmonogramy dy\u017cur\u00f3w dyrektora, wicedyrektora, pedagoga, pedagoga specjalnego, psychologa oraz wszystkich nauczycieli pracuj\u0105cych w szkole rozpisane na poszczeg\u00f3lne dni tygodnia. W tym czasie rodzice mog\u0105 uzyska\u0107 bie\u017c\u0105ce informacje o dziecku.<\/p>\n\n\n\n<p>\u00a7 60.<\/p>\n\n\n\n<ol class=\"wp-block-list\">\n<li>Ustala si\u0119 nast\u0119puj\u0105cy tryb i warunki usprawiedliwiania nieobecno\u015bci ucznia w szkole:<\/li>\n\n\n\n<li>Nieobecno\u015b\u0107 ucznia powstaje w sytuacji, gdy ucze\u0144 nie zg\u0142osi si\u0119 na zaj\u0119cia do 15 minut od rozpocz\u0119cia lekcji. Nauczyciel odnotowuje nieobecno\u015b\u0107 ucznia w dzienniku elektronicznym LIBRUS. Je\u017celi ucze\u0144 zg\u0142osi si\u0119 na lekcj\u0119 po 15 minut od jej rozpocz\u0119cia nauczyciel odnotowuje sp\u00f3\u017anienie.<\/li>\n\n\n\n<li>Usprawiedliwienia we w\u0142a\u015bciwej formie wymaga ka\u017cda nieobecno\u015b\u0107 ucznia, na ka\u017cdej godzinie zaj\u0119\u0107 lekcyjnych.<\/li>\n\n\n\n<li>Jedyn\u0105 osob\u0105 uprawnion\u0105 do odnotowania usprawiedliwienia w dzienniku lekcyjnym jest wychowawca klasy (w razie jego d\u0142u\u017cszej nieobecno\u015bci osoba wyznaczona przez dyrektora).<\/li>\n\n\n\n<li>Usprawiedliwienie nieobecno\u015bci na zaj\u0119ciach lekcyjnych odbywa si\u0119 poprzez dokonanie zapisu w dzienniku elektronicznym LIBRUS.<\/li>\n\n\n\n<li>Warunkiem usprawiedliwienia nieobecno\u015bci jest przekazanie wychowawcy odpowiednich dokument\u00f3w przez ucznia lub jego rodzic\u00f3w (prawnych opiekun\u00f3w), a w przypadku usprawiedliwienia w formie ustnej przeprowadzenie rozmowy z wychowawc\u0105 w trakcie kt\u00f3rej rodzice (prawni opiekunowi) podadz\u0105 pozwalaj\u0105ce na usprawiedliwienie przyczyny nieobecno\u015bci.<\/li>\n\n\n\n<li>Nie stosuje si\u0119 usprawiedliwie\u0144 nieobecno\u015bci przypadaj\u0105cych w r\u00f3\u017cnych dniach miesi\u0105ca pojedynczych godzin, tzw. \u201eusprawiedliwianie wszystkich dotychczasowych<br>nieobecno\u015bci\u201d.<\/li>\n\n\n\n<li>Dopuszcza si\u0119 nast\u0119puj\u0105ce formy usprawiedliwiania nieobecno\u015bci:<\/li>\n\n\n\n<li>za\u015bwiadczenie wystawione przez fachowe s\u0142u\u017cby medyczne o niezdolno\u015bci do<br>uczestniczenia w zaj\u0119ciach;<\/li>\n\n\n\n<li>pisemn\u0105 pro\u015bb\u0119 rodzica zawieraj\u0105c\u0105 w\u0142asnor\u0119czny podpis o usprawiedliwienie<br>i zawieraj\u0105c\u0105 uzasadnienie nieobecno\u015bci;<\/li>\n\n\n\n<li>pro\u015bb\u0119 rodzica o usprawiedliwienie nieobecno\u015bci ucznia przekazan\u0105 w formie<br>rozmowy telefonicznej lub przekazu elektronicznego \u2013 wiadomo\u015b\u0107 z konta rodzica w dzienniku elektronicznym\u00a0 LIBRUS lub SMS, z tym \u017ce osoba usprawiedliwiaj\u0105ca mo\u017ce po powzi\u0119ciu podejrzenia o nieprawdziwo\u015bci przekazu odm\u00f3wi\u0107 usprawiedliwienia nieobecno\u015bci w tej formie;<\/li>\n\n\n\n<li>za\u015bwiadczenie urz\u0119dowe wystawione przez organ s\u0105downiczy, instytucj\u0119 publiczn\u0105,<br>itp. stwierdzaj\u0105ce, \u017ce nieobecno\u015b\u0107 ucznia wynika\u0142a z istotnych spo\u0142ecznie przyczyn lub nieprzewidywalnych zdarze\u0144;<\/li>\n\n\n\n<li>Rodzice (prawni opiekunowie) ucznia s\u0105 zobowi\u0105zani do usprawiedliwienia nieobecno\u015bci w terminie jednego tygodnia od dnia zako\u0144czenia nieobecno\u015bci i nie p\u00f3\u017aniej ni\u017c do drugiego dnia zaj\u0119\u0107 dydaktycznych w miesi\u0105cu nast\u0119puj\u0105cym po powstaniu nieobecno\u015bci i nie p\u00f3\u017aniej ni\u017c do dnia poprzedzaj\u0105cego klasyfikacyjne posiedzenie rady pedagogicznej.<\/li>\n\n\n\n<li>Je\u017celi nieobecno\u015b\u0107 ucznia trwa, w spos\u00f3b ci\u0105g\u0142y, d\u0142u\u017cej ni\u017c tydzie\u0144, ucze\u0144 lub jego<br>rodzice maj\u0105 obowi\u0105zek poinformowania wychowawcy danej klasy o przyczynach<br>powstania tej nieobecno\u015bci, a wychowawca klasy przed\u0142u\u017ca termin usprawiedliwiania<br>nieobecno\u015bci do czasu powrotu ucznia na zaj\u0119cia lekcyjne.<\/li>\n\n\n\n<li>Wychowawca na bie\u017c\u0105co kontroluje frekwencj\u0119 uczni\u00f3w na zaj\u0119ciach.<\/li>\n\n\n\n<li>Do 10 dnia ka\u017cdego miesi\u0105ca wychowawca przekazuje pedagogowi wykaz uczni\u00f3w, kt\u00f3rzy maj\u0105 nieusprawiedliwione nieobecno\u015bci.<\/li>\n\n\n\n<li>Pedagog szkolny sprawdza przyczyny nieobecno\u015bci ucznia w drodze:<br>a) rozmowy z rodzicami ucznia na terenie szko\u0142y,<br>b) wywiadu w domu rodzinnym ucznia, we wsp\u00f3\u0142pracy z pracownikami socjalnymi\u00a0 lub kuratorem sadowym\/ policjantem-inspektorem do spraw nieletnich.<\/li>\n\n\n\n<li>Wychowawca, pedagog szkolny oraz rodzice ucznia podejmuj\u0105 wsp\u00f3lne dzia\u0142ania<br>zaradcze w celu realizowania obowi\u0105zku szkolnego przez danego ucznia.<\/li>\n\n\n\n<li>W przypadku braku wsp\u00f3\u0142pracy rodzica\/opiekuna z wychowawc\u0105 (rodzic nie uczestniczy w zebraniach i konsultacjach, nie zg\u0142asza si\u0119 na wezwania wychowawcy), rodzic otrzymuje przes\u0142ane listem poleconym upomnienie dyrektora szko\u0142y, zawieraj\u0105ce stwierdzenie, \u017ce dziecko nie realizuje obowi\u0105zku szkolnego, wezwanie do posy\u0142ania dziecka do szko\u0142y z wyznaczeniem terminu oraz informacj\u0119, \u017ce niespe\u0142nienie tego obowi\u0105zku jest zagro\u017cone post\u0119powaniem egzekucyjnym.<\/li>\n\n\n\n<li>W sytuacji, gdy ucze\u0144 w dalszym ci\u0105gu nie realizuje obowi\u0105zku szkolnego, dyrektor szko\u0142y kieruje wniosek o \u00a0wszcz\u0119cie egzekucji administracyjnej do organu egzekucyjnego jakim jest organ prowadz\u0105cy.<\/li>\n<\/ol>\n\n\n\n<p>Rozdzia\u0142 8.<\/p>\n\n\n\n<p>Bezpiecze\u0144stwo w szkole<\/p>\n\n\n\n<p>\u00a7&nbsp;61.<\/p>\n\n\n\n<p>1.&nbsp; W celu zapewnienia bezpiecze\u0144stwa uczniom, pracownikom szko\u0142y oraz ochrony ich mienia, dyrektor szko\u0142y w uzgodnieniu z organem prowadz\u0105cym szko\u0142\u0119, po przeprowadzeniu konsultacji z rad\u0105 pedagogiczn\u0105, rada rodzic\u00f3w, i samorz\u0105dem uczniowskim prowadzi szczeg\u00f3lny nadz\u00f3r nad budynkiem i terenem szko\u0142y w postaci monitoringu wizyjnego.<\/p>\n\n\n\n<p>2. Nauczyciele i inni pracownicy szko\u0142y ponosz\u0105 odpowiedzialno\u015b\u0107 za bezpiecze\u0144stwo uczni\u00f3w podczas ich pobytu w szkole lub zaj\u0119\u0107 zorganizowanych przez szko\u0142\u0119.&nbsp;<\/p>\n\n\n\n<p>3.&nbsp; Procedur\u0119 post\u0119powania w przypadkach nag\u0142ych zachorowa\u0144, wypadk\u00f3w oraz zaistnienia konieczno\u015bci udzielenia pierwszej pomocy okre\u015bla dyrektor szko\u0142y.<\/p>\n\n\n\n<p>\u00a7&nbsp;62.<\/p>\n\n\n\n<p>1. Organizacja opieki nad uczniami:<\/p>\n\n\n\n<ol class=\"wp-block-list\">\n<li>opiek\u0119 nad uczniami przebywaj\u0105cymi w szkole podczas zaj\u0119\u0107 obowi\u0105zkowych, nadobowi\u0105zkowych i pozalekcyjnych sprawuje nauczyciel prowadz\u0105cy zaj\u0119cia,<\/li>\n\n\n\n<li>opiek\u0119 nad uczniami w trakcie zaj\u0119\u0107 poza szko\u0142\u0105 oraz podczas imprez sportowych, turystycznych itp. organizuje si\u0119 zgodnie z obowi\u0105zuj\u0105cymi w tym zakresie przepisami,<\/li>\n\n\n\n<li>ka\u017cdy nauczyciel oraz pracownik szko\u0142y jest zobowi\u0105zany do niezw\u0142ocznego zabezpieczenia miejsca potencjalnie stwarzaj\u0105cego zagro\u017cenie dla bezpiecze\u0144stwa os\u00f3b oraz powiadomienia dyrektora szko\u0142y,<\/li>\n\n\n\n<li>wcze\u015bniejsze zwolnienie dziecka ze szko\u0142y jest mo\u017cliwe jedynie na wniosek rodzic\u00f3w lub w\u00a0porozumieniu z wychowawc\u0105, a opiek\u0119 nad dzieckiem na terenie szko\u0142y przejmuje rodzic lub osoba przez niego wskazana,<\/li>\n\n\n\n<li>wcze\u015bniejsze, ni\u017c przewiduje plan lekcji, zwolnienie uczni\u00f3w jest mo\u017cliwe jedynie w\u00a0przypadkach, gdy o takim fakcie uczniowie zostali uprzedzeni, co najmniej dzie\u0144 wcze\u015bniej.<\/li>\n<\/ol>\n\n\n\n<p>\u00a7&nbsp;63.<\/p>\n\n\n\n<p>1.&nbsp; Dzieci, kt\u00f3rych rodzice nie mog\u0105 zapewni\u0107 opieki po zako\u0144czeniu zaj\u0119\u0107, mog\u0105 ucz\u0119szcza\u0107 na zaj\u0119cia do \u015bwietlicy szkolnej. Za bezpiecze\u0144stwo dzieci w \u015bwietlicy odpowiadaj\u0105 wychowawcy \u015bwietlicy.<\/p>\n\n\n\n<p>2.&nbsp; Za bezpiecze\u0144stwo dzieci przed rozpocz\u0119ciem zaj\u0119\u0107 lekcyjnych i w czasie przerw odpowiada nauczyciel dy\u017curny zgodnie z harmonogramem.<\/p>\n\n\n\n<p>3.&nbsp; G\u0142\u00f3wnym celem pe\u0142nienia dy\u017curu jest zapewnienie bezpiecze\u0144stwa uczniom w&nbsp;czasie przerwy. Realizacja tego celu jest zapewniona poprzez:<\/p>\n\n\n\n<ol class=\"wp-block-list\">\n<li>\u015bcis\u0142e przestrzeganie przez nauczycieli harmonogramu dy\u017cur\u00f3w,<\/li>\n\n\n\n<li>niezw\u0142oczne (po dzwonku na przerw\u0119) obj\u0119cie dy\u017curu w wyznaczonym miejscu,<\/li>\n\n\n\n<li>takie zorganizowanie dy\u017cur\u00f3w, kt\u00f3re umo\u017cliwia\u0142oby obserwowanie przez nauczyciela wszystkich uczni\u00f3w znajduj\u0105cych si\u0119 w tym rejonie,<\/li>\n\n\n\n<li>zdecydowane reagowanie na sytuacje potencjalnie zagra\u017caj\u0105ce bezpiecze\u0144stwu uczni\u00f3w.<\/li>\n<\/ol>\n\n\n\n<p>4.&nbsp; Dy\u017cur przed lekcjami rozpoczyna si\u0119 o godz. 7.45.<\/p>\n\n\n\n<p>5.&nbsp; Nauczyciela maj\u0105cego dy\u017cur, nieobecnego w szkole, zast\u0119puje nauczyciel zgodnie z&nbsp;ksi\u0119g\u0105 zast\u0119pstw.<\/p>\n\n\n\n<p>6.&nbsp; Za bezpiecze\u0144stwo podczas zaj\u0119\u0107 lekcyjnych, dodatkowych, nadobowi\u0105zkowych, zawod\u00f3w sportowych, wycieczek, zielonych szk\u00f3\u0142, dyskotek itp. odpowiada nauczyciel prowadz\u0105cy zaj\u0119cia lub wychowawca.<\/p>\n\n\n\n<p>7.&nbsp; Wszystkie zaj\u0119cia rozpoczynaj\u0105 si\u0119 od sprawdzenia listy obecno\u015bci.<\/p>\n\n\n\n<p>8.&nbsp; W pierwszym dniu zaj\u0119\u0107 w danym roku szkolnym wychowawca zapoznaje uczni\u00f3w z&nbsp;bezpiecznym zachowaniem w szkole i poza ni\u0105. O zasadach tych nale\u017cy przypomina\u0107 podczas ca\u0142ego roku, zw\u0142aszcza przy okazji wycieczek, ferii itp.<\/p>\n\n\n\n<p>9.&nbsp; W pracowni komputerowej, w widocznym miejscu, znajduje si\u0119 ustalony przez dyrektora szko\u0142y regulamin bezpiecznego zachowania i post\u0119powania, z kt\u00f3rym zapoznaje si\u0119 uczni\u00f3w na pierwszych zaj\u0119ciach w danym roku szkolnym.<\/p>\n\n\n\n<p>10.W salach oraz w miejscach wyznaczonych do uprawiania \u0107wicze\u0144 fizycznych, gier i&nbsp;zabaw umieszcza si\u0119 tablice informacyjne okre\u015blaj\u0105ce zasady bezpiecznego u\u017cytkowania.<\/p>\n\n\n\n<p>11.Wyj\u015bcia poza szko\u0142\u0119, wyjazdy na wycieczki i zielone szko\u0142y odbywaj\u0105 si\u0119 zgodnie z&nbsp;odr\u0119bnymi przepisami oraz z regulaminem.<\/p>\n\n\n\n<p>12.Ucze\u0144, kt\u00f3ry z r\u00f3\u017cnych przyczyn nie bierze udzia\u0142u w wycieczce, uczestniczy w lekcjach w&nbsp;klasie wskazanej przez wychowawc\u0119.<\/p>\n\n\n\n<p>13.Ucze\u0144 mo\u017ce by\u0107 zwolniony z zaj\u0119\u0107 wy\u0142\u0105cznie na pisemn\u0105 pro\u015bb\u0119 rodzica.<\/p>\n\n\n\n<p>14.Je\u017celi chore dziecko przyjdzie do szko\u0142y nauczyciel bezzw\u0142ocznie wzywa rodzic\u00f3w, aby zabrali je ze szko\u0142y.<\/p>\n\n\n\n<p>15.W czasie oczekiwania na rodzic\u00f3w, je\u017celi jest obecna piel\u0119gniarka, dziecko przebywa pod jej opiek\u0105 w gabinecie, w innym przypadku pozostaje w sali lekcyjnej.<\/p>\n\n\n\n<p>16. Pok\u00f3j nauczycielski oraz pok\u00f3j nauczycieli wychowania fizycznego wyposa\u017ca si\u0119 w apteczki zaopatrzone w \u015brodki niezb\u0119dne do udzielania pierwszej pomocy i instrukcj\u0119 o zasadach udzielania tej pomocy.&nbsp;<\/p>\n\n\n\n<p>\u00a7 64.<\/p>\n\n\n\n<ol class=\"wp-block-list\">\n<li>Szko\u0142a zapewnia bezpieczne \u015brodowisko\u00a0 cyfrowe poprzez wdro\u017cenie i przestrzeganie procedur cyberbezpiecze\u0144stwa oraz ochrony danych osobowych.\n<ol class=\"wp-block-list\">\n<li>Zasady korzystania z zasob\u00f3w cyfrowych szko\u0142y, w tym sieci internetowej, okre\u015blaj\u0105 odr\u0119bne regulaminy, dost\u0119pne dla uczni\u00f3w, rodzic\u00f3w i pracownik\u00f3w.<ol><li>Szko\u0142a edukuje uczni\u00f3w w zakresie bezpiecznego i odpowiedzialnego zachowania w \u015bwiecie cyfrowym, w tym zapobiegania cyberprzemocy i identyfikacji zagro\u017ce\u0144 online.<\/li><\/ol><ol><li>W przypadku incydent\u00f3w cyberbezpiecze\u0144stwa lub naruszenia danych osobowych, szko\u0142a<\/li><\/ol><ol><li>post\u0119puje zgodnie z wewn\u0119trznymi procedurami reagowania na incydenty oraz obowi\u0105zuj\u0105cymi przepisami prawa.<\/li><\/ol>\n<ol class=\"wp-block-list\">\n<li>Ka\u017cdy pracownik, ucze\u0144 i rodzic jest zobowi\u0105zany do przestrzegania zasad bezpiecze\u0144stwa cyfrowego oraz zg\u0142aszania wszelkich zauwa\u017conych zagro\u017ce\u0144 lub nieprawid\u0142owo\u015bci.<\/li>\n<\/ol>\n<\/li>\n<\/ol>\n<\/li>\n<\/ol>\n\n\n\n<p>\u00a7 65.<\/p>\n\n\n\n<ol class=\"wp-block-list\">\n<li>Szko\u0142a wdra\u017ca i stosuje Standardy Ochrony Ma\u0142oletnich, kt\u00f3rych celem jest zapewnienie bezpiecznego \u015brodowiska dla wszystkich uczni\u00f3w oraz ochrona przed krzywdzeniem.\n<ol class=\"wp-block-list\">\n<li>Standardy Ochrony Ma\u0142oletnich obejmuj w szczeg\u00f3lno\u015bci:<\/li>\n<\/ol>\n<\/li>\n\n\n\n<li>zasady i procedury identyfikacji oraz reagowania na sygna\u0142y krzywdzenia ma\u0142oletnich;<\/li>\n\n\n\n<li>zasady post\u0119powania w przypadku podejrzenia lub stwierdzenia, \u017ce ma\u0142oletni jest ofiar krzywdzenia;<\/li>\n\n\n\n<li>zasady post\u0119powania w sytuacji, gdy ma\u0142oletni krzywdzi innego ma\u0142oletniego;<\/li>\n\n\n\n<li>zasady bezpiecznych relacji mi\u0119dzy ma\u0142oletnimi a pracownikami szko\u0142y, a w szczeg\u00f3lno\u015bci zasady dotycz ce zakazu stosowania przemocy wobec ma\u0142oletnich;<\/li>\n\n\n\n<li>zasady i procedury dotycz\u0105ce ochrony wizerunku ma\u0142oletnich oraz danych osobowych;<\/li>\n\n\n\n<li>zasady dost\u0119pu ma\u0142oletnich do Internetu i bezpiecznego korzystania z technologii informacyjno-komunikacyjnych;<\/li>\n\n\n\n<li>zasady i zakres szkole\u0144 dla pracownik\u00f3w szko\u0142y z zakresu ochrony ma\u0142oletnich;<\/li>\n\n\n\n<li>zasady i procedury informowania rodzic\u00f3w o Standardach Ochrony Ma\u0142oletnich oraz udost\u0119pniania im tych Standard\u00f3w.<\/li>\n\n\n\n<li>Szczeg\u00f3\u0142owe Standardy Ochrony Ma\u0142oletnich stanowi za\u0142\u0105cznik do niniejszego statutu i s\u0105 dost\u0119pne dla ca\u0142ej spo\u0142eczno\u015bci szkolnej.<\/li>\n\n\n\n<li>Wszyscy pracownicy szko\u0142y s\u0105 zobowi\u0105zani do przestrzegania Standard\u00f3w Ochrony Ma\u0142oletnich.<\/li>\n<\/ol>\n\n\n\n<p>Rozdzia\u0142 9.<br>Szczeg\u00f3\u0142owe warunki i spos\u00f3b oceniania wewn\u0105trzszkolnego uczni\u00f3w<\/p>\n\n\n\n<p><a>\u00a7 66.<\/a><\/p>\n\n\n\n<ul class=\"wp-block-list\">\n<li>Za osi\u0105gni\u0119cia edukacyjne uczni\u00f3w odpowiedzialni s\u0105 w r\u00f3wnym stopniu nauczyciel, rodzic oraz sam ucze\u0144.\n<ul class=\"wp-block-list\">\n<li>Obowi\u0105zki nauczyciela w tym zakresie okre\u015blone s\u0105 przez ustaw\u0119 Prawo o\u015bwiatowe, Kart\u0119 Nauczyciela, przepisy wykonawcze oraz dokumenty wewn\u0105trzszkolne.<\/li>\n<\/ul>\n<\/li>\n\n\n\n<li>Obowi\u0105zkiem rodzica jest wsp\u00f3\u0142praca ze szko\u0142\u0105, uczestnictwo w zebraniach i konsultacjach w\u00a0celu podejmowania wsp\u00f3lnych dzia\u0142a\u0144 edukacyjnych i wychowawczych z nauczycielami, pedagogiem oraz innymi specjalistami zatrudnionymi w szkole.<\/li>\n\n\n\n<li>Obowi\u0105zkiem ucznia jest dba\u0142o\u015b\u0107 o sta\u0142e pog\u0142\u0119bianie wiedzy, kszta\u0142cenie umiej\u0119tno\u015bci na miar\u0119 swoich mo\u017cliwo\u015bci.<\/li>\n<\/ul>\n\n\n\n<p>\u00a7 67.<\/p>\n\n\n\n<ol class=\"wp-block-list\">\n<li>Nauczyciele na pocz\u0105tku ka\u017cdego roku szkolnego informuj\u0105 uczni\u00f3w oraz ich rodzic\u00f3w o:<\/li>\n\n\n\n<li>wymaganiach edukacyjnych niezb\u0119dnych do uzyskania poszczeg\u00f3lnych \u015br\u00f3drocznych i\u00a0rocznych ocen klasyfikacyjnych z zaj\u0119\u0107 edukacyjnych wynikaj\u0105cych z realizowanego przez siebie programu nauczania,<\/li>\n\n\n\n<li>sposobach sprawdzania osi\u0105gni\u0119\u0107 edukacyjnych uczni\u00f3w,<\/li>\n\n\n\n<li>warunkach i trybie uzyskania wy\u017cszej ni\u017c przewidywana rocznej oceny klasyfikacyjnej z\u00a0zaj\u0119\u0107 edukacyjnych.<\/li>\n\n\n\n<li>Wychowawca oddzia\u0142u informuje uczni\u00f3w oraz ich rodzic\u00f3w o warunkach i sposobie oraz kryteriach oceniania zachowania oraz warunkach i trybie otrzymania wy\u017cszej ni\u017c przewidywana rocznej oceny klasyfikacyjnej zachowania.<\/li>\n\n\n\n<li>Nieobecno\u015b\u0107 rodzic\u00f3w na pierwszym spotkaniu klasowym we wrze\u015bniu zwalnia szko\u0142\u0119 z\u00a0obowi\u0105zku zapoznania rodzica ze szczeg\u00f3\u0142owymi warunkami i sposobami oceniania wewn\u0105trzszkolnego obowi\u0105zuj\u0105cymi w szkole w wymienionym terminie \u2013 z uwagi na nieobecno\u015b\u0107 rodzic winien sam d\u0105\u017cy\u0107 do zapoznania si\u0119 ze szczeg\u00f3\u0142owymi warunkami i\u00a0sposobami oceniania wewn\u0105trzszkolnego obowi\u0105zuj\u0105cymi w szkole.<\/li>\n<\/ol>\n\n\n\n<p>\u00a7 68.<\/p>\n\n\n\n<ol class=\"wp-block-list\">\n<li>Ocenianiu podlegaj\u0105:<\/li>\n\n\n\n<li>osi\u0105gni\u0119cia edukacyjne ucznia,<\/li>\n\n\n\n<li>zachowanie ucznia.<\/li>\n<\/ol>\n\n\n\n<p>2.&nbsp; Ocenianie wewn\u0105trzszkolne osi\u0105gni\u0119\u0107 edukacyjnych ucznia polega na rozpoznawaniu przez nauczycieli poziomu i post\u0119p\u00f3w w opanowaniu przez ucznia wiadomo\u015bci i umiej\u0119tno\u015bci w&nbsp;stosunku do:<\/p>\n\n\n\n<ol class=\"wp-block-list\">\n<li>wymaga\u0144 okre\u015blonych edukacyjnych podstawie programowej kszta\u0142cenia og\u00f3lnego oraz wymaga\u0144 edukacyjnych wynikaj\u0105cych edukacyjnych realizowanych edukacyjnych szkole program\u00f3w nauczania,<\/li>\n\n\n\n<li>wymaga\u0144 edukacyjnych wynikaj\u0105cych edukacyjnych realizowanych edukacyjnych szkole program\u00f3w nauczania \u2013 edukacyjnych przypadku dodatkowych zaj\u0119\u0107 edukacyjnych.<\/li>\n<\/ol>\n\n\n\n<p>3. Ocena zachowania ucznia polega na rozpoznawaniu przez wychowawc\u0119 oddzia\u0142u, nauczycieli oraz uczni\u00f3w danego oddzia\u0142u stopnia respektowania przez ucznia zasad wsp\u00f3\u0142\u017cycia spo\u0142ecznego i&nbsp;norm etycznych oraz obowi\u0105zk\u00f3w okre\u015blonych w statucie szko\u0142y<\/p>\n\n\n\n<p>4.&nbsp; Ocenianie wewn\u0105trzszkolne ma na celu:<\/p>\n\n\n\n<ol class=\"wp-block-list\">\n<li>poinformowanie ucznia o poziomie jego osi\u0105gni\u0119\u0107 edukacyjnych i jego zachowaniu oraz post\u0119pach w tym zakresie,<\/li>\n\n\n\n<li>udzielenia uczniowi pomocy w nauce, poprzez przekazanie informacji o tym, co zrobi\u0142 dobrze i jak powinien uczy\u0107 si\u0119 dalej (informacja musi by\u0107 \u015bci\u015ble zwi\u0105zana z\u00a0kryteriami oceniania okre\u015blonymi przed wykonaniem zadania; mo\u017ce mie\u0107 form\u0119 pisemn\u0105 lub ustn\u0105; zawiera\u0107 wyszczeg\u00f3lnienie i docenienie dobrych element\u00f3w pracy ucznia, wskazanie tego, co wymaga poprawienia lub dodatkowej pracy ze strony ucznia; wskaz\u00f3wki, w jaki spos\u00f3b ucze\u0144 powinien poprawi\u0107 t\u0119 prac\u0119 i w jakim kierunku powinien pracowa\u0107),<\/li>\n\n\n\n<li>udzielanie\u00a0 wskaz\u00f3wek do samodzielnego planowania w\u0142asnego rozwoju,<\/li>\n\n\n\n<li>motywowanie ucznia do dalszych post\u0119p\u00f3w w nauce i zachowaniu,<\/li>\n\n\n\n<li>dostarczanie rodzicom i nauczycielom informacji o post\u0119pach lub trudno\u015bciach w nauce i\u00a0zachowaniu oraz specjalnych uzdolnieniach ucznia,<\/li>\n\n\n\n<li>umo\u017cliwienie nauczycielom doskonalenia organizacji i metod pracy dydaktyczno- wychowawczej.<\/li>\n<\/ol>\n\n\n\n<p>5.&nbsp; Ocenianie wewn\u0105trzszkolne obejmuje:<\/p>\n\n\n\n<ol class=\"wp-block-list\">\n<li>formu\u0142owanie przez nauczycieli wymaga\u0144 edukacyjnych niezb\u0119dnych do otrzymania przez ucznia poszczeg\u00f3lnych \u015br\u00f3drocznych i rocznych ocen klasyfikacyjnych z\u00a0obowi\u0105zkowych i\u00a0dodatkowych zaj\u0119\u0107 edukacyjnych,<\/li>\n\n\n\n<li>ustalenie kryteri\u00f3w oceniania zachowania,<\/li>\n\n\n\n<li>ustalanie ocen bie\u017c\u0105cych i \u015br\u00f3drocznych ocen klasyfikacyjnych z obowi\u0105zkowych i\u00a0dodatkowych zaj\u0119\u0107 edukacyjnych,<\/li>\n\n\n\n<li>przeprowadzanie egzamin\u00f3w klasyfikacyjnych,<\/li>\n\n\n\n<li>ustalanie rocznych ocen klasyfikacyjnych z obowi\u0105zkowych i dodatkowych zaj\u0119\u0107 edukacyjnych oraz rocznej oceny klasyfikacyjnej zachowania,<\/li>\n\n\n\n<li>ustalanie warunk\u00f3w i trybu otrzymania wy\u017cszych ni\u017c przewidywane rocznych ocen klasyfikacyjnych z zaj\u0119\u0107 edukacyjnych oraz rocznej oceny klasyfikacyjnej zachowania,<\/li>\n\n\n\n<li>ustalanie warunk\u00f3w i sposobu przekazywania rodzicom informacji o\u00a0post\u0119pach i\u00a0trudno\u015bciach ucznia w nauce i zachowaniu oraz szczeg\u00f3lnych uzdolnieniach ucznia.<\/li>\n<\/ol>\n\n\n\n<p>\u00a7 69.<\/p>\n\n\n\n<ol class=\"wp-block-list\">\n<li>Wychowawca klasy na pocz\u0105tku ka\u017cdego roku szkolnego informuje uczni\u00f3w na zaj\u0119ciach z wychowawc\u00f3w oraz rodzic\u00f3w podczas pierwszego spotkania z rodzicami o:<\/li>\n\n\n\n<li>warunkach i sposobie oraz kryteriach oceniania zachowania,<\/li>\n\n\n\n<li>warunkach i trybie otrzymania wy\u017cszej ni\u017c przewidywana rocznej oceny klasyfikacyjnej zachowania.<\/li>\n\n\n\n<li>Informacje na temat wymaga\u0144 edukacyjnych oraz warunk\u00f3w, sposobie i kryteriach oceniania zachowania s\u0105 dost\u0119pne w formie pisemnej do wgl\u0105du w statucie szko\u0142y na stronie internetowej szko\u0142y oraz nauczycieli prowadz\u0105cych poszczeg\u00f3lne zaj\u0119cia edukacyjne, na spotkaniach og\u00f3lnych lub w trakcie indywidualnych dy\u017cur\u00f3w nauczycieli.<\/li>\n\n\n\n<li>Dy\u017cury indywidualne nauczycieli odbywaj\u0105 si\u0119 po spotkaniach og\u00f3lnych z rodzicami, a ich harmonogram wywieszonym si\u0119 na tablicy og\u0142osze\u0144 i w terminarzu klasowym w dzienniku Librus<\/li>\n\n\n\n<li>Oceny s\u0105 jawne zar\u00f3wno dla ucznia, jak i jego rodzic\u00f3w.<\/li>\n\n\n\n<li>Sprawdzone i ocenione pisemne prace kontrolne ucznia jego rodzice mog\u0105 otrzyma\u0107 do wgl\u0105du na nast\u0119puj\u0105cych zasadach:<\/li>\n\n\n\n<li>orygina\u0142y prac pisemnych s\u0105 udost\u0119pniane na \u017cyczenie rodzic\u00f3w do wgl\u0105du podczas zebra\u0144 z rodzicami, indywidualnych konsultacji w siedzibie szko\u0142y oraz do domu, je\u015bli rodzic zobowi\u0105\u017ce si\u0119 do zwrotu podpisanej pracy,<\/li>\n\n\n\n<li>udost\u0119pnienia prac dokonuje nauczyciel, kt\u00f3ry t\u0119 prac\u0119 ocenia\u0142 lub inny upowa\u017cniony przez niego nauczyciel, lub dyrektor szko\u0142y,<\/li>\n\n\n\n<li>na wniosek rodzic\u00f3w nauczyciel ustalaj\u0105cy ocen\u0119 pracy powinien j\u0105 uzasadni\u0107; uzasadnienie mo\u017ce mie\u0107 form\u0119 ustn\u0105 lub &#8211;\u00a0 je\u015bli tak okre\u015blono we wniosku &#8211;\u00a0 pisemn\u0105; w\u00a0tym przypadku wniosek r\u00f3wnie\u017c powinien mie\u0107 form\u0119 pisemn\u0105.<\/li>\n\n\n\n<li>Nauczyciel danego przedmiotu przechowuje sprawdzone i\u00a0ocenione pisemne prace kontrolne do\u00a0dnia 31 sierpnia danego roku szkolnego.<\/li>\n\n\n\n<li>Wychowawca klasy jest zobowi\u0105zany przynajmniej raz w trakcie p\u00f3\u0142rocza poinformowa\u0107 rodzic\u00f3w dziecka o jego post\u0119pach i trudno\u015bciach w nauce oraz o\u00a0jego\u00a0zachowaniu.<\/li>\n<\/ol>\n\n\n\n<p>\u00a7 70.<\/p>\n\n\n\n<ol class=\"wp-block-list\">\n<li>Wymagania edukacyjne dostosowuje si\u0119 do indywidualnych potrzeb rozwojowych i\u00a0edukacyjnych oraz mo\u017cliwo\u015bci psychofizycznych:<\/li>\n\n\n\n<li>posiadaj\u0105cego orzeczenie o potrzebie kszta\u0142cenia specjalnego \u2013 na podstawie tego orzeczenia oraz ustale\u0144 zawartych w indywidualnym programie edukacyjno-terapeutycznym,<\/li>\n\n\n\n<li>posiadaj\u0105cego orzeczenie o potrzebie indywidualnego nauczania \u2013 na podstawie tego orzeczenia,<\/li>\n\n\n\n<li>posiadaj\u0105cego opini\u0119 poradni psychologiczno-pedagogicznej, w tym poradni specjalistycznej, o specyficznych trudno\u015bciach w uczeniu si\u0119 lub inn\u0105 opini\u0119 poradni psychologiczno-pedagogicznej, w tym poradni specjalistycznej, wskazuj\u0105c\u0105 na potrzeb\u0119 takiego dostosowania \u2013 na podstawie tej opinii,<\/li>\n\n\n\n<li>nieposiadaj\u0105cego orzeczenia lub opinii, kt\u00f3ry jest obj\u0119ty pomoc\u0105 psychologiczno- pedagogiczn\u0105 w szkole \u2013 na podstawie rozpoznania indywidualnych potrzeb rozwojowych i\u00a0edukacyjnych oraz indywidualnych mo\u017cliwo\u015bci psychofizycznych ucznia dokonanego przez nauczycieli i specjalist\u00f3w,<\/li>\n\n\n\n<li>posiadaj\u0105cego opini\u0119 lekarza o ograniczonych mo\u017cliwo\u015bciach wykonywania przez ucznia okre\u015blonych \u0107wicze\u0144 fizycznych na zaj\u0119ciach wychowania fizycznego \u2013 na podstawie tej opinii.<\/li>\n\n\n\n<li>W stosunku do uczni\u00f3w niepe\u0142nosprawnych intelektualnie w stopniu umiarkowanym lub znacznym,\u00a0indywidualne wymagania edukacyjne okre\u015blaj\u0105 nauczyciele w oparciu o opini\u0119 poradni psychologiczno-pedagogicznej oraz ustalenia zawarte w indywidualnym programie edukacyjno-terapeutycznym.<\/li>\n\n\n\n<li>Przy ustalaniu oceny z wychowania fizycznego, techniki, muzyki i plastyki nale\u017cy w\u00a0szczeg\u00f3lno\u015bci bra\u0107 pod uwag\u0119 wysi\u0142ek wk\u0142adany przez ucznia w wywi\u0105zywanie si\u0119 z\u00a0obowi\u0105zk\u00f3w wynikaj\u0105cych ze specyfiki tych zaj\u0119\u0107.<\/li>\n\n\n\n<li>Dyrektor szko\u0142y zwalnia ucznia z wykonywania okre\u015blonych \u0107wicze\u0144 fizycznych na zaj\u0119ciach wychowania fizycznego, na podstawie opinii o ograniczonych mo\u017cliwo\u015bciach wykonywania przez ucznia tych \u0107wicze\u0144, wydanej przez lekarza, na czas okre\u015blony w tej opinii.<\/li>\n\n\n\n<li>Dyrektor szko\u0142y podejmuje decyzj\u0119 o zwolnieniu ucznia z realizacji zaj\u0119\u0107 z wychowania fizycznego lub zaj\u0119\u0107 komputerowych na podstawie opinii o braku mo\u017cliwo\u015bci uczestniczenia ucznia w tych zaj\u0119ciach, wydanej przez lekarza, na czas okre\u015blony w tej opinii.<\/li>\n\n\n\n<li>Je\u017celi okres zwolnienia ucznia z realizacji zaj\u0119\u0107 wychowania fizycznego, zaj\u0119\u0107 komputerowych, uniemo\u017cliwia ustalenie \u015br\u00f3drocznej lub rocznej oceny klasyfikacyjnej, w dokumentacji przebiegu nauczania zamiast oceny klasyfikacyjnej wpisuje si\u0119 \u201ezwolniony\u201d albo \u201ezwolniona\u201d.<\/li>\n\n\n\n<li>Obowi\u0105zkow\u0105 dokumentacj\u0119 szkoln\u0105 w zakresie oceniania i promowania stanowi\u0105 dzienniki lekcyjne oraz arkusze ocen.<\/li>\n\n\n\n<li>Dopuszcza si\u0119 stosowanie przez nauczycieli kart obserwacji ucznia i kart obserwacji klasy.<\/li>\n<\/ol>\n\n\n\n<p>\u00a7 71.<\/p>\n\n\n\n<ol class=\"wp-block-list\">\n<li>Ocenianie bie\u017c\u0105ce z zaj\u0119\u0107 edukacyjnych ma na celu monitorowanie pracy ucznia oraz przekazywanie uczniowi i rodzicom informacji o jego osi\u0105gni\u0119ciach edukacyjnych, pomaganie w uczeniu si\u0119, poprzez wskazanie, co ucze\u0144 robi dobrze, co i jak wymaga poprawy oraz jak powinien dalej si\u0119 uczy\u0107.<\/li>\n\n\n\n<li>Bie\u017c\u0105cego oceniania osi\u0105gni\u0119\u0107 edukacyjnych ucznia dokonuj\u0105 nauczyciele w czasie ca\u0142ego procesu nauczania.<\/li>\n\n\n\n<li><a>G\u0142\u00f3wnymi formami sprawdzania wiedzy i umiej\u0119tno\u015bci s\u0105:<\/a><\/li>\n\n\n\n<li>formy ustne:<\/li>\n<\/ol>\n\n\n\n<p>a) odpowiedzi ustne,<\/p>\n\n\n\n<p>b) wypowiedzi w klasie (aktywno\u015b\u0107),<\/p>\n\n\n\n<p>c) recytacja,<\/p>\n\n\n\n<ul class=\"wp-block-list\">\n<li>formy pisemne:<\/li>\n<\/ul>\n\n\n\n<p>a) praca kontrolna \u2013 pisemny spos\u00f3b sprawdzania wiedzy trwaj\u0105cy, co najmniej jedn\u0105 jednostk\u0119 lekcyjn\u0105, obejmuj\u0105cy szeroki zakres materia\u0142u (powy\u017cej 3 jednostek lekcyjnych),<\/p>\n\n\n\n<p>b) kartk\u00f3wka \u2013 pisemny spos\u00f3b sprawdzania wiedzy obejmuj\u0105cy materia\u0142 najwy\u017cej z&nbsp;trzech ostatnich lekcji,<\/p>\n\n\n\n<ul class=\"wp-block-list\">\n<li>inne formy wypowiedzi, np. referat, sprawozdanie,<\/li>\n\n\n\n<li>formy sprawno\u015bciowe, do\u015bwiadczalne, praktyczne,<\/li>\n\n\n\n<li>\u0107wiczenia praktyczne wykonywane podczas zaj\u0119\u0107 edukacyjnych,<\/li>\n\n\n\n<li>wytwory tw\u00f3rczo\u015bci artystycznej,<\/li>\n\n\n\n<li>inne: np. udzia\u0142 w konkursach przedmiotowych, zawodach sportowych itp.<\/li>\n<\/ul>\n\n\n\n<p><a>4<\/a>.&nbsp; <a>G\u0142\u00f3wnymi formami sprawdzania wiedzy i umiej\u0119tno\u015bci&nbsp; ucznia poprzez system zdalny s\u0105:<\/a><\/p>\n\n\n\n<p>&nbsp;&nbsp;&nbsp;&nbsp;&nbsp; 1) formy ustne:<\/p>\n\n\n\n<p>a) odpowiedzi ustne,<\/p>\n\n\n\n<p>b) recytacja,<\/p>\n\n\n\n<p>poprzez dost\u0119pne komunikatory internetowe<\/p>\n\n\n\n<p>&nbsp;&nbsp;&nbsp;&nbsp;&nbsp; 2) formy pisemne:<\/p>\n\n\n\n<p>a) praca kontrolna \u2013 pisemny spos\u00f3b sprawdzania wiedzy trwaj\u0105cy w wyznaczonym i uzgodnionym czasie, obejmuj\u0105cy okre\u015blony zakres materia\u0142u z&nbsp;&nbsp; wykorzystaniem \u015brodk\u00f3w komunikacji elektronicznej zapewniaj\u0105cych wymian\u0119 informacji mi\u0119dzy nauczycielem, uczniem lub rodzicem<\/p>\n\n\n\n<p>b) zadania domowe,<\/p>\n\n\n\n<p>&nbsp;&nbsp;&nbsp;&nbsp;&nbsp;&nbsp; 3) inne formy wypowiedzi, np. referat, sprawozdanie,<\/p>\n\n\n\n<p>&nbsp;&nbsp;&nbsp;&nbsp;&nbsp;&nbsp; 4) formy sprawno\u015bciowe, do\u015bwiadczalne, praktyczne,<\/p>\n\n\n\n<p>&nbsp;&nbsp;&nbsp;&nbsp;&nbsp;&nbsp; 5) \u0107wiczenia praktyczne wykonywane podczas zaj\u0119\u0107 edukacyjnych,<\/p>\n\n\n\n<p>&nbsp;&nbsp;&nbsp;&nbsp;&nbsp;&nbsp; 6) wytwory tw\u00f3rczo\u015bci artystycznej,<\/p>\n\n\n\n<p>&nbsp;&nbsp;&nbsp;&nbsp;&nbsp;&nbsp; 7) inne: np. udzia\u0142 w konkursach przedmiotowych, zawodach sportowych itp.<\/p>\n\n\n\n<p>z&nbsp;&nbsp; wykorzystaniem \u015brodk\u00f3w komunikacji elektronicznej zapewniaj\u0105cych wymian\u0119 informacji mi\u0119dzy nauczycielem, uczniem lub rodzicem<\/p>\n\n\n\n<ul class=\"wp-block-list\">\n<li>W klasach I-III podstaw\u0119 oceniania stanowi systematyczna obserwacja dziecka w\u00a0r\u00f3\u017cnorodnych sytuacjach, ujawniaj\u0105cych jego predyspozycje, zainteresowania, trudno\u015bci, zachowania i postawy. <a>Ocena post\u0119p\u00f3w ucznia <\/a>przyjmuje formy s\u0142owne lub pisemne w\u00a0postaci stopni 1, 2, 3, 4, 5 lub 6.<\/li>\n\n\n\n<li>Ustala si\u0119 nast\u0119puj\u0105ce og\u00f3lne kryteria oceniania w zakresie wiadomo\u015bci i umiej\u0119tno\u015bci:<\/li>\n\n\n\n<li>Stopie\u0144 6 &#8211; ocena celuj\u0105ca\/wymagania wykraczaj\u0105ce\/ otrzymuje ucze\u0144, kt\u00f3ry spe\u0142nia kryteria na ocen\u0119 bardzo dobr\u0105, a dodatkowo w podejmowanych dzia\u0142aniach prezentuje oryginalno\u015b\u0107 i pomys\u0142owo\u015b\u0107, wykonuj\u0105c zadania i rozwi\u0105zuj\u0105c problemy proponuje \u015bmia\u0142e i\u00a0odwa\u017cne, nietypowe rozwi\u0105zania. Korzysta z r\u00f3\u017cnych \u017ar\u00f3de\u0142 informacji. Potrafi samodzielnie wnioskowa\u0107, uog\u00f3lnia\u0107 i\u00a0dostrzega\u0107 zwi\u0105zki przyczynowo \u2013 skutkowe. Osi\u0105ga sukcesy w\u00a0konkursach i zawodach sportowych.<\/li>\n\n\n\n<li>Stopie\u0144 5 &#8211; ocena bardzo dobra \/wymagania dope\u0142niaj\u0105ce\/ otrzymuje ucze\u0144, kt\u00f3ry opanowa\u0142 pe\u0142ny zakres wiadomo\u015bci i umiej\u0119tno\u015bci okre\u015blony wymaganiami programowymi \u2013 biegle wykorzystuje je w r\u00f3\u017cnych sytuacjach, potrafi korzysta\u0107 z r\u00f3\u017cnych \u017ar\u00f3de\u0142 informacji, tw\u00f3rczo i\u00a0samodzielnie rozwi\u0105zuje problemy, w nowych sytuacjach radzi sobie doskonale.<\/li>\n\n\n\n<li>Stopie\u0144 4 &#8211; ocena dobra \/wymagania rozszerzaj\u0105ce\/ otrzymuje ucze\u0144, kt\u00f3ry opanowa\u0142 zakres wiadomo\u015bci i umiej\u0119tno\u015bci okre\u015blony programem nauczania w stopniu \u015brednim \u2013 potrafi sprawnie wykorzysta\u0107 je w sytuacjach typowych, pracuje samodzielnie, potrafi poprawi\u0107 swoje b\u0142\u0119dy, rozwi\u0105za\u0107 w praktyce typowe zadania i problemy<\/li>\n\n\n\n<li>Stopie\u0144 3 &#8211; ocena dostateczna \/wymagania podstawowe\/ otrzymuje ucze\u0144, kt\u00f3ry opanowa\u0142 wiadomo\u015bci i umiej\u0119tno\u015bci okre\u015blone wymaganiami programowymi w stopniu zadowalaj\u0105cym \u2013 potrafi wykorzysta\u0107 je rozwi\u0105zuj\u0105c proste zadania, z pomoc\u0105 nauczyciela rozwi\u0105zuje typowe zadania i\u00a0problemy o \u015brednim stopniu trudno\u015bci daj\u0105ce si\u0119 wykorzysta\u0107 w sytuacjach szkolnych i\u00a0pozaszkolnych.<\/li>\n\n\n\n<li>Stopie\u0144 2 &#8211; ocena dopuszczaj\u0105ca \/wymagania konieczne\/ otrzymuje ucze\u0144, kt\u00f3ry opanowa\u0142 wiadomo\u015bci i umiej\u0119tno\u015bci okre\u015blone wymaganiami programowymi w stopniu niskim, niezb\u0119dnym do dalszej nauki \u2013 ucze\u0144 wymaga wsparcia i pomocy ze strony nauczyciela w\u00a0swoich dzia\u0142aniach i\u00a0w\u00a0rozwi\u0105zywaniu zada\u0144, samodzielnie wykonuje zadania o niewielkim stopniu trudno\u015bci. Nie przestrzega limit\u00f3w czasowych, cz\u0119sto nie ko\u0144czy rozpocz\u0119tych dzia\u0142a\u0144.<\/li>\n\n\n\n<li>Stopie\u0144 1 &#8211; ocena niedostateczna otrzymuje ucze\u0144, kt\u00f3ry nie opanowa\u0142 wiadomo\u015bci i\u00a0umiej\u0119tno\u015bci okre\u015blonych wymaganiami programowymi, a braki w wiadomo\u015bciach i\u00a0umiej\u0119tno\u015bciach uniemo\u017cliwiaj\u0105 dalsze zdobywanie wiedzy. Ucze\u0144 nie jest w stanie rozwi\u0105za\u0107 \/wykona\u0107\/ zadania nawet o niewielkim, elementarnym stopniu trudno\u015bci. Nie radzi sobie nawet z pomoc\u0105 nauczyciela. Odmawia wykonania zadania, nie pr\u00f3buje, nie stara si\u0119, niszczy prace.<\/li>\n\n\n\n<li>W klasach IV-VIII oceny bie\u017c\u0105ce ustala si\u0119 w stopniach wed\u0142ug nast\u0119puj\u0105cej skali:<\/li>\n\n\n\n<li>\u00a0<\/li>\n\n\n\n<li>\u00a0stopie\u0144 celuj\u0105cy \u2013 6<\/li>\n\n\n\n<li>stopie\u0144 bardzo dobry \u2013 5<\/li>\n\n\n\n<li>stopie\u0144 dobry \u2013 4<\/li>\n\n\n\n<li>stopie\u0144 dostateczny \u2013 3<\/li>\n\n\n\n<li>stopie\u0144 dopuszczaj\u0105cy \u2013 2<\/li>\n\n\n\n<li>stopie\u0144 niedostateczny \u2013 1.<\/li>\n\n\n\n<li>Dopuszcza si\u0119 stosowanie znak\u00f3w \u201e+\u201d i \u201e\u2013\u201e w zapisie ocen post\u0119p\u00f3w ucznia.<\/li>\n\n\n\n<li>Zasady i cz\u0119stotliwo\u015b\u0107 sprawdzania post\u0119p\u00f3w ucznia oraz spos\u00f3b poprawiania ocen niekorzystnych z poszczeg\u00f3lnych przedmiot\u00f3w i blok\u00f3w przedmiotowych okre\u015blaj\u0105 nauczyciele danego przedmiotu z zachowaniem poni\u017cszych ustale\u0144:<\/li>\n\n\n\n<li>prace klasowe musz\u0105 by\u0107 zapowiedziane, co najmniej na tydzie\u0144 wcze\u015bniej przed ich przeprowadzeniem i wpisane do terminarza w dzienniku elektronicznym. W ci\u0105gu dnia ucze\u0144 mo\u017ce pisa\u0107 jedn\u0105 tak\u0105 prac\u0119, a w ci\u0105gu tygodnia trzy,<\/li>\n\n\n\n<li>w dniu, w kt\u00f3rym odbywa si\u0119 praca klasowa mo\u017ce by\u0107 najwy\u017cej jeden taki sprawdzian,<\/li>\n\n\n\n<li>nauczyciel ma obowi\u0105zek poprawi\u0107 i odda\u0107 uczniom prac\u0119 klasow\u0105 lub sprawdzian w\u00a0terminie siedmiu dni, za wyj\u0105tkiem przypadku d\u0142u\u017cszej nieobecno\u015bci spowodowanej chorob\u0105 lub innymi wa\u017cnymi przyczynami,<\/li>\n\n\n\n<li>prace klasowe wpisywane s\u0105 do dziennika czerwonym kolorem,<\/li>\n\n\n\n<li>nauczyciel mo\u017ce w uzasadnionych przypadkach, w porozumieniu z uczniami zrezygnowa\u0107 z\u00a0danej pracy klasowej lub przeprowadzi\u0107 dodatkow\u0105, je\u015bli wymaga tego dobro uczni\u00f3w,<\/li>\n<\/ul>\n\n\n\n<ul class=\"wp-block-list\">\n<li>Przy ocenianiu bierze si\u0119 pod uwag\u0119: stan wiedzy i umiej\u0119tno\u015bci, post\u0119py ucznia, postaw\u0119, rozw\u00f3j umiej\u0119tno\u015bci kluczowych, wk\u0142ad pracy, mo\u017cliwo\u015bci ucznia.<\/li>\n\n\n\n<li>Przy ustalaniu oceny z wychowania fizycznego, zaj\u0119\u0107 technicznych, muzyki i plastyki nale\u017cy w\u00a0szczeg\u00f3lno\u015bci bra\u0107 pod uwag\u0119 wysi\u0142ek wk\u0142adany przez ucznia w wywi\u0105zywanie si\u0119 z\u00a0obowi\u0105zk\u00f3w wynikaj\u0105cych ze specyfiki tych zaj\u0119\u0107, a w przypadku wychowania fizycznego &#8211; tak\u017ce systematyczno\u015b\u0107 udzia\u0142u ucznia w zaj\u0119ciach oraz aktywno\u015b\u0107 ucznia w dzia\u0142aniach podejmowanych przez szko\u0142\u0119 na rzecz kultury fizycznej.<\/li>\n\n\n\n<li>Tryb i warunki uzyskania wy\u017cszej ni\u017c przewidywana rocznej oceny z zaj\u0119\u0107 edukacyjnych okre\u015bla si\u0119 nast\u0119puj\u0105co:<\/li>\n\n\n\n<li>W przypadku, gdy rodzice\/ prawni opiekunowie ucznia nie zgadzaj\u0105 si\u0119 z przewidywan\u0105 roczn\u0105 ocen\u0105 klasyfikacyjn\u0105 z zaj\u0119\u0107 edukacyjnych lub przewidywan\u0105 roczn\u0105 ocen\u0105 klasyfikacyjn\u0105 zachowania, mog\u0105 wyst\u0105pi\u0107 z pisemnym, umotywowanym wnioskiem o ustalenie oceny wy\u017cszej ni\u017c przewidywana, z zachowaniem obowi\u0105zuj\u0105cych w szkole kryteri\u00f3w oceniania.<\/li>\n\n\n\n<li>Uzasadniony wniosek z okre\u015bleniem oceny oczekiwanej, o kt\u00f3rym mowa w ust.1, mo\u017ce by\u0107 z\u0142o\u017cony do Dyrektora Szko\u0142y w terminie 2 dni roboczych od dnia uzyskania informacji o przewidywanej ocenie.<\/li>\n\n\n\n<li>Wnioski bez uzasadnienia b\u0119d\u0105 rozpatrzone negatywnie.<\/li>\n\n\n\n<li>Wskazany przez Dyrektora nauczyciel danego przedmiotu lub wychowawca klasy bada zasadno\u015b\u0107 wniosku i sporz\u0105dza notatk\u0119.<\/li>\n\n\n\n<li>Ucze\u0144 mo\u017ce ubiega\u0107 si\u0119 o roczn\u0105 ocen\u0119 klasyfikacyjn\u0105 z zaj\u0119\u0107 edukacyjnych wy\u017csz\u0105 od przewidywanej, gdy spe\u0142nia wszystkie poni\u017csze warunki:<\/li>\n\n\n\n<li>pisa\u0142 wszystkie prace klasowe z danych zaj\u0119\u0107 edukacyjnych, a w razie usprawiedliwionej nieobecno\u015bci pisa\u0142 je w terminie dodatkowym;<\/li>\n\n\n\n<li>oceny niedostateczne z prac klasowych stara\u0142 si\u0119 poprawi\u0107 w obowi\u0105zuj\u0105cym terminie, zgodnie z przedmiotowymi zasadami oceniania danych zaj\u0119\u0107 edukacyjnych;<\/li>\n\n\n\n<li>skorzysta\u0142 z wszystkich oferowanych przez nauczyciela form pomocy;<\/li>\n\n\n\n<li>w klasyfikacji \u015br\u00f3drocznej mia\u0142 ocen\u0119 wy\u017csz\u0105 ni\u017c proponowana ocena roczna z danych zaj\u0119\u0107 edukacyjnych;<\/li>\n\n\n\n<li>ze wszystkich form sprawdzaj\u0105cych poziom wiedzy i umiej\u0119tno\u015bci uczni\u00f3w na zaj\u0119ciach lekcyjnych, mia\u0142 co najmniej 50% ocen wy\u017cszych ni\u017c ocena roczna proponowana przez nauczyciela.<\/li>\n\n\n\n<li>Je\u017celi ucze\u0144 nie spe\u0142nia wszystkich warunk\u00f3w zapisanych w ust. 5, wniosek b\u0119dzie rozpatrzony negatywnie.<\/li>\n\n\n\n<li>W ci\u0105gu 5 dni od daty otrzymania wniosku (nie p\u00f3\u017aniej ni\u017c do dnia poprzedzaj\u0105cego klasyfikacyjne zebranie rady pedagogicznej), Dyrektor powo\u0142uje komisj\u0119 do przeprowadzenia sprawdzenia umiej\u0119tno\u015bci i wiadomo\u015bci ucznia, w sk\u0142ad kt\u00f3rej wchodz\u0105: wychowawca oddzia\u0142u jako przewodnicz\u0105cy komisji, nauczyciel prowadz\u0105cy dane zaj\u0119cia edukacyjne oraz nauczyciel tych samych lub pokrewnych zaj\u0119\u0107.<\/li>\n\n\n\n<li>Sprawdzenie umiej\u0119tno\u015bci i wiadomo\u015bci ucznia odbywa si\u0119 w formie pisemnej,<br>przy czym sprawdzenie wiadomo\u015bci i umiej\u0119tno\u015bci ucznia z zaj\u0119\u0107 komputerowych, informatyki, plastyki, muzyki, zaj\u0119\u0107 artystycznych, techniki, zaj\u0119\u0107 technicznych oraz wychowania fizycznego, mo\u017ce mie\u0107 r\u00f3wnie\u017c form\u0119 zada\u0144 praktycznych i obejmuje okre\u015blony zakres wiadomo\u015bci i umiej\u0119tno\u015bci, zawarty w wymaganiach edukacyjnych niezb\u0119dnych do otrzymania przez ucznia oczekiwanej oceny.<\/li>\n\n\n\n<li>Sprawdzenie wiadomo\u015bci i umiej\u0119tno\u015bci obejmuje tre\u015bci edukacyjne danego przedmiotu z drugiego p\u00f3\u0142rocza.<\/li>\n\n\n\n<li>Sprawdzian i zadania praktyczne opracowuje nauczyciel ucz\u0105cy danego przedmiotu zgodnie z przedmiotowymi zasadami oceniania.<\/li>\n\n\n\n<li>Dyrektor informuje na pi\u015bmie rodzic\u00f3w\/prawnych opiekun\u00f3w o wyznaczonym terminie, czasie i miejscu, w kt\u00f3rym odb\u0119dzie si\u0119 pisemne sprawdzenie umiej\u0119tno\u015bci i wiedzy ucznia w zakresie danych zaj\u0119\u0107 edukacyjnych, niezw\u0142ocznie po ich ustaleniu.<\/li>\n\n\n\n<li>\u00a0\u00a0Ze sprawdzenia umiej\u0119tno\u015bci i wiadomo\u015bci ucznia sporz\u0105dza si\u0119 protok\u00f3\u0142 zawieraj\u0105cy<br>w szczeg\u00f3lno\u015bci: nazw\u0119 zaj\u0119\u0107 edukacyjnych, z kt\u00f3rych by\u0142 przeprowadzony sprawdzian, imiona i nazwiska os\u00f3b wchodz\u0105cych w sk\u0142ad komisji, termin sprawdzianu wiadomo\u015bci<br>i umiej\u0119tno\u015bci, imi\u0119 i nazwisko ucznia, zadania sprawdzaj\u0105ce, ustalon\u0105 ocen\u0119 klasyfikacyjn\u0105. Do protoko\u0142u do\u0142\u0105cza si\u0119 odpowiednio pisemne prace ucznia i zwi\u0119z\u0142\u0105 informacj\u0119 o wykonaniu przez ucznia zadania praktycznego. Protok\u00f3\u0142 stanowi za\u0142\u0105cznik do arkusza ocen ucznia.<\/li>\n\n\n\n<li>\u00a0Ucze\u0144 otrzymuje podwy\u017cszon\u0105 ocen\u0119 z zaj\u0119\u0107 edukacyjnych, je\u017celi napisze sprawdzian i wykona zadania praktyczne zgodne z ust. 8 co najmniej w 90%.<\/li>\n\n\n\n<li>\u00a0Je\u017celi ucze\u0144 nie przyst\u0105pi do sprawdzenia wiadomo\u015bci i umiej\u0119tno\u015bci w wyznaczonym terminie z przyczyn nieusprawiedliwionych, traci prawo do ubiegania si\u0119 o podwy\u017cszenie oceny<\/li>\n\n\n\n<li>Tryb i warunki uzyskania wy\u017cszej ni\u017c przewidywana rocznej oceny z zachowania okre\u015bla si\u0119 nast\u0119puj\u0105co:<\/li>\n\n\n\n<li>W przypadku z\u0142o\u017cenia wniosku o ustalenie rocznej oceny klasyfikacyjnej zachowania wy\u017cszej o jeden stopie\u0144 ni\u017c przewidywana, Dyrektor powo\u0142uje komisj\u0119 do ustalenia rocznej oceny klasyfikacyjnej zachowania ucznia, w sk\u0142ad kt\u00f3rej wchodz\u0105: Dyrektor albo wicedyrektor \u2013 jako przewodnicz\u0105cy komisji, wychowawca klasy, wskazany przez Dyrektora Szko\u0142y nauczyciel prowadz\u0105cy zaj\u0119cia edukacyjne w danej klasie lub pedagog<\/li>\n\n\n\n<li>Wnioski bez uzasadnienia b\u0119d\u0105 rozpatrzone negatywnie.<\/li>\n\n\n\n<li>Termin posiedzenia komisji ustala Dyrektor (w ci\u0105gu 5 dni od daty otrzymania wniosku \u2013 nie p\u00f3\u017aniej ni\u017c do dnia poprzedzaj\u0105cego klasyfikacyjne zebranie rady pedagogicznej) i niezw\u0142ocznie powiadamia o nim na pi\u015bmie wnioskuj\u0105cego.<\/li>\n\n\n\n<li>Ocena klasyfikacyjna zachowania uwzgl\u0119dnia w szczeg\u00f3lno\u015bci:<\/li>\n\n\n\n<li>reprezentowanie szko\u0142y w konkursach przedmiotowych;<\/li>\n\n\n\n<li>reprezentowanie szko\u0142y w zawodach sportowych;<\/li>\n\n\n\n<li>post\u0119powanie zgodne z dobrem spo\u0142eczno\u015bci szkolnej;<\/li>\n\n\n\n<li>Warunkiem uzyskania wy\u017cszej ni\u017c przewidywana rocznej oceny klasyfikacyjnej<br>zachowania jest zaistnienie nowych okoliczno\u015bci dotycz\u0105cych godnej pochwa\u0142y postawy ucznia w \u015brodowisku pozaszkolnym<\/li>\n\n\n\n<li>Komisja ustala roczn\u0105 ocen\u0119 klasyfikacyjn\u0105 zachowania (po wys\u0142uchaniu uzasadnienia oceny wychowawcy i przeanalizowaniu szczeg\u00f3\u0142owych kryteri\u00f3w oceniania zachowania oraz uzasadnienia przedstawionego przez rodzic\u00f3w\/opiekun\u00f3w prawnych we wniosku)w drodze g\u0142osowania zwyk\u0142\u0105 wi\u0119kszo\u015bci\u0105 g\u0142os\u00f3w; w przypadku r\u00f3wnej liczby g\u0142os\u00f3w decyduje g\u0142os przewodnicz\u0105cego komisji.<\/li>\n\n\n\n<li>Ustalona przez komisj\u0119 roczna ocena klasyfikacyjna zachowania jest ostateczna i nie mo\u017ce by\u0107 ni\u017csza od oceny proponowanej przez wychowawc\u0119.<\/li>\n\n\n\n<li>Z posiedzenia komisji sporz\u0105dza si\u0119 protok\u00f3\u0142 zawieraj\u0105cy w szczeg\u00f3lno\u015bci: imiona i nazwiska os\u00f3b wchodz\u0105cych w sk\u0142ad komisji, termin posiedzenia komisji, imi\u0119 i nazwisko ucznia, wynik g\u0142osowania, ustalon\u0105 ocen\u0119 klasyfikacyjn\u0105 zachowania wraz z uzasadnieniem. Protok\u00f3\u0142 stanowi za\u0142\u0105cznik do arkusz ocen ucznia.<\/li>\n\n\n\n<li>Oceny bie\u017c\u0105ce z zaj\u0119\u0107 edukacyjnych dla uczni\u00f3w niepe\u0142nosprawnych intelektualnie w\u00a0stopniu umiarkowanym lub znacznym s\u0105 ocenami opisowymi z uwzgl\u0119dnieniem ust. 10. Ocena z religii jest wystawiana wed\u0142ug skali, o kt\u00f3rej mowa w ust. 6.<\/li>\n\n\n\n<li>Na pro\u015bb\u0119 ucznia i jego rodzic\u00f3w w ocenianiu bie\u017c\u0105cym ucznia niepe\u0142nosprawnego intelektualnie w stopniu umiarkowanym lub znacznym mo\u017cna stosowa\u0107 odpowiednio skale wymienione w ust. 5 i ust. 6.<\/li>\n<\/ul>\n\n\n\n<p>\u00a7 72.<\/p>\n\n\n\n<ol class=\"wp-block-list\">\n<li>Klasyfikowanie \u015br\u00f3droczne polega na okresowym podsumowaniu osi\u0105gni\u0119\u0107 edukacyjnych ucznia z zaj\u0119\u0107 edukacyjnych i zachowania oraz ustaleniu \u015br\u00f3drocznych ocen klasyfikacyjnych z tych zaj\u0119\u0107 i \u015br\u00f3drocznej oceny klasyfikacyjnej zachowania.<\/li>\n\n\n\n<li>Klasyfikowanie \u015br\u00f3droczne uczni\u00f3w przeprowadza si\u0119 raz w ci\u0105gu roku szkolnego, w\u00a0ostatnim tygodniu pierwszego p\u00f3\u0142rocza roku szkolnego.<\/li>\n\n\n\n<li>Klasyfikacja roczna polega na podsumowaniu osi\u0105gni\u0119\u0107 ucznia z zaj\u0119\u0107 edukacyjnych i\u00a0zachowania w danym roku szkolnym oraz ustaleniu rocznych ocen klasyfikacyjnych z tych zaj\u0119\u0107 i rocznej oceny klasyfikacyjnej zachowania, z tym \u017ce w klasach I-III w przypadku:<\/li>\n\n\n\n<li>obowi\u0105zkowych zaj\u0119\u0107 edukacyjnych ustala si\u0119 jedn\u0105 roczn\u0105 ocen\u0119 klasyfikacyjn\u0105 z tych zaj\u0119\u0107,<\/li>\n\n\n\n<li>dodatkowych zaj\u0119\u0107 edukacyjnych ustala si\u0119 jedn\u0105 roczn\u0105 ocen\u0119 klasyfikacyjn\u0105 z tych zaj\u0119\u0107.<\/li>\n\n\n\n<li>W klasach I-III \u015br\u00f3droczna i roczna ocena klasyfikacyjna z obowi\u0105zkowych i dodatkowych zaj\u0119\u0107 edukacyjnych jest ocen\u0105 opisow\u0105.<\/li>\n\n\n\n<li>Klasyfikacja \u015br\u00f3droczna i roczna ucznia niepe\u0142nosprawnego intelektualnie w stopniu umiarkowanym lub znacznym w klasach I-III szko\u0142y podstawowej polega na podsumowaniu jego osi\u0105gni\u0119\u0107 z zaj\u0119\u0107 edukacyjnych (z uwzgl\u0119dnieniem ustale\u0144 zawartych w indywidualnym programie edukacyjno &#8211; terapeutycznym) i jego zachowania w danym roku szkolnym oraz ustaleniu jednej rocznej oceny klasyfikacyjnej z zaj\u0119\u0107 edukacyjnych zgodnie z ust. 7 i\u00a0rocznej oceny klasyfikacyjnej zachowania zgodnie z \u00a7 61 ust. 6.<\/li>\n\n\n\n<li>W klasach I-III \u015br\u00f3droczna i roczna ocena klasyfikacyjna dla uczni\u00f3w z\u00a0niepe\u0142nosprawno\u015bci\u0105 intelektualn\u0105 w stopniu umiarkowanym lub znacznym jest ocen\u0105 opisow\u0105.<\/li>\n\n\n\n<li>Opisowa ocena klasyfikacyjna \u015br\u00f3droczna i roczna powinna zawiera\u0107 informacje dotycz\u0105ce poziomu osi\u0105gni\u0119\u0107 ucznia i\u00a0jego post\u0119p\u00f3w:<\/li>\n\n\n\n<li>Kompetencje oddzia\u0142ywa\u0144 wychowawczych<\/li>\n\n\n\n<li>Kompetencje edukacji (ed. polonistyczna, matematyczna, artystyczna, przyrodniczo- spo\u0142eczna, informatyka, j. angielski, w-f).<\/li>\n\n\n\n<li>Dodatkowe zaj\u0119cia edukacyjne.<\/li>\n\n\n\n<li>\u015ar\u00f3droczna i roczna opisowa ocena klasyfikacyjna z zaj\u0119\u0107 edukacyjnych, o kt\u00f3rej mowa w\u00a0ust. 4, uwzgl\u0119dnia poziom opanowania przez ucznia wiadomo\u015bci i umiej\u0119tno\u015bci z zakresu wymaga\u0144 okre\u015blonych w podstawie programowej kszta\u0142cenia og\u00f3lnego dla I etapu edukacyjnego oraz wskazuje potrzeby rozwojowe i edukacyjne ucznia zwi\u0105zane z\u00a0przezwyci\u0119\u017caniem trudno\u015bci w\u00a0nauce lub rozwijaniem uzdolnie\u0144.<\/li>\n\n\n\n<li>Na tydzie\u0144<strong> <\/strong>przed rocznym klasyfikacyjnym posiedzeniem rady pedagogicznej, nauczyciele prowadz\u0105cy poszczeg\u00f3lne zaj\u0119cia edukacyjne obowi\u0105zani s\u0105 do poinformowania ucznia i jego rodzic\u00f3w o przewidywanych dla niego ocenach klasyfikacyjnych z zaj\u0119\u0107 edukacyjnych i przewidywanej ocenie klasyfikacyjnej z zachowania w formie opisowej.<\/li>\n\n\n\n<li>Klasyfikowanie \u015br\u00f3droczne i roczne, pocz\u0105wszy od klasy IV polega na podsumowaniu osi\u0105gni\u0119\u0107 edukacyjnych ucznia w danym okresie roku szkolnego z zaj\u0119\u0107 edukacyjnych okre\u015blonych w\u00a0szkolnym planie nauczania i ustaleniu ocen klasyfikacyjnych.<\/li>\n\n\n\n<li>Pocz\u0105wszy od klasy IV \u015br\u00f3droczne, roczne oraz ko\u0144cowe oceny klasyfikacyjne z zaj\u0119\u0107 edukacyjnych ustala si\u0119 w stopniach wed\u0142ug nast\u0119puj\u0105cej skali:<\/li>\n\n\n\n<li>Stopie\u0144 celuj\u0105cy otrzymuje ucze\u0144, kt\u00f3ry:<\/li>\n<\/ol>\n\n\n\n<p>a) biegle pos\u0142uguje si\u0119 zdobytymi wiadomo\u015bciami w rozwi\u0105zywaniu problem\u00f3w praktycznych i teoretycznych z programu nauczania danej klasy, proponuje rozwi\u0105zania oryginalne, nietypowe,<\/p>\n\n\n\n<p>b) samodzielnie i tw\u00f3rczo rozwija w\u0142asne uzdolnienia.<\/p>\n\n\n\n<p>c) ocen\u0119 celuj\u0105c\u0105 mo\u017ce r\u00f3wnie\u017c otrzyma\u0107 ucze\u0144, kt\u00f3ry osi\u0105ga sukcesy w konkursach i&nbsp;olimpiadach przedmiotowych, zawodach sportowych itp.<\/p>\n\n\n\n<ul class=\"wp-block-list\">\n<li>Stopie\u0144 bardzo dobry otrzymuje ucze\u0144, kt\u00f3ry:<\/li>\n<\/ul>\n\n\n\n<p>a) opanowa\u0142 pe\u0142ny zakres wiadomo\u015bci i umiej\u0119tno\u015bci przewidzianych dla danego etapu nauczania,<\/p>\n\n\n\n<p>b) sprawnie pos\u0142uguje si\u0119 zdobytymi wiadomo\u015bciami i umiej\u0119tno\u015bciami,<\/p>\n\n\n\n<p>c) potrafi samodzielnie lub przy niewielkiej pomocy nauczyciela zastosowa\u0107 posiadan\u0105 wiedz\u0119 w sytuacjach nowych, nietypowych.<\/p>\n\n\n\n<ul class=\"wp-block-list\">\n<li>Stopie\u0144 dobry otrzymuje ucze\u0144, kt\u00f3ry:<\/li>\n<\/ul>\n\n\n\n<p>a) nie opanowa\u0142 w pe\u0142ni wiadomo\u015bci i umiej\u0119tno\u015bci przewidzianych dla danego etapu nauczania, ale braki te nie b\u0119d\u0105 utrudnia\u0107 zdobywania wiedzy na nast\u0119pnym etapie kszta\u0142cenia,<\/p>\n\n\n\n<p>b) poprawnie stosuje wiadomo\u015bci i umiej\u0119tno\u015bci,<\/p>\n\n\n\n<p>c) samodzielnie rozwi\u0105zuje typowe zadania teoretyczne i praktyczne.<\/p>\n\n\n\n<ul class=\"wp-block-list\">\n<li>Stopie\u0144 dostateczny otrzymuje ucze\u0144, kt\u00f3ry:<\/li>\n<\/ul>\n\n\n\n<p>a) opanowa\u0142 tylko podstawowe wiadomo\u015bci i umiej\u0119tno\u015bci obj\u0119te programem nauczania w&nbsp;danej klasie, co mo\u017ce oznacza\u0107 jego k\u0142opoty przy poznawaniu trudniejszych tre\u015bci kszta\u0142cenia w toku dalszej nauki,<\/p>\n\n\n\n<p>b) potrafi samodzielnie lub przy niewielkiej pomocy nauczyciela rozwi\u0105za\u0107 typowe zadania teoretyczne i praktyczne o \u015brednim stopniu trudno\u015bci.<\/p>\n\n\n\n<ul class=\"wp-block-list\">\n<li>Stopie\u0144 dopuszczaj\u0105cy otrzymuje ucze\u0144, kt\u00f3ry:<\/li>\n<\/ul>\n\n\n\n<p>a) ma braki w podstawowych wiadomo\u015bciach i umiej\u0119tno\u015bciach przewidzianych dla danego etapu kszta\u0142cenia, ale braki te nie przekre\u015blaj\u0105 mo\u017cliwo\u015bci dalszego kszta\u0142cenia, cho\u0107 mog\u0105 je znacznie utrudnia\u0107,<\/p>\n\n\n\n<p>b) potrafi rozwi\u0105za\u0107 jedynie typowe problemy o ma\u0142ym stopniu trudno\u015bci, korzystaj\u0105c nieraz z&nbsp;pomocy nauczyciela.<\/p>\n\n\n\n<ul class=\"wp-block-list\">\n<li>stopie\u0144 niedostateczny otrzymuje ucze\u0144, kt\u00f3ry:<\/li>\n<\/ul>\n\n\n\n<p>a) nie opanowa\u0142 wiadomo\u015bci i umiej\u0119tno\u015bci koniecznych do dalszego zdobywania wiedzy z&nbsp;danego przedmiotu i utrudnia kszta\u0142cenie w zakresie innych przedmiot\u00f3w,<\/p>\n\n\n\n<p>b) nie jest w stanie rozwi\u0105za\u0107, nawet przy pomocy nauczyciela typowych zada\u0144 o&nbsp;ma\u0142ym stopniu trudno\u015bci.<\/p>\n\n\n\n<ul class=\"wp-block-list\">\n<li>Pozytywnymi ocenami klasyfikacyjnymi s\u0105 oceny ustalone w stopniach, o kt\u00f3rych mowa w\u00a0podpunktach od 1 do 5. Negatywn\u0105 ocen\u0105 klasyfikacyjn\u0105 jest ocena ustalona w\u00a0stopniu, o kt\u00f3rym mowa w podpunkcie 6.<\/li>\n\n\n\n<li>Klasyfikacja \u015br\u00f3droczna i roczna u niepe\u0142nosprawnego intelektualnie w stopniu umiarkowanym lub znacznym w klasach IV-VIII polega na okresowym podsumowaniu jego osi\u0105gni\u0119\u0107 z zaj\u0119\u0107 edukacyjnych, z uwzgl\u0119dnieniem ustale\u0144 zawartych w indywidualnym programie edukacyjno &#8211; terapeutycznym opracowanym dla niego na podstawie odr\u0119bnych przepis\u00f3w i jego zachowania oraz ustaleniu \u015br\u00f3drocznych i rocznych ocen klasyfikacyjnych z\u00a0zaj\u0119\u0107 edukacyjnych zgodnie z ust. 12. oraz \u015br\u00f3drocznej i rocznej oceny klasyfikacyjnej zachowania, zgodnie z \u00a7 61 ust.5.<\/li>\n\n\n\n<li>\u015ar\u00f3droczne i roczne oceny klasyfikacyjne ucznia z niepe\u0142nosprawnego intelektualnie w\u00a0stopniu umiarkowanym lub znacznym w klasach IV-VIII s\u0105 ocenami opisowymi i\u00a0obejmuj\u0105 informacje dotycz\u0105ce:<ul><li>funkcjonowania w \u015brodowisku,<\/li><\/ul><ul><li>muzyki z rytmik\u0105,<\/li><\/ul><ul><li>plastyki i techniki,<\/li><\/ul>\n<ul class=\"wp-block-list\">\n<li>wychowania fizycznego.<\/li>\n<\/ul>\n<\/li>\n\n\n\n<li>\u015ar\u00f3droczna i roczna ocena z religii jest wystawiana wed\u0142ug skali, o kt\u00f3rej mowa w \u00a7 60 ust. 10.<\/li>\n\n\n\n<li>Na miesi\u0105c przed rocznym klasyfikacyjnym posiedzeniem rady pedagogicznej, nauczyciele prowadz\u0105cy poszczeg\u00f3lne zaj\u0119cia edukacyjne oraz wychowawca klasy zobowi\u0105zani s\u0105 do poinformowania ucznia i jego rodzic\u00f3w o\u00a0przewidywanych dla niego niedostatecznych ocenach klasyfikacyjnych z zaj\u0119\u0107 edukacyjnych.<\/li>\n\n\n\n<li>Na tydzie\u0144 przed rocznym klasyfikacyjnym posiedzeniem rady pedagogicznej, nauczyciele prowadz\u0105cy poszczeg\u00f3lne zaj\u0119cia edukacyjne oraz wychowawca klasy zobowi\u0105zani s\u0105 do poinformowania ucznia i jego rodzic\u00f3w o\u00a0przewidywanych dla niego ocenach rocznych i przewidywanej ocenie zachowania.<\/li>\n\n\n\n<li>Wychowawca klasy powinien uzyska\u0107 pisemne potwierdzenie powiadomienia o\u00a0przewidywanych ocenach z zaj\u0119\u0107 edukacyjnych oraz o przewidywanej ocenie zachowania.<\/li>\n\n\n\n<li>Informacja jest przekazywana w formie pisemnej na karcie informacyjnej ucznia, kt\u00f3ra jest podpisywana przez rodzic\u00f3w.<\/li>\n\n\n\n<li>\u015ar\u00f3droczne i roczne oceny klasyfikacyjne z obowi\u0105zkowych i dodatkowych zaj\u0119\u0107 edukacyjnych ustalaj\u0105 nauczyciele prowadz\u0105cy poszczeg\u00f3lne zaj\u0119cia edukacyjne, z\u00a0zastrze\u017ceniem ust. 19, a\u00a0\u015br\u00f3droczn\u0105 i roczn\u0105 ocen\u0119 klasyfikacyjn\u0105 zachowania \u2013 wychowawca oddzia\u0142u po zasi\u0119gni\u0119ciu opinii nauczycieli, uczni\u00f3w danej klasy oraz ocenianego ucznia zgodnie z rozdzia\u0142em 7.<\/li>\n\n\n\n<li>W oddziale integracyjnym \u015br\u00f3droczn\u0105 i roczn\u0105 ocen\u0119 klasyfikacyjn\u0105 z zaj\u0119\u0107 edukacyjnych dla ucznia posiadaj\u0105cego orzeczenie o potrzebie kszta\u0142cenia specjalnego ustala nauczyciel prowadz\u0105cy dane zaj\u0119cia edukacyjne, po zasi\u0119gni\u0119ciu opinii nauczyciela zatrudnionego w\u00a0celu wsp\u00f3\u0142organizowania kszta\u0142cenia integracyjnego.<\/li>\n\n\n\n<li>Oceny klasyfikacyjne z zaj\u0119\u0107 edukacyjnych nie maj\u0105 wp\u0142ywu na klasyfikacyjn\u0105 ocen\u0119 zachowania.<\/li>\n\n\n\n<li>Je\u017celi w wyniku klasyfikacji \u015br\u00f3drocznej stwierdzono, \u017ce poziom osi\u0105gni\u0119\u0107 edukacyjnych ucznia uniemo\u017cliwia lub utrudnia kontynuowanie nauki, szko\u0142a powinna w miar\u0119 mo\u017cliwo\u015bci stworzy\u0107 uczniowi szans\u0119 uzupe\u0142nienia brak\u00f3w.<\/li>\n<\/ul>\n\n\n\n<p>\u00a7 73.<\/p>\n\n\n\n<ol class=\"wp-block-list\">\n<li>Ocena zachowania uwzgl\u0119dnia:<\/li>\n\n\n\n<li>funkcjonowanie ucznia w \u015brodowisku szkolnym,<\/li>\n\n\n\n<li>respektowanie zasad wsp\u00f3\u0142\u017cycia spo\u0142ecznego i og\u00f3lnie przyj\u0119tych norm etycznych.<\/li>\n\n\n\n<li>\u015ar\u00f3droczna i roczna ocena klasyfikacyjna zachowania uwzgl\u0119dnia podstawowe obszary:<\/li>\n\n\n\n<li>wywi\u0105zywanie si\u0119 z obowi\u0105zk\u00f3w ucznia,<\/li>\n\n\n\n<li>post\u0119powanie zgodne z dobrem szkolnej spo\u0142eczno\u015bci, dba\u0142o\u015b\u0107 o honor i\u00a0tradycje szko\u0142y,<\/li>\n\n\n\n<li>dba\u0142o\u015b\u0107 o pi\u0119kno mowy ojczystej,<\/li>\n\n\n\n<li>dba\u0142o\u015b\u0107 o bezpiecze\u0144stwo i zdrowie w\u0142asne oraz innych os\u00f3b,<\/li>\n\n\n\n<li>godne, kulturalne zachowanie si\u0119 w szkole i poza ni\u0105,<\/li>\n\n\n\n<li>okazywanie szacunku innym osobom,<\/li>\n\n\n\n<li>przeciwstawianie si\u0119 przejawom przemocy, agresji i wulgarno\u015bci.<\/li>\n\n\n\n<li>W klasach I-III ocena zachowania jest ocen\u0105 opisow\u0105 i obejmuje w zakresie:<\/li>\n\n\n\n<li>pilno\u015bci:<\/li>\n<\/ol>\n\n\n\n<p>a) punktualne przychodzenie na zaj\u0119cia,<\/p>\n\n\n\n<p>b) odrabianie zadanych lekcji,<\/p>\n\n\n\n<p>c) utrzymywanie porz\u0105dku w swoim miejscu pracy (na \u0142awce, w szafce i w szatni),<\/p>\n\n\n\n<p>d) przynoszenie na zaj\u0119cia potrzebnych materia\u0142\u00f3w i przybor\u00f3w,<\/p>\n\n\n\n<p>e) dodatkowe osi\u0105gni\u0119cia<\/p>\n\n\n\n<ul class=\"wp-block-list\">\n<li>kultury osobistej:<\/li>\n<\/ul>\n\n\n\n<p>a) w\u0142a\u015bciwe zachowanie si\u0119 w miejscach publicznych, podczas wycieczek, uroczysto\u015bci szkolnych,<\/p>\n\n\n\n<p>b) u\u017cywanie zwrot\u00f3w grzeczno\u015bciowych,<\/p>\n\n\n\n<p>c) w\u0142a\u015bciwe zachowanie si\u0119 podczas lekcji,<\/p>\n\n\n\n<p>d) uprzejme odnoszenie si\u0119 do innych ludzi,<\/p>\n\n\n\n<p>e) dodatkowe osi\u0105gni\u0119cia.<\/p>\n\n\n\n<ul class=\"wp-block-list\">\n<li>aktywno\u015bci spo\u0142ecznej:<\/li>\n<\/ul>\n\n\n\n<p>a) uczestnictwo w imprezach szkolnych,<\/p>\n\n\n\n<p>b) zgodne wsp\u00f3\u0142dzia\u0142anie z innymi dzie\u0107mi w czasie wolnym od zaj\u0119\u0107,<\/p>\n\n\n\n<p>c) zgodne wsp\u00f3\u0142dzia\u0142anie z innymi dzie\u0107mi w czasie r\u00f3\u017cnych zaj\u0119\u0107,<\/p>\n\n\n\n<p>d) staranne wype\u0142nianie zada\u0144 przydzielonych przez nauczyciela,<\/p>\n\n\n\n<p>e) dodatkowe osi\u0105gni\u0119cia.<\/p>\n\n\n\n<ul class=\"wp-block-list\">\n<li>Pocz\u0105wszy od klasy IV, roczn\u0105 ocen\u0119 klasyfikacyjn\u0105 ustala si\u0119 wed\u0142ug nast\u0119puj\u0105cej skali, z\u00a0zastrze\u017ceniem ust. 5:<\/li>\n\n\n\n<li>wzorowe<\/li>\n\n\n\n<li>bardzo dobre<\/li>\n\n\n\n<li>dobre<\/li>\n\n\n\n<li>poprawne<\/li>\n\n\n\n<li>nieodpowiednie<\/li>\n\n\n\n<li>naganne<\/li>\n\n\n\n<li>Przy ustalaniu oceny klasyfikacyjnej zachowania ucznia, u kt\u00f3rego stwierdzono zaburzenia lub inne dysfunkcje rozwojowe, nale\u017cy uwzgl\u0119dni\u0107 wp\u0142yw tych zaburze\u0144 lub dysfunkcji na jego zachowanie, na podstawie orzeczenia o potrzebie kszta\u0142cenia specjalnego lub orzeczenia o\u00a0potrzebie indywidualnego nauczania lub opinii poradni psychologiczno-pedagogicznej, w tym poradni specjalistycznej.<\/li>\n\n\n\n<li>\u015ar\u00f3droczne i roczne oceny klasyfikacyjne zachowania dla uczni\u00f3w z\u00a0 w niepe\u0142nosprawno\u015bci\u0105 intelektualn\u0105 w\u00a0stopniu umiarkowanym lub znacznym s\u0105 ocenami opisowymi.<\/li>\n\n\n\n<li>Ocen\u0119 zachowania ustala wychowawca oddzia\u0142u w oparciu o kryteria ustalone dla wszystkich klas.<\/li>\n\n\n\n<li>Ocena zachowania ustalona przez wychowawc\u0119 jest ostateczna.<\/li>\n\n\n\n<li>Ustala si\u0119 nast\u0119puj\u0105ce kryteria oceny zachowania ucznia:<\/li>\n\n\n\n<li>na pocz\u0105tku p\u00f3\u0142rocza ucze\u0144 otrzymuje 100 punkt\u00f3w kredytu,<\/li>\n\n\n\n<li>ucze\u0144 mo\u017ce otrzyma\u0107 punkty dodatnie za zachowania pozytywne i punkty ujemne za\u00a0zachowania negatywne, wed\u0142ug wykaz\u00f3w zawartych w poni\u017cszej tabeli.<\/li>\n\n\n\n<li>\u0142\u0105czna suma punkt\u00f3w dodatnich, ujemnych i kredytu decyduje o ostatecznej ocenie zachowania, przy czym ustala si\u0119 nast\u0119puj\u0105ce zasady oceniania:<\/li>\n<\/ul>\n\n\n\n<p>a) ocena wzorowa \u2013 ucze\u0144 musi uzyska\u0107 powy\u017cej 350 punkt\u00f3w<s>,<\/s><\/p>\n\n\n\n<p>b) bardzo dobra \u2013 ucze\u0144 musi uzyska\u0107 od 349 \u2013 250 punkt\u00f3w<\/p>\n\n\n\n<p>&nbsp;&nbsp;&nbsp;&nbsp;&nbsp;&nbsp;&nbsp;&nbsp;&nbsp;&nbsp;&nbsp; c) ocena dobra \u2013 otrzymuje j\u0105 ucze\u0144, kt\u00f3ry zdoby\u0142 249 \u2013 100 punkt\u00f3w,<\/p>\n\n\n\n<p>&nbsp;&nbsp;&nbsp;&nbsp;&nbsp;&nbsp;&nbsp;&nbsp;&nbsp;&nbsp;&nbsp; d) ocena poprawna \u2013 otrzymuje j\u0105 ucze\u0144, kt\u00f3ry uzyska\u0142 99 \u2013 50 punkt\u00f3w,<\/p>\n\n\n\n<p>&nbsp;&nbsp;&nbsp;&nbsp;&nbsp;&nbsp;&nbsp;&nbsp;&nbsp;&nbsp;&nbsp; e) ocena nieodpowiednia \u2013 trzymuje j\u0105 ucze\u0144, kt\u00f3ry uzyska\u0142 49\u20130 punkt\u00f3w,<\/p>\n\n\n\n<p>&nbsp;&nbsp;&nbsp;&nbsp;&nbsp;&nbsp;&nbsp;&nbsp;&nbsp;&nbsp;&nbsp; f) ocena naganna \u2013 otrzymuje j\u0105 ucze\u0144, kt\u00f3ry uzyska\u0142 mniej ni\u017c 0 punkt\u00f3w.<\/p>\n\n\n\n<figure class=\"wp-block-table\"><table class=\"has-fixed-layout\"><tbody><tr><td>Lp.<\/td><td>Zachowania pozytywne <strong>Punkty dodatnie<\/strong><\/td><td>Liczba punkt\u00f3w<\/td><td>Cz\u0119stotliwo\u015b\u0107<\/td><\/tr><tr><td>&nbsp;<\/td><td><strong>I. Reprezentowanie szko\u0142y w konkursach przedmiotowych<\/strong><\/td><td>&nbsp;<\/td><td>&nbsp;<\/td><\/tr><tr><td>1.<\/td><td>Udzia\u0142 w etapie szkolnym. Zaj\u0119cie miejsca I-III.<\/td><td>5 -15<\/td><td>ka\u017cdorazowo<\/td><\/tr><tr><td>2.<\/td><td>Udzia\u0142 w etapie gminnym. Zaj\u0119cie miejsca I-III.<\/td><td>10-20<\/td><td>ka\u017cdorazowo<\/td><\/tr><tr><td>3.<\/td><td>Udzia\u0142 w etapie rejonowym. Zaj\u0119cie miejsca I-III.<\/td><td>20-30<\/td><td>ka\u017cdorazowo<\/td><\/tr><tr><td>4.<\/td><td>Udzia\u0142 w etapie wojew\u00f3dzkim. Zaj\u0119cie miejsca I-III.<\/td><td>30-40<\/td><td>ka\u017cdorazowo<\/td><\/tr><tr><td>5.<\/td><td>Finalista\/laureat konkursu og\u00f3lnopolskiego.<\/td><td>50<\/td><td>ka\u017cdorazowo<\/td><\/tr><tr><td>&nbsp;<\/td><td><strong>II. Reprezentowanie szko\u0142y w zawodach sportowych:<\/strong><\/td><td>&nbsp;<\/td><td>&nbsp;<\/td><\/tr><tr><td>1.<\/td><td>Udzia\u0142 na szczeblu szkolnym. Zaj\u0119cie miejsca I-III.<\/td><td>5-10<\/td><td>ka\u017cdorazowo<\/td><\/tr><tr><td>2.<\/td><td>Udzia\u0142 na szczeblu gminnym. Zaj\u0119cie miejsca I-III w gminie.<\/td><td>10-20<\/td><td>ka\u017cdorazowo<\/td><\/tr><tr><td>3.<\/td><td>Udzia\u0142 na szczeblu&nbsp; powiatowym. Zaj\u0119cie miejsca I-III w powiecie.<\/td><td>15-30<\/td><td>ka\u017cdorazowo<\/td><\/tr><tr><td>4.<\/td><td>Udzia\u0142 na szczeblu p\u00f3\u0142fina\u0142u wojew\u00f3dzkiego. Zaj\u0119cie miejsca I-III w p\u00f3\u0142finale wojew\u00f3dzkim.<\/td><td>20-35<\/td><td>ka\u017cdorazowo<\/td><\/tr><tr><td>5.<\/td><td>Udzia\u0142 na szczeblu wojew\u00f3dzkim. Zaj\u0119cie miejsca I-III na szczeblu wojew\u00f3dzkim.<\/td><td>35-40<\/td><td>ka\u017cdorazowo<\/td><\/tr><tr><td>6.<\/td><td>Udzia\u0142 na szczeblu og\u00f3lnopolskim. Zaj\u0119cie miejsca I-III na szczeblu og\u00f3lnopolskim.<\/td><td>40-50<\/td><td>ka\u017cdorazowo<\/td><\/tr><tr><td>&nbsp;<\/td><td><strong>III. Post\u0119powanie zgodne z dobrem spo\u0142eczno\u015bci szkolnej<\/strong><\/td><td>&nbsp;<\/td><td>&nbsp;<\/td><\/tr><tr><td>1.<\/td><td>Udzia\u0142 w uroczysto\u015bciach szkolnych i poza szkolnych.<\/td><td>5-20<\/td><td>ka\u017cdorazowo<\/td><\/tr><tr><td>2.<\/td><td>Wywi\u0105zywanie si\u0119 z powierzonych funkcji i obowi\u0105zk\u00f3w w szkole.<\/td><td>5-20<\/td><td>ka\u017cdorazowo<\/td><\/tr><tr><td>3.<\/td><td>Systematyczny i aktywny udzia\u0142 w zaj\u0119ciach pozalekcyjnych oraz czytelnictwo.<\/td><td>&nbsp;5-15<\/td><td>ka\u017cdorazowo<\/td><\/tr><tr><td>4.<\/td><td>Pomoc kole\u017ce\u0144ska, reagowanie na z\u0142o.<\/td><td>5-20<\/td><td>ka\u017cdorazowo<\/td><\/tr><tr><td>5.<\/td><td>Dzia\u0142alno\u015b\u0107 charytatywna, wolontariat, przynoszenie dar\u00f3w.<\/td><td>1-10<\/td><td>max.100 &nbsp;w p\u00f3\u0142roczuka\u017cdorazowo&nbsp;<\/td><\/tr><tr><td>6.<\/td><td>Premia za brak punkt\u00f3w ujemnych, godzin nieusprawiedliwionych oraz sp\u00f3\u017anie\u0144<\/td><td>10<\/td><td>za ka\u017cde w &nbsp;p\u00f3\u0142rocze<\/td><\/tr><tr><td>7.<\/td><td>Inne pozytywne zachowania godne pochwa\u0142y i na\u015bladowania<\/td><td>5-10<\/td><td>ka\u017cdorazowo<\/td><\/tr><\/tbody><\/table><\/figure>\n\n\n\n<figure class=\"wp-block-table\"><table class=\"has-fixed-layout\"><tbody><tr><td>Lp.<\/td><td>Zachowania negatywne PUNKTY UJEMNE<\/td><td>Liczba punkt\u00f3w<\/td><td>Cz\u0119stotliwo\u015b\u0107<\/td><\/tr><tr><td>&nbsp;<\/td><td>&nbsp;&nbsp;&nbsp;&nbsp;&nbsp;&nbsp;&nbsp;&nbsp;&nbsp;&nbsp;&nbsp; I. Reprezentowanie szko\u0142y w konkursach przedmiotowych<\/td><td>&nbsp;<\/td><td>&nbsp;<\/td><\/tr><tr><td>6.<\/td><td>Lekcewa\u017cenie zadeklarowanego udzia\u0142u w konkursach.<\/td><td>5<\/td><td>ka\u017cdorazowo<\/td><\/tr><tr><td>&nbsp;<\/td><td>&nbsp;&nbsp;&nbsp;&nbsp;&nbsp; <strong>II. Reprezentowanie szko\u0142y w zawodach sportowych:<\/strong><\/td><td>&nbsp;<\/td><td>&nbsp;<\/td><\/tr><tr><td>7.<\/td><td>Lekcewa\u017cenie zadeklarowanego udzia\u0142u w konkursach.<\/td><td>5<\/td><td>ka\u017cdorazowo<\/td><\/tr><tr><td>&nbsp;<\/td><td><strong>III. Post\u0119powanie zgodne z dobrem spo\u0142eczno\u015bci szkolnej<\/strong><\/td><td>&nbsp;<\/td><td>&nbsp;<\/td><\/tr><tr><td>8.<\/td><td>Niew\u0142a\u015bciwe zachowanie na uroczysto\u015bciach szkolnych.<\/td><td>5-15<\/td><td>ka\u017cdorazowo<\/td><\/tr><tr><td>9.<\/td><td>Niewywi\u0105zywanie si\u0119 z powierzonych obowi\u0105zk\u00f3w, k\u0142amstwo, oszustwo.<\/td><td>5-15<\/td><td>ka\u017cdorazowo<\/td><\/tr><tr><td>10.<\/td><td>Opuszczanie terenu szko\u0142y, zaj\u0119\u0107 lekcyjnych i pozalekcyjnych, nieusprawiedliwione sp\u00f3\u017anienia.<\/td><td>5-15<\/td><td>ka\u017cdorazowo<\/td><\/tr><tr><td>11.<\/td><td>Agresja s\u0142owna i fizyczna wobec uczni\u00f3w, nauczycieli i pracownik\u00f3w szko\u0142y.<\/td><td>5-15<\/td><td>ka\u017cdorazowo<\/td><\/tr><tr><td>12.<\/td><td>Niew\u0142a\u015bciwe zachowanie na lekcji, przerwie, w sto\u0142\u00f3wce, bibliotece, w czasie uroczysto\u015bci szkolnych i inne<\/td><td>3-15<\/td><td>ka\u017cdorazowo<\/td><\/tr><tr><td>13.<\/td><td>Niszczenie mienia szkolnego i cudzej w\u0142asno\u015bci, za\u015bmiecanie otoczenia.<\/td><td>10-30 oraz pokrycie koszt\u00f3w napraw<\/td><td>ka\u017cdorazowo<\/td><\/tr><tr><td>14.<\/td><td>Zachowania zagra\u017caj\u0105ce bezpiecze\u0144stwu, zdrowiu oraz prowadz\u0105ce do demoralizacji.<\/td><td>10-50<\/td><td>ka\u017cdorazowo<\/td><\/tr><tr><td>15.<\/td><td>Nieposzanowanie symboli narodowych oraz szkolnych.<\/td><td>20<\/td><td>ka\u017cdorazowo<\/td><\/tr><tr><td>16.<\/td><td>Inne negatywne zachowania nieuj\u0119te w poprzednich punktach.<\/td><td>5-20<\/td><td>ka\u017cdorazowo<\/td><\/tr><\/tbody><\/table><\/figure>\n\n\n\n<ol class=\"wp-block-list\">\n<li>Ucze\u0144, kt\u00f3ry zgromadzi wi\u0119cej ni\u017c 20 punkt\u00f3w ujemnych mo\u017ce nie otrzyma\u0107 oceny wzorowej. Ucze\u0144, kt\u00f3ry zgromadzi wi\u0119cej ni\u017c 40 punkt\u00f3w ujemnych \u00a0mo\u017ce \u00a0nie otrzyma\u0107 oceny bardzo dobrej. Ucze\u0144, kt\u00f3ry zgromadzi wi\u0119cej ni\u017c 60 punkt\u00f3w mo\u017ce nie otrzyma\u0107 oceny dobrej.<\/li>\n\n\n\n<li>Na tydzie\u0144 przed rocznym posiedzeniem klasyfikacyjnym rady pedagogicznej wychowawca jest zobowi\u0105zany do poinformowania uczni\u00f3w i jego rodzic\u00f3w (prawnych opiekun\u00f3w) o\u00a0zgromadzonej przez niego liczbie punkt\u00f3w i wynikaj\u0105cej z niej oceny zachowania oraz mo\u017cliwo\u015bci uzyskania liczby punkt\u00f3w gwarantuj\u0105cej uzyskanie satysfakcjonuj\u0105cej oceny zachowania.<\/li>\n\n\n\n<li>Ocena zachowania nie mo\u017ce mie\u0107 wp\u0142ywu na:<ol><li>oceny z zaj\u0119\u0107 edukacyjnych,<\/li><\/ol>\n<ol class=\"wp-block-list\">\n<li>promocj\u0119 do klasy programowo wy\u017cszej lub uko\u0144czenie szko\u0142y.<\/li>\n<\/ol>\n<\/li>\n<\/ol>\n\n\n\n<p>\u00a7 74.<\/p>\n\n\n\n<ol class=\"wp-block-list\">\n<li>Ucze\u0144 mo\u017ce nie by\u0107 klasyfikowany z jednego, kilku lub wszystkich zaj\u0119\u0107 edukacyjnych, je\u017celi brak jest podstaw do ustalenia \u015br\u00f3drocznej lub rocznej oceny klasyfikacyjnej z powodu nieobecno\u015bci ucznia na zaj\u0119ciach edukacyjnych przekraczaj\u0105cej po\u0142ow\u0119 czasu przeznaczonego na te zaj\u0119cia, odpowiednio w okresie, za kt\u00f3ry przeprowadzana jest klasyfikacja.<\/li>\n\n\n\n<li>Ucze\u0144 nieklasyfikowany z powodu usprawiedliwionej nieobecno\u015bci mo\u017ce zdawa\u0107 egzamin klasyfikacyjny.<\/li>\n\n\n\n<li>Ucze\u0144 nieklasyfikowany z powodu nieusprawiedliwionej nieobecno\u015bci mo\u017ce zdawa\u0107 egzamin klasyfikacyjny za zgod\u0105 rady pedagogicznej.<\/li>\n\n\n\n<li>Egzamin klasyfikacyjny zdaje r\u00f3wnie\u017c:<\/li>\n\n\n\n<li>ucze\u0144 realizuj\u0105cy na podstawie odr\u0119bnych przepis\u00f3w indywidualny tok lub program nauki,<\/li>\n\n\n\n<li>ucze\u0144 spe\u0142niaj\u0105cy obowi\u0105zek szkolny lub obowi\u0105zek nauki poza szko\u0142\u0105.<\/li>\n\n\n\n<li>Egzamin klasyfikacyjny przeprowadzany dla ucznia, o kt\u00f3rym mowa w ust. 4 pkt 2., nie obejmuje obowi\u0105zkowych zaj\u0119\u0107 edukacyjnych: zaj\u0119cia techniczne, plastyka, muzyka i\u00a0wychowanie fizyczne oraz dodatkowych zaj\u0119\u0107 edukacyjnych.<\/li>\n\n\n\n<li>Uczniowi, o kt\u00f3rym mowa w ust. 4 pkt. 2., zdaj\u0105cemu egzamin klasyfikacyjny nie ustala si\u0119 oceny zachowania.<\/li>\n\n\n\n<li>Dyrektor szko\u0142y w porozumieniu z nauczycielem (nauczycielami) przedmiot\u00f3w wyznacza w\u00a0uzgodnieniu z uczniem, o kt\u00f3rym mowa w ust. 4 pkt 2. i jego rodzicami liczb\u0119 przedmiot\u00f3w zdawanych przez ucznia w ci\u0105gu jednego dnia w ramach egzaminu klasyfikacyjnego.<\/li>\n\n\n\n<li>Egzaminy klasyfikacyjne organizuje si\u0119 i przeprowadza zgodnie z odr\u0119bnymi przepisami.<\/li>\n\n\n\n<li>Ocena ustalona w wyniku egzaminu klasyfikacyjnego jest ostateczna.<\/li>\n\n\n\n<li>W przypadku nieklasyfikowania ucznia z obowi\u0105zkowych lub dodatkowych zaj\u0119\u0107 edukacyjnych w\u00a0dokumentacji przebiegu nauczania zamiast oceny klasyfikacyjnej wpisuje si\u0119 &#8222;nieklasyfikowany&#8221; albo &#8222;nieklasyfikowana&#8221;<\/li>\n<\/ol>\n\n\n\n<p>\u00a7 75.<\/p>\n\n\n\n<ol class=\"wp-block-list\">\n<li>Ucze\u0144 lub jego rodzice mog\u0105 zg\u0142osi\u0107 zastrze\u017cenia do dyrektora szko\u0142y, je\u017celi uznaj\u0105, \u017ce roczna ocena klasyfikacyjna z zaj\u0119\u0107 edukacyjnych lub roczna ocena klasyfikacyjna zachowania zosta\u0142y ustalone niezgodnie z przepisami dotycz\u0105cymi trybu ustalania tych ocen. Zastrze\u017cenia dotycz\u0105ce oceny zg\u0142asza si\u0119 od dnia ustalenia rocznej oceny klasyfikacyjnej z\u00a0zaj\u0119\u0107 edukacyjnych lub rocznej oceny klasyfikacyjnej zachowania nie p\u00f3\u017aniej ni\u017c w\u00a0terminie 2 dni roboczych od dnia zako\u0144czenia zaj\u0119\u0107 dydaktyczno-wychowawczych.<\/li>\n\n\n\n<li>W przypadku stwierdzenia, \u017ce roczna ocena klasyfikacyjna z zaj\u0119\u0107 edukacyjnych lub roczna ocena klasyfikacyjna zachowania zosta\u0142a ustalona niezgodnie z przepisami prawa dotycz\u0105cymi trybu ustalania tej oceny, dyrektor szko\u0142y powo\u0142uje komisj\u0119, kt\u00f3ra:<\/li>\n\n\n\n<li>w przypadku ustalenia rocznej oceny klasyfikacyjnej z zaj\u0119\u0107 edukacyjnych \u2013 przeprowadza pisemny i ustny sprawdzian wiadomo\u015bci i umiej\u0119tno\u015bci ucznia oraz ustala roczn\u0105 ocen\u0119 klasyfikacyjn\u0105 z danych zaj\u0119\u0107 edukacyjnych;<\/li>\n\n\n\n<li>w przypadku ustalenia rocznej oceny klasyfikacyjnej zachowania \u2013 ustala roczn\u0105 ocen\u0119 klasyfikacyjn\u0105 zachowania w drodze g\u0142osowania zwyk\u0142a wi\u0119kszo\u015bci\u0105 g\u0142os\u00f3w (w\u00a0przypadku r\u00f3wnej liczby g\u0142os\u00f3w decyduje g\u0142os przewodnicz\u0105cego komisji).<\/li>\n\n\n\n<li>Sprawdzian, o kt\u00f3rym mowa w ust.2, przeprowadza si\u0119 nie p\u00f3\u017aniej ni\u017c w terminie 5 dni od dnia zg\u0142oszenia zastrze\u017ce\u0144, o kt\u00f3rych mowa w ust.1. Termin sprawdzianu uzgadnia si\u0119 z\u00a0uczniem i\u00a0jego rodzicami.<\/li>\n\n\n\n<li>Sprawdzian, o kt\u00f3rym mowa organizuje si\u0119 i przeprowadza zgodnie z odr\u0119bnymi przepisami.<\/li>\n\n\n\n<li>Ustalona przez komisj\u0119 roczna ocena klasyfikacyjna z zaj\u0119\u0107 edukacyjnych oraz roczna ocena klasyfikacyjna zachowania nie mo\u017ce by\u0107 ni\u017csza od ustalonej wcze\u015bniej oceny. Ocena ustalona przez komisj\u0119 jest ostateczna z wyj\u0105tkiem negatywnej oceny rocznej, kt\u00f3ra mo\u017ce by\u0107 zmieniona w wyniku egzaminu poprawkowego.<\/li>\n\n\n\n<li>Ucze\u0144, kt\u00f3ry z przyczyn usprawiedliwionych nie przyst\u0105pi\u0142 do sprawdzianu wiadomo\u015bci i\u00a0umiej\u0119tno\u015bci, o kt\u00f3rym mowa w ust. 2 pkt.1. w wyznaczonym terminie, mo\u017ce przyst\u0105pi\u0107 do niego w\u00a0dodatkowym terminie, wyznaczonym przez dyrektora szko\u0142y w uzgodnieniu z\u00a0uczniem i jego rodzicami.<\/li>\n\n\n\n<li>Przepisy ust. 1-7 stosuje si\u0119 odpowiednio w przypadku rocznej oceny klasyfikacyjnej z\u00a0zaj\u0119\u0107 edukacyjnych uzyskanej w wyniku egzaminu poprawkowego z tym, \u017ce termin do zg\u0142oszenia zastrze\u017ce\u0144 wynosi 5 dni roboczych od dnia przeprowadzenia egzaminu poprawkowego. W\u00a0tym przypadku, ocena ustalona przez komisj\u0119 jest ostateczna.<\/li>\n<\/ol>\n\n\n\n<p>\u00a7 76.<\/p>\n\n\n\n<ol class=\"wp-block-list\">\n<li>Ucze\u0144 klasy I-III otrzymuje w ka\u017cdym roku promocj\u0119 do klasy programowo wy\u017cszej.<\/li>\n\n\n\n<li>W wyj\u0105tkowych przypadkach, uzasadnionych poziomem rozwoju i osi\u0105gni\u0119\u0107 ucznia w\u00a0danym roku szkolnym lub stanem zdrowia, rada pedagogiczna mo\u017ce postanowi\u0107 o\u00a0powtarzaniu klasy przez ucznia klasy I-III szko\u0142y podstawowej, na wniosek wychowawcy oddzia\u0142u, po zasi\u0119gni\u0119ciu opinii rodzic\u00f3w ucznia lub na wniosek rodzic\u00f3w ucznia po zasi\u0119gni\u0119ciu opinii wychowawcy oddzia\u0142u.<\/li>\n\n\n\n<li>Na wniosek rodzic\u00f3w i po uzyskaniu zgody wychowawcy oddzia\u0142u lub na wniosek wychowawcy oddzia\u0142u i po uzyskaniu zgody rodzic\u00f3w rada pedagogiczna mo\u017ce postanowi\u0107 o promowaniu ucznia klasy I i II szko\u0142y podstawowej do klasy programowo wy\u017cszej r\u00f3wnie\u017c w ci\u0105gu roku szkolnego, je\u017celi poziom rozwoju i osi\u0105gni\u0119\u0107 ucznia rokuje opanowanie w\u00a0jednym roku szkolnym tre\u015bci nauczania przewidzianych w programie nauczania dw\u00f3ch klas.<\/li>\n\n\n\n<li>Pocz\u0105wszy od klasy IV ucze\u0144 otrzymuje promocj\u0119 do klasy programowo wy\u017cszej, je\u017celi ze wszystkich obowi\u0105zkowych zaj\u0119\u0107 edukacyjnych otrzyma\u0142 pozytywne oceny klasyfikacyjne z\u00a0zastrze\u017ceniem ust. 6 i\u00a0\u00a7 61 ust. 10.<\/li>\n\n\n\n<li>Pocz\u0105wszy od klasy IV szko\u0142y podstawowej, ucze\u0144, kt\u00f3ry w wyniku klasyfikacji rocznej uzyska\u0142 z\u00a0obowi\u0105zkowych zaj\u0119\u0107 edukacyjnych oraz religii lub etyki \u015bredni\u0105 ocen, co najmniej 4,75 oraz co\u00a0najmniej bardzo dobr\u0105 roczn\u0105 ocen\u0119 klasyfikacyjn\u0105 zachowania, otrzymuje promocj\u0119 do klasy programowo wy\u017cszej z\u00a0wyr\u00f3\u017cnieniem.<\/li>\n\n\n\n<li>Uczniowi, kt\u00f3ry ucz\u0119szcza\u0142 na dodatkowe zaj\u0119cia edukacyjne, religi\u0119 lub etyk\u0119, do \u015bredniej ocen wlicza si\u0119 tak\u017ce roczne oceny klasyfikacyjne uzyskane z tych zaj\u0119\u0107. W przypadku, gdy ucze\u0144 ucz\u0119szcza\u0142 na zaj\u0119cia z religii i etyki, do \u015bredniej ocen wlicza si\u0119 oceny ustalone, z\u00a0tych zaj\u0119\u0107.<\/li>\n\n\n\n<li>O promowaniu do klasy programowo wy\u017cszej ucznia posiadaj\u0105cego orzeczenie o potrzebie kszta\u0142cenia specjalnego, wydane ze wzgl\u0119du na niepe\u0142nosprawno\u015b\u0107 umys\u0142ow\u0105 w stopniu umiarkowanym lub znacznym postanawia rada pedagogiczna, uwzgl\u0119dniaj\u0105c ustalenia zawarte w indywidualnym programie edukacyjno \u2013 terapeutycznym.<\/li>\n\n\n\n<li>Laureat konkursu przedmiotowego o zasi\u0119gu wojew\u00f3dzkim i krajowym oraz laureat lub finalista og\u00f3lnopolskiej olimpiady przedmiotowej otrzymuje z danych zaj\u0119\u0107 edukacyjnych najwy\u017csz\u0105 pozytywn\u0105 roczn\u0105 ocen\u0119 klasyfikacyjn\u0105. Ucze\u0144, kt\u00f3ry uzyska\u0142 tytu\u0142 laureata konkursu przedmiotowego o zasi\u0119gu wojew\u00f3dzkim lub krajowym, lub tytu\u0142 laureata, lub finalisty og\u00f3lnopolskiej olimpiady przedmiotowej uzyska\u0142 po ustaleniu rocznej oceny klasyfikacyjnej z\u00a0zaj\u0119\u0107 edukacyjnych, otrzymuje z tych zaj\u0119\u0107 edukacyjnych najwy\u017csz\u0105 pozytywn\u0105 ko\u0144cow\u0105 ocen\u0119 klasyfikacyjn\u0105.<\/li>\n\n\n\n<li>Ucze\u0144, kt\u00f3ry nie spe\u0142ni\u0142 warunk\u00f3w okre\u015blonych w ust. 4, nie otrzymuje promocji i\u00a0powtarza klas\u0119, z\u00a0zastrze\u017ceniem \u00a7 65 ust. 10.<\/li>\n<\/ol>\n\n\n\n<p>\u00a7 77.<\/p>\n\n\n\n<ol class=\"wp-block-list\">\n<li>Pocz\u0105wszy od klasy IV szko\u0142y podstawowej, ucze\u0144, kt\u00f3ry w wyniku klasyfikacji rocznej uzyska\u0142 negatywn\u0105 ocen\u0119 klasyfikacyjn\u0105 z jednego albo dw\u00f3ch obowi\u0105zkowych zaj\u0119\u0107 edukacyjnych, mo\u017ce przyst\u0105pi\u0107 do egzaminu poprawkowego z tych zaj\u0119\u0107.<\/li>\n\n\n\n<li>Egzamin poprawkowy sk\u0142ada si\u0119 z cz\u0119\u015bci pisemnej i ustnej. Egzamin poprawkowy z\u00a0plastyki, muzyki, zaj\u0119\u0107 komputerowych, zaj\u0119\u0107 technicznych i wychowania fizycznego ma przede wszystkim form\u0119 zada\u0144 praktycznych.<\/li>\n\n\n\n<li>Termin egzaminu poprawkowego wyznacza dyrektor szko\u0142y do dnia zako\u0144czenia rocznych zaj\u0119\u0107 dydaktyczno-wychowawczych. Egzamin poprawkowy przeprowadza si\u0119 w ostatnim tygodniu ferii letnich.<\/li>\n\n\n\n<li>Egzamin poprawkowy przeprowadza komisja powo\u0142ana przez dyrektora szko\u0142y. W sk\u0142ad komisji wchodz\u0105:<\/li>\n\n\n\n<li>dyrektor lub nauczyciel wyznaczony przez dyrektora szko\u0142y \u2013 jako przewodnicz\u0105cy komisji,<\/li>\n\n\n\n<li>nauczyciel prowadz\u0105cy dane zaj\u0119cia edukacyjne,<\/li>\n\n\n\n<li>nauczyciel prowadz\u0105cy takie same lub pokrewne zaj\u0119cia edukacyjne.<\/li>\n\n\n\n<li>Nauczyciel, o kt\u00f3rym mowa w ust. 5 pkt. 2., mo\u017ce by\u0107 zwolniony z udzia\u0142u w pracy komisji na w\u0142asn\u0105 pro\u015bb\u0119 lub w innych, szczeg\u00f3lnie uzasadnionych przypadkach. W takim przypadku dyrektor szko\u0142y powo\u0142uje w sk\u0142ad komisji innego nauczyciela prowadz\u0105cego takie same zaj\u0119cia edukacyjne, z tym, \u017ce powo\u0142anie nauczyciela zatrudnionego w innej szkole nast\u0119puje w\u00a0porozumieniu z dyrektorem tej szko\u0142y.<\/li>\n\n\n\n<li>Egzamin poprawkowy organizuje si\u0119 i przeprowadza zgodnie z odr\u0119bnymi przepisami.<\/li>\n\n\n\n<li>Ucze\u0144, kt\u00f3ry z przyczyn usprawiedliwionych nie przyst\u0105pi\u0142 do egzaminu poprawkowego w\u00a0wyznaczonym terminie, mo\u017ce przyst\u0105pi\u0107 do niego w dodatkowym terminie, wyznaczonym przez dyrektora szko\u0142y, ale nie p\u00f3\u017aniej ni\u017c do ko\u0144ca wrze\u015bnia.<\/li>\n\n\n\n<li>Roczna ocena klasyfikacyjna ustalona w wyniku egzaminu poprawkowego jest ostateczna, z\u00a0zastrze\u017ceniem \u00a7 59 ust. 1.<\/li>\n\n\n\n<li>Ucze\u0144, kt\u00f3ry nie zda\u0142 egzaminu poprawkowego, nie otrzymuje promocji do klasy programowo wy\u017cszej i powtarza odpowiednio klas\u0119, z\u00a0zastrze\u017ceniem ust. 12.<\/li>\n\n\n\n<li>Rada pedagogiczna, uwzgl\u0119dniaj\u0105c mo\u017cliwo\u015bci edukacyjne ucznia, mo\u017ce jeden raz w ci\u0105gu danego etapu edukacyjnego promowa\u0107 do klasy programowo wy\u017cszej ucznia, kt\u00f3ry nie zda\u0142 egzaminu poprawkowego z\u00a0jednych obowi\u0105zkowych zaj\u0119\u0107 edukacyjnych pod warunkiem, \u017ce te\u00a0 zaj\u0119cia edukacyjne s\u0105 realizowane w klasie programowo wy\u017cszej.<\/li>\n\n\n\n<li>Rada pedagogiczna mo\u017ce skorzysta\u0107 z mo\u017cliwo\u015bci wymienionej w ust. 12. szczeg\u00f3lnie w\u00a0nast\u0119puj\u0105cych przypadkach:<\/li>\n\n\n\n<li>silnych prze\u017cy\u0107 spowodowanych zdarzeniami losowymi utrudniaj\u0105cych koncentracj\u0119, obni\u017caj\u0105cych sprawno\u015b\u0107 my\u015blenia i uczenia si\u0119,<\/li>\n\n\n\n<li>trudnej sytuacji \u017cyciowej ucznia, choroby, patologii i niewydolno\u015bci wychowawczej w\u00a0rodzinie,<\/li>\n\n\n\n<li>zmiany szko\u0142y na mniej ni\u017c 3 miesi\u0105ce przed zako\u0144czeniem roku szkolnego zwi\u0105zanej z\u00a0niemo\u017cliwo\u015bci\u0105 szybkiego uzupe\u0142nienia brak\u00f3w wynikaj\u0105cych z r\u00f3\u017cnic programowych.<\/li>\n\n\n\n<li>Przeciwwskazaniami do skorzystania z mo\u017cliwo\u015bci wymienionej w ust. 12 s\u0105:<\/li>\n\n\n\n<li>lekcewa\u017c\u0105cy stosunek do obowi\u0105zk\u00f3w szkolnych, samowolne opuszczanie zaj\u0119\u0107 szkolnych bez usprawiedliwienia,<\/li>\n\n\n\n<li>uporczywe uchylanie si\u0119 od prowadzenia zeszyt\u00f3w oraz wykonywania zada\u0144 zleconych przez nauczyciela,<\/li>\n\n\n\n<li>nieskorzystanie z pomocy w nauce organizowanej w szkole np. zaj\u0119cia dydaktyczno-wyr\u00f3wnawcze, pomoc kole\u017ce\u0144ska, indywidualna pomoc nauczyciela,<\/li>\n\n\n\n<li>nie zg\u0142oszenie si\u0119, bez usprawiedliwienia na popraw\u0119 oceny w wyznaczonych przez nauczyciela terminach albo niewykonanie prac poleconych przez nauczyciela.<\/li>\n<\/ol>\n\n\n\n<p>\u00a7 78.<\/p>\n\n\n\n<ol class=\"wp-block-list\">\n<li>Ucze\u0144 ko\u0144czy szko\u0142\u0119 podstawow\u0105, je\u017celi:<\/li>\n\n\n\n<li>w wyniku klasyfikacji ko\u0144cowej, otrzyma\u0142 ze wszystkich obowi\u0105zkowych zaj\u0119\u0107 edukacyjnych pozytywne ko\u0144cowe oceny klasyfikacyjne,<\/li>\n\n\n\n<li>przyst\u0105pi\u0142 do egzaminu, o\u00a0kt\u00f3rym mowa w\u00a0 \u00a7 77.<\/li>\n\n\n\n<li>Ucze\u0144 ko\u0144czy szko\u0142\u0119 podstawow\u0105 z wyr\u00f3\u017cnieniem, je\u017celi w\u00a0wyniku klasyfikacji ko\u0144cowej, o\u00a0kt\u00f3rej mowa w\u00a0 ust. 1 pkt. 1. uzyska\u0142 z obowi\u0105zkowych zaj\u0119\u0107 edukacyjnych oraz religii lub etyki \u015bredni\u0105 ko\u0144cowych ocen klasyfikacyjnych co najmniej 4,75 oraz co\u00a0najmniej bardzo dobr\u0105 ko\u0144cow\u0105 ocen\u0119 klasyfikacyjn\u0105 zachowania.<\/li>\n\n\n\n<li>W przypadku, gdy ucze\u0144 ucz\u0119szcza\u0142 na zaj\u0119cia z religii i etyki, do \u015bredniej ocen wlicza si\u0119 oceny ustalone z tych zaj\u0119\u0107.<\/li>\n\n\n\n<li>O uko\u0144czeniu szko\u0142y przez ucznia posiadaj\u0105cego orzeczenie o potrzebie kszta\u0142cenia specjalnego wydane ze wzgl\u0119du na niepe\u0142nosprawno\u015b\u0107 intelektualn\u0105 w stopniu umiarkowanym lub znacznym postanawia rada pedagogiczna, uwzgl\u0119dniaj\u0105c ustalenia zawarte w indywidualnym programie edukacyjno-terapeutycznym.<\/li>\n\n\n\n<li>Ucze\u0144 szko\u0142y podstawowej, kt\u00f3ry nie spe\u0142ni\u0142 warunk\u00f3w, o kt\u00f3rych mowa w ust. 1. pkt. 1. powtarza ostatni\u0105 klas\u0119 szko\u0142y podstawowej i przyst\u0119puje do sprawdzianu w roku szkolnym, w kt\u00f3rym powtarza t\u0119 klas\u0119.<\/li>\n<\/ol>\n\n\n\n<p>\u00a7 79.<\/p>\n\n\n\n<ol class=\"wp-block-list\">\n<li>W klasie VIII szko\u0142y podstawowej uczniowie przyst\u0119puj\u0105 do egzaminu na podstawie wymaga\u0144 okre\u015blonych w podstawie programowej kszta\u0142cenia og\u00f3lnego.<\/li>\n\n\n\n<li>Zasady przeprowadzania tego egzaminu reguluj\u0105 odr\u0119bne przepisy.<\/li>\n<\/ol>\n\n\n\n<p>Rozdzia\u0142 10.<br>Oddzia\u0142y przedszkolne<\/p>\n\n\n\n<p>\u00a7 80.<\/p>\n\n\n\n<ol class=\"wp-block-list\">\n<li>Organizacj\u0119 oddzia\u0142u przedszkolnego dla dzieci obj\u0119tych obowi\u0105zkowym rocznym przygotowaniem przedszkolnym w danym roku szkolnym uwzgl\u0119dnia arkusz organizacyjny szko\u0142y, o kt\u00f3rym mowa w \u00a7 15. niniejszego statutu.<\/li>\n\n\n\n<li>\u00a0W oddziale przedszkolnym obowi\u0105zuje szczeg\u00f3\u0142owy rozk\u0142ad dnia, opracowany przez nauczyciela oddzia\u0142u przedszkolnego, na podstawie ramowego rozk\u0142adu dnia ustalonego przez dyrektora szko\u0142y z uwzgl\u0119dnieniem potrzeb i zainteresowa\u0144 dzieci. Szczeg\u00f3\u0142owy rozk\u0142ad dnia podaje si\u0119 do wiadomo\u015bci rodzic\u00f3w dzieci.<\/li>\n\n\n\n<li>Liczba dzieci w oddziale przedszkolnym nie mo\u017ce przekroczy\u0107 25.<\/li>\n\n\n\n<li>Oddzia\u0142 przedszkolny pracuje od poniedzia\u0142ku do pi\u0105tku przez 5 godzin dziennie, z\u00a0wy\u0142\u0105czeniem dni ustawowo wolnych od pracy oraz okre\u015blonych w kalendarzu pracy szko\u0142y terminach przerw w pracy oddzia\u0142u przedszkolnego.<\/li>\n\n\n\n<li>W przypadku pozostania dziecka z oddzia\u0142u przedszkolnego d\u0142u\u017cej ni\u017c 5 godzin, na wniosek rodzic\u00f3w szko\u0142a zapewnia wychowankowi opiek\u0119 w \u015bwietlicy szkolnej. Opieka ta jest bezp\u0142atna.<\/li>\n\n\n\n<li>W oddziale przedszkolnym, o ile zachodzi taka potrzeba, organizuje si\u0119 kszta\u0142cenie dzieciom niepe\u0142nosprawnym na warunkach okre\u015blonych w odr\u0119bnych przepisach.<\/li>\n\n\n\n<li>Na wniosek rodzic\u00f3w dyrektor szko\u0142y mo\u017ce w oddziale przedszkolnym zorganizowa\u0107 zaj\u0119cia dodatkowe.<\/li>\n\n\n\n<li>Godzina zaj\u0119\u0107 w oddziale przedszkolnym trwa 60 minut.<\/li>\n\n\n\n<li>Czas trwania zaj\u0119\u0107 prowadzonych dodatkowo (religia, zaj\u0119cia umuzykalniaj\u0105ce i inne) dostosowuje si\u0119 do mo\u017cliwo\u015bci rozwojowych dzieci \u2013 ok. 30 minut.<\/li>\n<\/ol>\n\n\n\n<p>\u00a7 81.<\/p>\n\n\n\n<ol class=\"wp-block-list\">\n<li>Og\u00f3lne zasady oraz szczeg\u00f3\u0142owe kryteria naboru do oddzia\u0142u przedszkolnego ustala organ prowadza\u0142y Szkol\u0119 i podaje do publicznej wiadomo\u015bci.\n<ol class=\"wp-block-list\">\n<li>Rodzice zg\u0142aszaj\u0105 dziecko do oddzia\u0142u przedszkolnego w celu zapewniania realizacji obowi\u0105zkowego rocznego przygotowania przedszkolnego.<ol><li>Za zgod\u0105 organu prowadz\u0105cego do oddzia\u0142u, o kt\u00f3rym mowa w ust.1, mog\u0105 by\u0107 przyjmowane r\u00f3wnie\u017c dzieci 5-letnie.<\/li><\/ol><ol><li>W ci\u0105gu roku szkolnego, w przypadku wolnych miejsc, wp\u0142ywaj\u0105ce wnioski o przyj\u0119cie dziecka od oddzia\u0142u przedszkolnego rozpatruje dyrektor szko\u0142y.<\/li><\/ol>\n<ol class=\"wp-block-list\">\n<li>Uczniowie przybywaj\u0105cy z zagranicy s\u0105 przyjmowani do oddzia\u0142u przedszkolnego w szkole na warunkach i trybie post\u0119powania rekrutacyjnego dotycz\u0105cego obywateli polskich, zgodnie z odr\u0119bnymi przepisami prawa.<\/li>\n<\/ol>\n<\/li>\n<\/ol>\n<\/li>\n<\/ol>\n\n\n\n<p>\u00a7 82.<\/p>\n\n\n\n<p>1. Celem oddzia\u0142u przedszkolnego jest w szczeg\u00f3lno\u015bci:<\/p>\n\n\n\n<ol class=\"wp-block-list\">\n<li>realizacja podstawy programowej wychowania przedszkolnego, okre\u015blonej w przepisach prawa o\u015bwiatowego, zapewniaj\u0105cej kompleksowe wsparcie w rozwoju ka\u017cdego dziecka we wszystkich kluczowych obszarach;<\/li>\n\n\n\n<li>doprowadzenie dziecka do takiego stopnia rozwoju psychofizycznego i spo\u0142ecznego oraz wyposa\u017cenie go w zas\u00f3b wiadomo\u015bci, umiej\u0119tno\u015bci i sprawno\u015bci, jaki jest niezb\u0119dny do podj\u0119cia nauki w szkole;<\/li>\n\n\n\n<li>ukszta\u0142towanie poczucia to\u017csamo\u015bci ze spo\u0142ecznie akceptowalnymi wzorami i normami post\u0119powania, a tak\u017ce poczucia wsp\u00f3\u0142odpowiedzialno\u015bci za w\u0142asne post\u0119powanie i\u00a0zachowanie;<\/li>\n\n\n\n<li>wspomaganie wychowawczej i opieku\u0144czej roli rodziny w \u015bcis\u0142ym z ni\u0105 wsp\u00f3\u0142dzia\u0142aniu w celu ujednolicenia oddzia\u0142ywa\u0144 wychowawczych;<\/li>\n\n\n\n<li>wzmacnianie edukacji zdrowotnej, obejmuj\u0105cej w szczeg\u00f3lno\u015bci:<\/li>\n\n\n\n<li>kszta\u0142towanie zdrowych nawyk\u00f3w \u017cywieniowych,<\/li>\n\n\n\n<li>promowanie aktywno\u015bci fizycznej,<\/li>\n\n\n\n<li>rozwijanie \u015bwiadomo\u015bci znaczenia zdrowia psychicznego,<\/li>\n\n\n\n<li>nauk\u0119 zasad bezpiecze\u0144stwa i higieny.<\/li>\n\n\n\n<li>Do zada\u0144 oddzia\u0142u przedszkolnego nale\u017cy:<\/li>\n\n\n\n<li>zapewnienie dzieciom pe\u0142nego rozwoju umys\u0142owego, moralno-emocjonalnego i\u00a0fizycznego w zgodzie z ich potrzebami i mo\u017cliwo\u015bciami psychofizycznymi w\u00a0warunkach poszanowania ich godno\u015bci osobistej oraz wolno\u015bci \u015bwiatopogl\u0105dowej i\u00a0wyznaniowej;<\/li>\n\n\n\n<li>zapewnienie dzieciom bezpiecznych i higienicznych warunk\u00f3w pobytu w oddziale przedszkolnym;<\/li>\n\n\n\n<li>organizowanie pracy z wychowankami zgodnie z zasadami higieny pracy, nauki i\u00a0wypoczynku oraz prawid\u0142owo\u015bciami psychologii rozwojowej dzieci;<\/li>\n\n\n\n<li>dostosowanie tre\u015bci, metod i form pracy dydaktycznej, wychowawczej i opieku\u0144czej do mo\u017cliwo\u015bci psychofizycznych dzieci oraz jej indywidualizacja zgodnie z jednostkowymi potrzebami i mo\u017cliwo\u015bciami;<\/li>\n\n\n\n<li>wspomaganie indywidualnego rozwoju dziecka z wykorzystaniem jego w\u0142asnej inicjatywy;<\/li>\n\n\n\n<li>prowadzenie dzia\u0142alno\u015bci diagnostycznej dotycz\u0105cej rozwoju dziecka;<\/li>\n\n\n\n<li>udzielanie pomocy psychologiczno-pedagogicznej;<\/li>\n\n\n\n<li>podtrzymywanie poczucia to\u017csamo\u015bci narodowej, etnicznej, j\u0119zykowej i religijnej;<\/li>\n\n\n\n<li>organizowanie opieki dzieciom, kt\u00f3rym z powodu warunk\u00f3w rodzinnych lub losowych potrzebna jest sta\u0142a b\u0105d\u017a dora\u017ana pomoc materialna.<\/li>\n<\/ol>\n\n\n\n<p>\u00a7 83.<\/p>\n\n\n\n<ol class=\"wp-block-list\">\n<li>Oddzia\u0142 przedszkolny wspomaga i ukierunkowuje indywidualny rozw\u00f3j dziecka dostosowuj\u0105c tre\u015bci, metody oraz organizacj\u0119 pracy wychowawczo &#8211; dydaktycznej i opieku\u0144czej do potrzeb i\u00a0mo\u017cliwo\u015bci, w szczeg\u00f3lno\u015bci poprzez:<\/li>\n\n\n\n<li>stosowanie zada\u0144 dla dzieci w sytuacjach naturalnych;<\/li>\n\n\n\n<li>system ofert edukacyjnych;<\/li>\n\n\n\n<li>stosowanie zada\u0144 otwartych w trakcie zaj\u0119\u0107;<\/li>\n\n\n\n<li>dzia\u0142ania korekcyjne, kompensacyjne, profilaktyczne i stymuluj\u0105ce;<\/li>\n\n\n\n<li>Umo\u017cliwia dzieciom intensywne uczestnictwo w dzia\u0142aniu, prze\u017cywaniu i poznawaniu otaczaj\u0105cego \u015bwiata poprzez stawianie zada\u0144 dostosowanych do rzeczywistych potrzeb, mo\u017cliwo\u015bci i zainteresowa\u0144 dzieci;<\/li>\n\n\n\n<li>Organizuje sytuacje edukacyjne sprzyjaj\u0105ce nawi\u0105zywaniu przez dzieci r\u00f3\u017cnorodnych kontakt\u00f3w spo\u0142ecznych i wchodzeniu w r\u00f3\u017cnorodne interakcje osobowe, a tak\u017ce umo\u017cliwiaj\u0105cych im wyra\u017canie w\u0142asnych emocji, my\u015bli i wiedzy w r\u00f3\u017cnorodnej tw\u00f3rczo\u015bci w\u0142asnej: werbalnej, plastycznej, ruchowej, muzycznej;<\/li>\n\n\n\n<li>W dzia\u0142alno\u015bci wychowawczo -dydaktycznej ukazuje dzieciom pi\u0119kno j\u0119zyka polskiego oraz bogactwo kultury i tradycji narodowej i regionalnej;<\/li>\n\n\n\n<li>Tworzy warunki umo\u017cliwiaj\u0105ce dziecku osi\u0105gni\u0119cie \u201egotowo\u015bci szkolnej\u201d w atmosferze akceptacji i bezpiecze\u0144stwa.<\/li>\n\n\n\n<li>Oddzia\u0142 realizuje cele i zadania podczas pracy z ca\u0142\u0105 grup\u0105 dzieci, zespo\u0142owo lub indywidualnie, w oparciu o podstaw\u0119 programow\u0105 wychowania przedszkolnego, stosuj\u0105c zr\u00f3\u017cnicowane metody i formy pracy z dzieckiem zaczerpni\u0119te z r\u00f3\u017cnorodnych koncepcji pedagogicznych.<\/li>\n\n\n\n<li>W oddziale przedszkolnym:<\/li>\n\n\n\n<li>prac\u0119 wychowawczo-dydaktyczn\u0105 prowadzi si\u0119 na poziomie zgodnym z poziomem rozwoju i indywidualnymi potrzebami dziecka;<\/li>\n\n\n\n<li>wzmacnia si\u0119 u dzieci poczucie w\u0142asnej godno\u015bci i warto\u015bci;<\/li>\n\n\n\n<li>szanuje si\u0119 wszystkie dzieci niezale\u017cnie od pochodzenia, wyznania, zdolno\u015bci czy u\u0142omno\u015bci;<\/li>\n\n\n\n<li>nie stosuje si\u0119 kar i reaguje na krzywd\u0119 wyrz\u0105dzon\u0105 dziecku przez innych.<\/li>\n\n\n\n<li>W oddziale przedszkolnym organizowana i udzielana jest pomoc psychologiczno- pedagogiczna zgodnie z odr\u0119bnymi przepisami.<\/li>\n\n\n\n<li>Pomoc psychologiczno-pedagogiczna w oddziale przedszkolnym udzielana jest w trakcie bie\u017c\u0105cej pracy z dzieckiem oraz w formie: zaj\u0119\u0107 rozwijaj\u0105cych uzdolnienia, zaj\u0119\u0107 specjalistycznych, porad i konsultacji, oraz rodzicom w formie porad, konsultacji, warsztat\u00f3w i szkole\u0144.<\/li>\n\n\n\n<li>Z inicjatyw\u0105 udzielenia dziecku pomocy psychologiczno-pedagogicznej wyst\u0105pi\u0107 mog\u0105: rodzice dziecka, nauczyciel oddzia\u0142u przedszkolnego, specjalista prowadz\u0105cy zaj\u0119cia z\u00a0dzieckiem, piel\u0119gniarka \u015brodowiska nauczani i wychowania, poradnia psychologiczno \u2013 pedagogiczna, asystent edukacji romskiej, pracownik socjalny, asystent rodziny, kurator s\u0105dowy.<\/li>\n\n\n\n<li>Korzystanie z pomocy psychologiczno- pedagogicznej w oddziale przedszkolnym jest dobrowolne i bezp\u0142atne.<\/li>\n<\/ol>\n\n\n\n<p>\u00a7 84.<\/p>\n\n\n\n<ol class=\"wp-block-list\">\n<li>Oddzia\u0142 przedszkolny zapewnia uczniom niepe\u0142nosprawnym:<\/li>\n\n\n\n<li>realizacj\u0119 zalece\u0144 zawartych w orzeczeniu o potrzebie kszta\u0142cenia specjalnego;<\/li>\n\n\n\n<li>odpowiednie ze wzgl\u0119du na indywidualne potrzeby rozwojowe warunki nauki, sprz\u0119t specjalistyczny i \u015brodki dydaktyczne;<\/li>\n\n\n\n<li>inne zaj\u0119cia odpowiednio do indywidualnych potrzeb rozwojowych i edukacyjnych oraz mo\u017cliwo\u015bci psychofizycznych dzieci, w szczeg\u00f3lno\u015bci zaj\u0119cia rewalidacyjne, terapeutyczne i resocjalizacyjne;<\/li>\n\n\n\n<li>przygotowanie dzieci do samodzielno\u015bci w \u017cyciu doros\u0142ym.<\/li>\n\n\n\n<li>Oddzia\u0142 przedszkolny realizuje swoje cele i zadania we wsp\u00f3\u0142dzia\u0142aniu z rodzicami dziecka.<\/li>\n<\/ol>\n\n\n\n<p>\u00a7 85.<\/p>\n\n\n\n<ol class=\"wp-block-list\">\n<li>Oddzia\u0142 przedszkolny zapewnia dzieciom bezpiecze\u0144stwo, ochron\u0119 przed przemoc\u0105 i\u00a0poszanowanie ich godno\u015bci osobistej podczas pobytu w nim oraz wszystkich zaj\u0119\u0107 organizowanych poza szko\u0142\u0105:<\/li>\n\n\n\n<li>zapewnia sta\u0142a opiek\u0119 podczas pobytu dziecka w oddziale i szkole oraz zaj\u0119\u0107 organizowanych poza oddzia\u0142em i terenem szko\u0142y;<\/li>\n\n\n\n<li>uczy zasad bezpiecznego zachowania i przestrzegania higieny;<\/li>\n\n\n\n<li>stwarza atmosfer\u0119 akceptacji;<\/li>\n\n\n\n<li>zapewnia organizacj\u0119 wycieczek zgodnie z odr\u0119bnymi przepisami.<\/li>\n\n\n\n<li>Oddzia\u0142 przedszkolny zapewnia dzieciom w\u0142a\u015bciwie zorganizowany proces wychowawczo-dydaktyczny.<\/li>\n<\/ol>\n\n\n\n<p>\u00a7 86.<\/p>\n\n\n\n<ol class=\"wp-block-list\">\n<li>Dyrektor szko\u0142y powierza oddzia\u0142 przedszkolny opiece jednego nauczyciela.<\/li>\n\n\n\n<li>Dla zapewnienia ci\u0105g\u0142o\u015bci i skuteczno\u015bci pracy wychowawczej i dydaktycznej wskazane jest, aby jeden nauczyciel opiekowa\u0142 si\u0119 danym oddzia\u0142em przedszkolnym przez ca\u0142y okres ucz\u0119szczania dziecka do oddzia\u0142u.<\/li>\n\n\n\n<li>Nauczyciel oddzia\u0142u przedszkolnego odpowiada za bezpiecze\u0144stwo i zdrowie powierzonych jego opiece wychowank\u00f3w.<\/li>\n\n\n\n<li>Nauczyciel oddzia\u0142u przedszkolnego wsp\u00f3\u0142pracuje z rodzicami w sprawach wychowania i\u00a0nauczania, w tym miedzy innymi:<\/li>\n\n\n\n<li>zapoznaje rodzic\u00f3w z podstawa programow\u0105 wychowania przedszkolnego i w\u0142\u0105cza ich do kszta\u0142towania u dziecka okre\u015blonych w niej wiadomo\u015bci i umiej\u0119tno\u015bci;<\/li>\n\n\n\n<li>informuje rodzic\u00f3w o realizowanych zadaniach wynikaj\u0105cych z programu wychowania przedszkolnego i plan\u00f3w pracy, systematycznie informuje rodzic\u00f3w o zadaniach wychowawczych i kszta\u0142c\u0105cych realizowanych w oddziale;<\/li>\n\n\n\n<li>udziela rodzicom rzetelnych informacji o post\u0119pie, rozwoju i zachowaniu dziecka, w\u0142\u0105czaj\u0105c ich do wspierania osi\u0105gni\u0119\u0107 rozwojowych dzieci i \u0142agodzenia ewentualnych trudno\u015bci;<\/li>\n\n\n\n<li>ustala z rodzicami wsp\u00f3lne kierunki dzia\u0142a\u0144 wspomagaj\u0105cych rozw\u00f3j i wychowanie;<\/li>\n\n\n\n<li>udost\u0119pnia rodzicom do wgl\u0105du wytwory dzia\u0142alno\u015bci dzieci;<\/li>\n\n\n\n<li>zach\u0119ca rodzic\u00f3w do wsp\u00f3\u0142decydowania w sprawach oddzia\u0142u przedszkolnego, np. w\u00a0sprawie wsp\u00f3lnej organizacji wydarze\u0144, w kt\u00f3rych bior\u0105 udzia\u0142 dzieci;<\/li>\n\n\n\n<li>wydaje rodzicom kart\u0119 Informacja o gotowo\u015bci dziecka do podj\u0119cia nauki szkolnej w\u00a0szkole podstawowej. Informacja ta jest przekazywana w terminie do ko\u0144ca kwietnia roku szkolnego poprzedzaj\u0105cego rok szkolny, kt\u00f3rym dziecko ma obowi\u0105zek, albo mo\u017ce rozpocz\u0105\u0107 nauk\u0119 w szkole podstawowej.<\/li>\n\n\n\n<li>Do zada\u0144 nauczyciela oddzia\u0142u przedszkolnego nale\u017cy tak\u017ce:<\/li>\n\n\n\n<li>tworzenie warunk\u00f3w wspomagaj\u0105cych rozw\u00f3j dzieci, ich zdolno\u015bci i zainteresowa\u0144;<\/li>\n\n\n\n<li>d\u0105\u017cenie do pobudzania aktywno\u015bci dzieci we wszystkich sferach ich rozwoju spo\u0142ecznej, emocjonalnej, ruchowej i umys\u0142owej<\/li>\n\n\n\n<li>wspieranie rozwoju aktywno\u015bci dziecka nastawionej na poziomie samego siebie oraz otaczaj\u0105cej rzeczywisto\u015bci spo\u0142eczno \u2013 kulturalnej i przyrodniczej;<\/li>\n\n\n\n<li>stosowanie zasady indywidualizacji pracy, uwzgl\u0119dniaj\u0105c mo\u017cliwo\u015bci i potrzeby ka\u017cdego dziecka;<\/li>\n\n\n\n<li>stosowanie nowoczesnych, aktywizuj\u0105cych metod pracy;<\/li>\n\n\n\n<li>prowadzenie obserwacji pedagogicznej zako\u0144czonej analiz\u0105 i ocen\u0105 gotowo\u015bci dziecka do podj\u0119cia nauki w szkole podstawowej (diagnoz\u0105 przedszkoln\u0105).<\/li>\n\n\n\n<li>Nauczyciel oddzia\u0142u przedszkolnego prowadzi obserwacje pedagogiczne maj\u0105ce na celu poznanie i zabezpieczenie potrzeb rozwojowych dzieci poprzez:<\/li>\n\n\n\n<li>dokumentowanie indywidualnego rozwoju dziecka we wszystkich sferach aktywno\u015bci;<\/li>\n\n\n\n<li>prowadzenie i dokumentowanie pracy ukierunkowanej na indywidualne potrzeby rozwojowe i edukacyjne, w tym dzia\u0142ania wspomagaj\u0105ce wobec dzieci wymagaj\u0105cych dodatkowego wsparcia pedagogicznego;<\/li>\n\n\n\n<li>udzielanie dziecku pomocy psychologiczno- pedagogicznej w trakcie bie\u017c\u0105cej pracy, planuje i koordynuje jej przebieg;<\/li>\n\n\n\n<li>wsp\u00f3\u0142pracuje ze specjalistami i innymi osobami \u015bwiadcz\u0105cymi pomoc psychologiczno \u2013pedagogiczn\u0105, opiek\u0119 zdrowotn\u0105 i inn\u0105.<\/li>\n<\/ol>\n\n\n\n<p>\u00a7 87.<\/p>\n\n\n\n<ol class=\"wp-block-list\">\n<li>Nauczyciel oddzia\u0142u przedszkolnego ma prawo:<\/li>\n\n\n\n<li>wyboru programu wychowania przedszkolnego spo\u015br\u00f3d zestawu program\u00f3w dopuszczonych do u\u017cytku szkolnego lub opracowania w\u0142asnego programu z\u00a0uwzgl\u0119dnieniem zasad okre\u015blonych w ustawie o systemie o\u015bwiaty;<\/li>\n\n\n\n<li>wyboru pomocy dydaktycznych;<\/li>\n\n\n\n<li>opracowania w\u0142asnego programu wychowania przedszkolnego;<\/li>\n\n\n\n<li>zdobywania dodatkowych kwalifikacji przydatnych do pracy w oddziale przedszkolnym;<\/li>\n\n\n\n<li>udzia\u0142u w zewn\u0119trznych formach doskonalenia zawodowego;<\/li>\n\n\n\n<li>aktywnego udzia\u0142u w formach doskonalenia nauczycieli;<\/li>\n\n\n\n<li>pomocy merytorycznej ze strony dyrektora szko\u0142y, pedagoga szkolnego, nauczycieli specjalist\u00f3w;<\/li>\n\n\n\n<li>wymian\u0119 do\u015bwiadcze\u0144 z innymi nauczycielami pracuj\u0105cymi w przedszkolach lub oddzia\u0142ach przedszkolnych zorganizowanych przy szkole podstawowej.<\/li>\n<\/ol>\n\n\n\n<p>\u00a7 88.<\/p>\n\n\n\n<ol class=\"wp-block-list\">\n<li>Dziecko w oddziale przedszkolnym na prawo do:<\/li>\n\n\n\n<li>podmiotowego i \u017cyczliwego traktowania;<\/li>\n\n\n\n<li>spokoju i samotno\u015bci, gdy tego potrzebuje;<\/li>\n\n\n\n<li>akceptacji takim, jakim jest;<\/li>\n\n\n\n<li>w\u0142asnego tempa rozwoju;<\/li>\n\n\n\n<li>kontakt\u00f3w z r\u00f3wie\u015bnikami i doros\u0142ymi;<\/li>\n\n\n\n<li>zabawy i wyboru towarzysza zabaw.<\/li>\n\n\n\n<li>Dziecko ma obowi\u0105zek:<\/li>\n\n\n\n<li>podporz\u0105dkowania si\u0119 obowi\u0105zuj\u0105cym w oddziale umowom i zasadom wsp\u00f3\u0142\u017cycia spo\u0142ecznego;<\/li>\n\n\n\n<li>przestrzegania zasad higieny osobistej;<\/li>\n\n\n\n<li>szanowania r\u00f3wie\u015bnik\u00f3w i wytwor\u00f3w ich pracy.<\/li>\n<\/ol>\n\n\n\n<p>\u00a7 89.<\/p>\n\n\n\n<ol class=\"wp-block-list\">\n<li>Rodzice maj\u0105 prawo do:<\/li>\n\n\n\n<li>wnioskowania o spe\u0142nianie obowi\u0105zku rocznego przygotowania poza oddzia\u0142em przedszkolnym;<\/li>\n\n\n\n<li>znajomo\u015bci zada\u0144 wynikaj\u0105cych z programu wychowania przedszkolnego realizowanego w danym oddziale, z kt\u00f3rym zapoznawani s\u0105 podczas pierwszego zebrania dla rodzic\u00f3w, organizowanego w danym roku szkolnym;<\/li>\n\n\n\n<li>znajomo\u015bci tre\u015bci plan\u00f3w miesi\u0119cznych w oddziale przedszkolnym, z kt\u00f3rym zapoznawani s\u0105 w trakcie zebra\u0144 z rodzicami i na bie\u017c\u0105co poprzez informacje zamieszczane na tablicy oddzia\u0142u przedszkolnego, prowadzonej przez nauczyciela;<\/li>\n\n\n\n<li>rzetelnej informacji na temat swojego dziecka, jego zachowania i rozwoju poprzez:<\/li>\n<\/ol>\n\n\n\n<p>a) uzyskiwanie od nauczyciela bezpo\u015bredniej informacji na temat post\u0119p\u00f3w edukacyjnych dziecka, jego sukces\u00f3w i trudno\u015bci oraz zachowaniu;<\/p>\n\n\n\n<p>b) obserwowanie w\u0142asnego dziecka na tle grupy w trakcie zabaw, zaj\u0119\u0107, uroczysto\u015bci i imprez w oddziale oraz podczas wyj\u015b\u0107 i wycieczek;<\/p>\n\n\n\n<p>c)&nbsp; zaznajomienie z wynikami indywidualnej obserwacji dziecka;<\/p>\n\n\n\n<p>d)&nbsp; udost\u0119pniania kart pracy dziecka i wytwor\u00f3w plastycznych;<\/p>\n\n\n\n<p>e) do przekazania organom szko\u0142y, organowi prowadz\u0105cemu lub organowi sprawuj\u0105cemu nadz\u00f3r pedagogiczny wniosk\u00f3w i opinii dotycz\u0105cych pracy oddzia\u0142u i szko\u0142y;<\/p>\n\n\n\n<p>f) wychodzenia z inicjatyw\u0105 udzielenia pomocy psychologiczno-pedagogicznej ich dziecku;<\/p>\n\n\n\n<p>g) informacji i formach, sposobach i okresie udzielania pomocy pedagogicznej oraz o wymiarze godzin, w kt\u00f3rych poszczeg\u00f3lne formy pomocy b\u0119d\u0105 realizowane;<\/p>\n\n\n\n<ul class=\"wp-block-list\">\n<li>wyst\u0105pienia do dyrektora szko\u0142y z wnioskiem o zmniejszenie tygodniowego wymiaru godzin zaj\u0119\u0107 indywidualnego obowi\u0105zkowego rocznego przygotowania przedszkolnego, w przypadkach uzasadnionych stanem zdrowia dziecka;<\/li>\n\n\n\n<li>wyst\u0105pienia do dyrektora szko\u0142y o zaprzestanie organizacji indywidualnego obowi\u0105zkowego rocznego przygotowania przedszkolnego \u2013 na podstawie za\u015bwiadczenia lekarskiego stwierdzaj\u0105cego, \u017ce stan zdrowia dziecka umo\u017cliwia mu ucz\u0119szczanie do oddzia\u0142u przedszkolnego.<\/li>\n<\/ul>\n\n\n\n<p>\u00a7 90.<\/p>\n\n\n\n<ol class=\"wp-block-list\">\n<li>Rodzice dzieci s\u0105 zobowi\u0105zani do:<\/li>\n\n\n\n<li>zg\u0142oszenia dziecka 6-letniego do oddzia\u0142u przedszkolnego w zwi\u0105zku z realizacj\u0105 obowi\u0105zkowego rocznego przygotowania przedszkolnego;<\/li>\n\n\n\n<li>zapewnienia regularnego ucz\u0119szczania dziecka na zaj\u0119cia;<\/li>\n\n\n\n<li>zapewnienia dziecku warunk\u00f3w nauki okre\u015blonych w zezwoleniu, w przypadku dziecka realizuj\u0105cego obowi\u0105zkowe roczne przygotowanie przedszkolne poza oddzia\u0142em przedszkolnym;<\/li>\n\n\n\n<li>zapewnienia bezpiecze\u0144stwa dziecku w drodze do oddzia\u0142u przedszkolnego oraz w\u00a0drodze powrotnej;<\/li>\n\n\n\n<li>udzielania pe\u0142nej informacji o sytuacji zdrowotnej dziecka, maj\u0105cej wp\u0142yw na jego bezpiecze\u0144stwo i prawid\u0142owe funkcjonowanie w grupie;<\/li>\n\n\n\n<li>regularnego kontaktowania si\u0119 z wychowawc\u0105 w celu wspierania wszechstronnego rozwoju dziecka i ujednolicenia oddzia\u0142ywa\u0144 wychowawczych;<\/li>\n\n\n\n<li>udzia\u0142u w spotkaniach zespo\u0142owych rodzic\u00f3w oddzia\u0142u, zgodnie z ustalonym harmonogramem spotka\u0144;<\/li>\n\n\n\n<li>odbierania dziecka w godzinach pracy oddzia\u0142u przedszkolnego;<\/li>\n\n\n\n<li>wsp\u00f3\u0142pracy z piel\u0119gniark\u0105 \u015brodowiska w miejscu nauczania i wychowania w zakresie troski o zdrowie dziecka;<\/li>\n\n\n\n<li>kontaktowania si\u0119 z poradniami psychologiczno-pedagogicznymi i poradniami specjalistycznymi \u015bwiadcz\u0105cymi pomoc dziecku i rodzinie.<\/li>\n<\/ol>\n\n\n\n<p>\u00a7 91.<\/p>\n\n\n\n<ol class=\"wp-block-list\">\n<li>Dziecko do oddzia\u0142u przedszkolnego przyprowadzaj\u0105 rodzice lub osoby przez nich upowa\u017cnione.<\/li>\n\n\n\n<li>Po wej\u015bciu na teren szko\u0142y rodzice lub upowa\u017cnione przez nich osoby schodz\u0105 do szatni, gdzie przygotowuj\u0105 dziecko do pozostania w oddziale, po czym odprowadzaj\u0105 dziecko do sali oddzia\u0142u i przekazuj\u0105 je pod opiek\u0119 nauczyciela oddzia\u0142u.<\/li>\n\n\n\n<li>Odbioru dziecka z oddzia\u0142u dokonuj\u0105 rodzice lub upowa\u017cnione przez nich osoby, upowa\u017cnione do tej czynno\u015bci na pi\u015bmie przez rodzic\u00f3w dziecka.<\/li>\n\n\n\n<li>Upowa\u017cnienie, o kt\u00f3rym mowa w ust.3, jest skuteczne przez ca\u0142y okres ucz\u0119szczania dziecka do oddzia\u0142u przedszkolnego lub jednorazowo. Mo\u017ce by\u0107 zmieniane lub anulowane.<\/li>\n\n\n\n<li>W upowa\u017cnieniu wskazuje si\u0119 dane osoby, w tym w szczeg\u00f3lno\u015bci: imi\u0119 i nazwisko, rodzaj i numer dokumentu potwierdzaj\u0105cego to\u017csamo\u015b\u0107 tej osoby. Orygina\u0142 pe\u0142nomocnictwa pozostawia si\u0119 w oddziale przedszkolnym.<\/li>\n\n\n\n<li>Wydanie dziecka nast\u0119puje po okazaniu przez osob\u0119 upowa\u017cnion\u0105 dokumentu potwierdzaj\u0105cego to\u017csamo\u015b\u0107, wskazanego w tre\u015bci pe\u0142nomocnictwa.<\/li>\n\n\n\n<li>Szko\u0142a mo\u017ce odm\u00f3wi\u0107 wydania dziecka w przypadku, gdy stan psychofizyczny osoby zamierzaj\u0105cej jej odebra\u0107 b\u0119dzie wskazywa\u0142, \u017ce nie jest ona w stanie zapewni\u0107 dziecku bezpiecze\u0144stwo (np. upojenie alkoholowe).<\/li>\n\n\n\n<li>W przypadku ka\u017cdej odmowy wydania dziecka powiadamia si\u0119 niezw\u0142ocznie dyrektora szko\u0142y lub jego zast\u0119pc\u0119. W takiej sytuacji szko\u0142a zobowi\u0105zana jest do podj\u0119cia wszelkich dost\u0119pnych czynno\u015bci w celu nawi\u0105zania kontaktu z rodzicami.<\/li>\n\n\n\n<li>W przypadku, gdy dziecko nie zostanie odebrane po up\u0142ywie czasu pracy oddzia\u0142u przedszkolnego, nauczyciel zobowi\u0105zany jest powiadomi\u0107 telefonicznie rodzic\u00f3w o\u00a0zaistnia\u0142ym fakcie. W sytuacji, gdy pod wskazanymi numerami telefon\u00f3w nie mo\u017cna nawi\u0105za\u0107 kontaktu z rodzicami, nauczyciel oczekuje z dzieckiem w szkole 0,5 godziny.<\/li>\n\n\n\n<li>Po up\u0142ywie czasu wskazanego w ust.9, powiadamia si\u0119 Policj\u0119 o niemo\u017cno\u015bci skontaktowania si\u0119 z rodzicami.<\/li>\n\n\n\n<li>\u017byczenie rodzica dotycz\u0105ce niewydawania dziecka drugiemu z rodzic\u00f3w musi by\u0107 po\u015bwiadczone przez prawomocne orzeczenie s\u0105dowe, kt\u00f3re udost\u0119pnia si\u0119 wychowawcy oddzia\u0142u przedszkolnego.<\/li>\n<\/ol>\n\n\n\n<p>Rozdzia\u0142 11.<br>Ceremonia\u0142 szkolny<\/p>\n\n\n\n<p>\u00a7 92.<a><\/a><a><\/a><\/p>\n\n\n\n<ol class=\"wp-block-list\">\n<li>Szko\u0142a posiada sztandar oraz ceremonia\u0142 szkolny, wg kt\u00f3rego odbywaj\u0105 si\u0119 uroczysto\u015bci:<\/li>\n\n\n\n<li>uroczyste rozpocz\u0119cie roku szkolnego;<\/li>\n\n\n\n<li>\u015blubowanie uczni\u00f3w klas pierwszych;<\/li>\n\n\n\n<li>uroczyste obchody \u015bwi\u0119ta patrona szko\u0142y;<\/li>\n\n\n\n<li>uroczyste \u015awi\u0119to Uchwalenia Konstytucji 3 Maja i Narodowe \u015awi\u0119to Niepodleg\u0142o\u015bci;<\/li>\n\n\n\n<li>po\u017cegnanie absolwent\u00f3w<\/li>\n\n\n\n<li>uroczyste zako\u0144czenie roku szkolnego<\/li>\n\n\n\n<li>Sztandarem opiekuje si\u0119 poczet sztandarowy pod kierunkiem wyznaczonych przez dyrektora szko\u0142y nauczycieli. Poczet powo\u0142ywany jest corocznie. Sk\u0142ada si\u0119 z dw\u00f3ch trzyosobowych sk\u0142ad\u00f3w;<\/li>\n\n\n\n<li>Uczestnictwo w poczcie sztandarowym to najbardziej honorowa funkcja uczniowska\u00a0w szkole.<\/li>\n\n\n\n<li>Sk\u0142ad osobowy pocztu sztandarowego stanowi chor\u0105\u017cy (sztandarowy) &#8211; jeden<br>ucze\u0144 oraz asysta &#8211; dwie uczennice<\/li>\n\n\n\n<li>Kadencja pocztu trwa jeden rok (pocz\u0105wszy od przekazania w dniu uroczystego zako\u0144czenia roku szkolnego);<\/li>\n\n\n\n<li>Poczet sztandarowy zawsze wyst\u0119puje w strojach galowych ze swymi insygniami. W trakcie uroczysto\u015bci na wolnym powietrzu poczet mo\u017ce nosi\u0107 okrycia wierzchnie;<\/li>\n\n\n\n<li>Insygniami pocztu sztandarowego s\u0105 bia\u0142o-czerwone szarfy biegn\u0105ce z prawego ramienia do lewego boku i bia\u0142e r\u0119kawiczki;<\/li>\n\n\n\n<li>Sztandar uczestniczy w uroczysto\u015bciach szkolnych oraz poza szko\u0142\u0105 na zaproszenie innych szk\u00f3\u0142 i instytucji lub organizacji;<\/li>\n\n\n\n<li>Podczas uroczysto\u015bci \u017ca\u0142obnych sztandar ozdabia czarna wst\u0119ga uwi\u0105zana pod g\u0142owic\u0105 (or\u0142em);<\/li>\n\n\n\n<li>Sztandarowi oddaje si\u0119 szacunek. Podczas wprowadzania i wyprowadzania sztandaru wszyscy uczestnicy uroczysto\u015bci stoj\u0105 w pozycji \u201eBaczno\u015b\u0107\u201d . Odpowiednie komendy podaje osoba prowadz\u0105ca uroczysto\u015b\u0107;<\/li>\n\n\n\n<li>Oddawanie honor\u00f3w sztandarem odbywa si\u0119 poprzez pochylenie go przez chor\u0105\u017cego.<\/li>\n\n\n\n<li>Sztandar oddaje honory:<\/li>\n\n\n\n<li>na komend\u0119 \u201edo hymnu\u201d,<\/li>\n\n\n\n<li>w czasie wykonywania \u201eRoty\u201d,<\/li>\n\n\n\n<li>w trakcie \u015blubowania uczni\u00f3w klas pierwszych,<\/li>\n\n\n\n<li>podczas opuszczenia trumny do grobu,<\/li>\n\n\n\n<li>w trakcie minuty ciszy dla uczczenia pami\u0119ci,<\/li>\n\n\n\n<li>podczas sk\u0142adania wie\u0144c\u00f3w, kwiat\u00f3w i zniczy przez delegacj\u0119 szko\u0142y,<\/li>\n\n\n\n<li>w trakcie uroczysto\u015bci ko\u015bcielnych.<\/li>\n<\/ol>\n\n\n\n<p>\u00a7 93.<\/p>\n\n\n\n<ol class=\"wp-block-list\">\n<li>Szko\u0142a posiada logo. Umieszczane jest na stronach tytu\u0142owych najwa\u017cniejszych dokument\u00f3w szkolnych, teczkach, dyplomach ,zaproszeniach, \u017cyczeniach itp.<\/li>\n<\/ol>\n\n\n\n<p>Rozdzia\u0142 12.<br>Postanowienia ko\u0144cowe<\/p>\n\n\n\n<p>\u00a7 94.<\/p>\n\n\n\n<ol class=\"wp-block-list\">\n<li>Szko\u0142a u\u017cywa piecz\u0119ci urz\u0119dowych o tre\u015bci:<\/li>\n<\/ol>\n\n\n\n<p>Szko\u0142a Podstawowa nr 2<\/p>\n\n\n\n<p>im. Tadeusz Ko\u015bciuszki<\/p>\n\n\n\n<p>z oddzia\u0142ami integracyjnymi<\/p>\n\n\n\n<p>w Zelowie<\/p>\n\n\n\n<p>97-425 Zel\u00f3w, ul. Ko\u015bciuszki 40\/42<\/p>\n\n\n\n<p>Tel. 0446341062<\/p>\n\n\n\n<p>NIP&nbsp; 769 19 18&nbsp;080 REGON 000816405<\/p>\n\n\n\n<ul class=\"wp-block-list\">\n<li>Szko\u0142a jest jednostk\u0105 bud\u017cetow\u0105 korzystaj\u0105c\u0105 z ze scentralizowanej obs\u0142ugi finansowo &#8211;<\/li>\n<\/ul>\n\n\n\n<p>&nbsp;ksi\u0119gowej:<\/p>\n\n\n\n<ol class=\"wp-block-list\">\n<li>obs\u0142ug\u0119 finansowo &#8211; ksi\u0119gow\u0105 szko\u0142y wykonuje Referat O\u015bwiaty, Kultury, Sportu i\u00a0Zdrowia Urz\u0119du Miejskiego w Zelowie,<\/li>\n\n\n\n<li>zasady prowadzenia przez szko\u0142\u0119 gospodarki finansowej okre\u015blaj\u0105 odr\u0119bne przepisy.<\/li>\n\n\n\n<li>Szko\u0142a prowadzi i przechowuje dokumentacj\u0119 przebiegu nauczania zgodnie z odr\u0119bnymi przepisami<\/li>\n<\/ol>\n\n\n\n<p>\u00a7 95.<\/p>\n\n\n\n<ol class=\"wp-block-list\">\n<li>Rada pedagogiczna przygotowuje projekt zmian statutu szko\u0142y i\u00a0uchwala jego zmiany lub uchwala statut.<\/li>\n\n\n\n<li>Wniosek o zmian\u0119 statutu mo\u017ce wnie\u015b\u0107 dyrektor oraz ka\u017cdy kolegialny organ szko\u0142y, a tak\u017ce organ nadzoru pedagogicznego i organ prowadz\u0105cy.<\/li>\n\n\n\n<li>Dyrektor szko\u0142y, po nowelizacji statutu, opracowuje tekst ujednolicony statutu.<\/li>\n\n\n\n<li>Dyrektor szko\u0142y, po przygotowaniu tekstu ujednoliconego statutu, jest odpowiedzialny za jego upublicznienie spo\u0142eczno\u015bci szkolnej.<\/li>\n<\/ol>\n\n\n\n<p>\u00a7 96.<\/p>\n\n\n\n<ol class=\"wp-block-list\">\n<li>Statut w chodzi w \u017cycie z dniem podj\u0119cia uchwa\u0142y<\/li>\n<\/ol>\n\n\n\n<p>Statut do pobrania pod tym linkiem: <a href=\"https:\/\/docs.google.com\/document\/d\/1BlNWDDrsQjv5oZm8VyLrKlUpFzzdmYGX\/export?format=pdf\">https:\/\/docs.google.com\/document\/d\/1BlNWDDrsQjv5oZm8VyLrKlUpFzzdmYGX\/export?format=pdf<\/a> <\/p>\n","protected":false},"excerpt":{"rendered":"<p>Piecz\u0105tka szko\u0142y Za\u0142\u0105cznik&nbsp; do uchwa\u0142y nr 1\/2025\/2026Rady Pedagogicznejz dnia 01.09.2025 Statut Szko\u0142y Podstawowej nr 2 im. Tadeusza &nbsp;Ko\u015bciuszki z oddzia\u0142ami<\/p>\n","protected":false},"author":1,"featured_media":0,"parent":0,"menu_order":0,"comment_status":"closed","ping_status":"closed","template":"","meta":{"colormag_page_container_layout":"default_layout","colormag_page_sidebar_layout":"default_layout","footnotes":""},"class_list":["post-1993","page","type-page","status-publish","hentry"],"_links":{"self":[{"href":"https:\/\/sp2zelow.pl\/index.php?rest_route=\/wp\/v2\/pages\/1993","targetHints":{"allow":["GET"]}}],"collection":[{"href":"https:\/\/sp2zelow.pl\/index.php?rest_route=\/wp\/v2\/pages"}],"about":[{"href":"https:\/\/sp2zelow.pl\/index.php?rest_route=\/wp\/v2\/types\/page"}],"author":[{"embeddable":true,"href":"https:\/\/sp2zelow.pl\/index.php?rest_route=\/wp\/v2\/users\/1"}],"replies":[{"embeddable":true,"href":"https:\/\/sp2zelow.pl\/index.php?rest_route=%2Fwp%2Fv2%2Fcomments&post=1993"}],"version-history":[{"count":12,"href":"https:\/\/sp2zelow.pl\/index.php?rest_route=\/wp\/v2\/pages\/1993\/revisions"}],"predecessor-version":[{"id":2684,"href":"https:\/\/sp2zelow.pl\/index.php?rest_route=\/wp\/v2\/pages\/1993\/revisions\/2684"}],"wp:attachment":[{"href":"https:\/\/sp2zelow.pl\/index.php?rest_route=%2Fwp%2Fv2%2Fmedia&parent=1993"}],"curies":[{"name":"wp","href":"https:\/\/api.w.org\/{rel}","templated":true}]}}